{"id":1664,"date":"2026-02-20T17:42:17","date_gmt":"2026-02-20T16:42:17","guid":{"rendered":"https:\/\/semaine-federale.ffvelo.fr\/2026\/?page_id=1664"},"modified":"2026-02-20T17:42:29","modified_gmt":"2026-02-20T16:42:29","slug":"excursions","status":"publish","type":"page","link":"https:\/\/semaine-federale.ffvelo.fr\/2026\/le-programme\/excursions\/","title":{"rendered":"Excursions"},"content":{"rendered":"\n<div class=\"wp-block-cover alignfull is-light wp-elements-f3751fa44c706f72a96a23334ef3108f\" style=\"margin-bottom:var(--wp--preset--spacing--50);padding-top:var(--wp--preset--spacing--70);padding-bottom:var(--wp--preset--spacing--70)\"><img loading=\"lazy\" decoding=\"async\" width=\"1024\" height=\"656\" class=\"wp-block-cover__image-background wp-image-228 size-large\" alt=\"\" src=\"https:\/\/semaine-federale.ffvelo.fr\/2026\/wp-content\/uploads\/sites\/3\/2025\/11\/REFUGE-DE-L-ARCHE-LIONS-CP-RA-2024-3-1024x656.jpg\" style=\"object-position:52% 39%\" data-object-fit=\"cover\" data-object-position=\"52% 39%\" srcset=\"https:\/\/semaine-federale.ffvelo.fr\/2026\/wp-content\/uploads\/sites\/3\/2025\/11\/REFUGE-DE-L-ARCHE-LIONS-CP-RA-2024-3-1024x656.jpg 1024w, https:\/\/semaine-federale.ffvelo.fr\/2026\/wp-content\/uploads\/sites\/3\/2025\/11\/REFUGE-DE-L-ARCHE-LIONS-CP-RA-2024-3-300x192.jpg 300w, https:\/\/semaine-federale.ffvelo.fr\/2026\/wp-content\/uploads\/sites\/3\/2025\/11\/REFUGE-DE-L-ARCHE-LIONS-CP-RA-2024-3-768x492.jpg 768w, https:\/\/semaine-federale.ffvelo.fr\/2026\/wp-content\/uploads\/sites\/3\/2025\/11\/REFUGE-DE-L-ARCHE-LIONS-CP-RA-2024-3-1536x984.jpg 1536w, https:\/\/semaine-federale.ffvelo.fr\/2026\/wp-content\/uploads\/sites\/3\/2025\/11\/REFUGE-DE-L-ARCHE-LIONS-CP-RA-2024-3-2048x1312.jpg 2048w\" sizes=\"auto, (max-width: 1024px) 100vw, 1024px\" \/><span aria-hidden=\"true\" class=\"wp-block-cover__background has-beige-background-color has-background-dim-60 has-background-dim\"><\/span><div class=\"wp-block-cover__inner-container has-global-padding is-layout-constrained wp-block-cover-is-layout-constrained\">\n<div class=\"wp-block-group has-global-padding is-content-justification-left is-layout-constrained wp-container-core-group-is-layout-12dd3699 wp-block-group-is-layout-constrained\"><h1 class=\"has-text-align-center wp-block-post-title\">Excursions<\/h1><\/div>\n<\/div><\/div>\n\n\n\n<p>Excursions \u00e0 la \u00bd journ\u00e9e ou \u00e0 la journ\u00e9e.<br><strong>Rendez-vous au Village F\u00e9d\u00e9ral <\/strong>&#8211; Espace Saint-Fiacre : 8h45 pour les excursions \u00e0 la journ\u00e9e- Horaire sp\u00e9cifique pour les \u00bd journ\u00e9es.<br>Nombre de personnes <strong>limit\u00e9 <\/strong>par jour. Repas tir\u00e9 du sac.<\/p>\n\n\n\n<h3 class=\"wp-block-heading has-text-align-center has-yellow-background-color has-background\">Demi-journ\u00e9es<\/h3>\n\n\n\n<p class=\"has-green-color has-text-color has-link-color wp-elements-b6fb2f27b07c7896af71b102c11d1b2c\"><strong>Dimanche 2 ao\u00fbt &#8211; 10h et 15h &#8211; 15\u20ac &#8211; 35 places et 45 places<\/strong><\/p>\n\n\n\n<p style=\"margin-top:var(--wp--preset--spacing--10);margin-bottom:var(--wp--preset--spacing--10)\">Visite de la <strong>Ville historique de Ch\u00e2teau-Gontier<\/strong> en petit train touristique :\u00a0Rues m\u00e9di\u00e9vales et places modernes, l\u2019\u00e9glise romane, les maisons \u00e0<br>colombage et h\u00f4tels particuliers du XVIIe et XVIIIe si\u00e8cle, le Cloitre des Ursulines.<\/p>\n\n\n\n<p class=\"has-green-color has-text-color has-link-color wp-elements-e743e740bcaa0da0b54e12af110893a8\"><strong>Lundi 3 ao\u00fbt &#8211; 10h &#8211; 15\u20ac<\/strong><\/p>\n\n\n\n<p style=\"margin-top:var(--wp--preset--spacing--10);margin-bottom:var(--wp--preset--spacing--10)\">Visite libre du <strong>Refuge de l\u2019Arche<\/strong> avec accueil personnalis\u00e9. Un lieu unique avec pour mission le sauvetage et l\u2019accueil d\u2019animaux sauvages exotiques ab\u00eem\u00e9s par la vie, ce sont 1500 animaux \u00e0 d\u00e9couvrir sur un site de 22ha.<\/p>\n\n\n\n<p class=\"has-green-color has-text-color has-link-color wp-elements-f6d85a5814780d11de248fb1bc62f94c\" style=\"margin-top:var(--wp--preset--spacing--10);margin-bottom:var(--wp--preset--spacing--10)\"><strong>Lundi 3 ao\u00fbt &#8211; 18h &#8211; 15\u20ac &#8211; 24 places<\/strong><\/p>\n\n\n\n<p style=\"margin-top:var(--wp--preset--spacing--10);margin-bottom:var(--wp--preset--spacing--10)\">Visite guid\u00e9e de la <strong>Brasserie Mont Hardi<\/strong>. Brasserie 100% mayennaise, Mont Hardi respecte les traditions mais ose<br>toutes les audaces brassicoles.<\/p>\n\n\n\n<p class=\"has-green-color has-text-color has-link-color wp-elements-5f1009785b6b4fac83deeaea1db2c324\"><strong>Mardi 4 ao\u00fbt &#8211; 10h &#8211; 15\u20ac &#8211; 49 places<\/strong><\/p>\n\n\n\n<p style=\"margin-top:var(--wp--preset--spacing--10);margin-bottom:var(--wp--preset--spacing--10)\">Visite en car \u00e0 la d\u00e9couverte des activit\u00e9s et infrastructures culturelles, sportives et \u00e9conomiques du territoire.<\/p>\n\n\n\n<p class=\"has-green-color has-text-color has-link-color wp-elements-499c8371af4dd401bff23a8d3305ae1e\" style=\"margin-top:var(--wp--preset--spacing--10);margin-bottom:var(--wp--preset--spacing--10)\"><strong>Mardi 4 ao\u00fbt &#8211; 15h<\/strong>\u20ac<strong> &#8211; 15\u20ac &#8211; 59 places<\/strong><\/p>\n\n\n\n<p style=\"margin-top:var(--wp--preset--spacing--10);margin-bottom:var(--wp--preset--spacing--10)\">Croisi\u00e8re touristique sur <strong>le bateau des D\u00fbcs des Chauvi\u00e8res<\/strong> (Dur\u00e9e: 1h30).<\/p>\n\n\n\n<p class=\"has-green-color has-text-color has-link-color wp-elements-45d7434bb8ac9bd4767e4f42344f0414\" style=\"margin-top:var(--wp--preset--spacing--10);margin-bottom:var(--wp--preset--spacing--10)\"><strong>Mardi 4 ao\u00fbt &#8211; 18h &#8211; 15\u20ac &#8211; 24 places<\/strong><\/p>\n\n\n\n<p style=\"margin-top:var(--wp--preset--spacing--10);margin-bottom:var(--wp--preset--spacing--10)\">Visite guid\u00e9e de la <strong>Brasserie Mont Hardi<\/strong> (limit\u00e9 \u00e0 25 personnes). Brasserie 100% mayennaise, Mont Hardi respecte les traditions mais ose<br>toutes les audaces brassicoles.<\/p>\n\n\n\n<p class=\"has-green-color has-text-color has-link-color wp-elements-5b327aa6d8f325ec039ee856d1a07bbc\"><strong>Mercredi 5 ao\u00fbt &#8211; 10h &#8211; 15\u20ac &#8211; 36 places<\/strong><\/p>\n\n\n\n<p style=\"margin-top:var(--wp--preset--spacing--10);margin-bottom:var(--wp--preset--spacing--10)\">Visite guid\u00e9e de <strong>la Petite Cit\u00e9 de Caract\u00e8re de Saint Denis d\u2019Anjou<\/strong>. Un des plus beaux d\u00e9cors m\u00e9di\u00e9vaux de l\u2019Ouest de la France. Une maison canoniale, des halles dat\u00e9es de 1509, l\u2019\u00e9tang de la Morini\u00e8re, paradis des ornithologues.<\/p>\n\n\n\n<p class=\"has-green-color has-text-color has-link-color wp-elements-c2c1c6fad5ca4a4f518db1cf0d4e4693\" style=\"margin-top:var(--wp--preset--spacing--10);margin-bottom:var(--wp--preset--spacing--10)\"><strong>Mercredi 5 ao\u00fbt &#8211; 15h &#8211; 15\u20ac &#8211; 50 places<\/strong><\/p>\n\n\n\n<p style=\"margin-top:var(--wp--preset--spacing--10);margin-bottom:var(--wp--preset--spacing--10)\">Visite guid\u00e9e de<strong> la Coutellerie du Haut Anjou<\/strong> \u2013 Village de St Sulpice. Du couteau pliant aux couteaux de cuisine en passant par le couteau de table : Un savoir-faire \u00e0 ne pas manquer !<\/p>\n\n\n\n<p class=\"has-green-color has-text-color has-link-color wp-elements-c4161bba0f1d62c3c804e57e28f021fc\"><strong>Jeudi 6 ao\u00fbt &#8211; Gratuit<\/strong><\/p>\n\n\n\n<ul style=\"margin-top:var(--wp--preset--spacing--10);margin-bottom:var(--wp--preset--spacing--10)\" class=\"wp-block-list\">\n<li>Balade au c\u0153ur du <strong>march\u00e9 de Ch\u00e2teau-Gontier sur Mayenne<\/strong> :\u00a0Producteurs et artisans locaux, plus de 80 exposants vous pr\u00e9sentent leurs produits (gastronomie, artisanat, articles vestimentaires, ou encore animaux vivants\u2026). \u00a0<\/li>\n\n\n\n<li>D\u00e9couverte du <strong>parcours \u00ab Gontierama \u00bb<\/strong> des \u0153uvres dans la ville : Le Pays de Ch\u00e2teau-Gontier, aux c\u00f4t\u00e9s du Carr\u00e9, Centre d\u2019art contemporain d\u2019int\u00e9r\u00eat national, vous pr\u00e9sente un parcours qui s&rsquo;\u00e9crit \u00e0 partir de la topographie de Ch\u00e2teau-Gontier sur Mayenne.<\/li>\n<\/ul>\n\n\n\n<p class=\"has-green-color has-text-color has-link-color wp-elements-c7d1b1aa80b7a8504c4e2f6554c52b87\"><strong>Vendredi 7 ao\u00fbt &#8211; 10h &#8211; 15\u20ac &#8211; 33 places<\/strong><\/p>\n\n\n\n<p style=\"margin-top:var(--wp--preset--spacing--10);margin-bottom:var(--wp--preset--spacing--10)\">Visite guid\u00e9e de la chocolaterie <strong>REAUTE CHOCOLATS<\/strong>. Plongez avec d\u00e9lice dans cette visite au c\u0153ur de l\u2019atelier de fabrication. Le petit plus de la visite : une d\u00e9gustation gratuite !<\/p>\n\n\n\n<p class=\"has-green-color has-text-color has-link-color wp-elements-2f1f9033d0290e06972b5c4d7bb5debc\" style=\"margin-top:var(--wp--preset--spacing--10);margin-bottom:var(--wp--preset--spacing--10)\"><strong>Vendredi 7 ao\u00fbt &#8211; 15h &#8211; 15\u20ac &#8211; 51 places<\/strong><\/p>\n\n\n\n<p style=\"margin-top:var(--wp--preset--spacing--10);margin-bottom:var(--wp--preset--spacing--10)\">Visite guid\u00e9e du <strong>Couvent des Ursulines<\/strong>. Aujourd\u2019hui P\u00f4le Culturel du Pays de Ch\u00e2teau-Gontier. Fond\u00e9 en 1634 sur la base d\u2019un manoir seigneurial du XVe si\u00e8cle, il est compl\u00e9t\u00e9, \u00e0 partir de 1642. Le clo\u00eetre majestueux et l\u2019\u00e9glise de style j\u00e9suite fondent la r\u00e9putation architecturale du couvent.<\/p>\n\n\n\n<p class=\"has-green-color has-text-color has-link-color wp-elements-831f5e71e75276438579290539b54dd2\"><strong>Samedi 8 ao\u00fbt &#8211; 10h &#8211; 15\u20ac &#8211; 48 places<\/strong><\/p>\n\n\n\n<p style=\"margin-top:var(--wp--preset--spacing--10);margin-bottom:var(--wp--preset--spacing--10)\">Visite guid\u00e9e du <strong>Couvent des Ursulines<\/strong>\u00a0 Aujourd\u2019hui P\u00f4le Culturel du Pays de Ch\u00e2teau-Gontier. Fond\u00e9 en 1634 sur la base d\u2019un manoir seigneurial du XVe si\u00e8cle, il est compl\u00e9t\u00e9, \u00e0 partir de 1642. Le clo\u00eetre majestueux et l\u2019\u00e9glise de style j\u00e9suite fondent la r\u00e9putation architecturale du couvent.<\/p>\n\n\n\n<p class=\"has-green-color has-text-color has-link-color wp-elements-c637fbb0a5a23bd373bfa17987b592d8\" style=\"margin-top:var(--wp--preset--spacing--10);margin-bottom:var(--wp--preset--spacing--10)\"><strong>Samedi 8 ao\u00fbt &#8211; 15h &#8211; 15\u20ac &#8211; 51 places<\/strong><\/p>\n\n\n\n<p style=\"margin-top:var(--wp--preset--spacing--10);margin-bottom:var(--wp--preset--spacing--10)\">Visite de la <strong>Ville historique de Ch\u00e2teau-Gontier<\/strong> en petit train touristique. Rues m\u00e9di\u00e9vales et places modernes, l\u2019\u00e9glise romane, les maisons \u00e0 colombage et h\u00f4tels particuliers du XVIIe et XVIIIe si\u00e8cle, le Cloitre des Ursulines.<\/p>\n\n\n\n<div style=\"height:39px\" aria-hidden=\"true\" class=\"wp-block-spacer\"><\/div>\n\n\n\n<h3 class=\"wp-block-heading has-text-align-center has-yellow-background-color has-background\">Journ\u00e9es compl\u00e8tes<\/h3>\n\n\n\n<p class=\"has-green-color has-text-color has-link-color wp-elements-451fc549aabd80f600654767cc164e64\"><strong>Lundi 3 ao\u00fbt &#8211; Laval cit\u00e9 m\u00e9di\u00e9vale et Cit\u00e9 du Lait &#8211; 35\u20ac &#8211; 29 places<\/strong><\/p>\n\n\n\n<ul style=\"margin-top:var(--wp--preset--spacing--10);margin-bottom:var(--wp--preset--spacing--10)\" class=\"wp-block-list\">\n<li style=\"margin-top:var(--wp--preset--spacing--10);margin-bottom:var(--wp--preset--spacing--10)\">MATIN : <strong>Visite guid\u00e9e de la Cit\u00e9 M\u00e9di\u00e9vale de LAVAL<\/strong> &#8211; Au Moyen-\u00c2ge, Laval vivait intra-muros, blottie autour de son ch\u00e2teau et prot\u00e9g\u00e9e par une ceinture de remparts. Nous vous proposons de p\u00e9n\u00e9trer dans le centre historique et de suivre les empreintes des Seigneurs de Laval.<\/li>\n\n\n\n<li>APRES-MIDI : <strong>D\u00e9couverte de la Cit\u00e9 du Lait<\/strong> &#8211; Dans ce mus\u00e9e, le lait est pr\u00e9sent\u00e9 dans ses dimensions culturelle, patrimoniale, industrielle et gastronomique. Vous d\u00e9couvrirez l\u2019ancienne laiterie de Laval fond\u00e9e en 1933 par Andr\u00e9 Besnier, \u00e0 l\u2019origine du Groupe Lactalis, num\u00e9ro un mondial des produits laitiers.<\/li>\n<\/ul>\n\n\n\n<p class=\"has-green-color has-text-color has-link-color wp-elements-377ab924c6aa11dcdcbd616ef96dda85\" style=\"margin-top:var(--wp--preset--spacing--10);margin-bottom:var(--wp--preset--spacing--10)\"><strong>Lundi 3 ao\u00fbt &#8211; Savoir faire au fil de l&rsquo;eau en Anjou &#8211; 35\u20ac &#8211; 54 places<\/strong><\/p>\n\n\n\n<ul style=\"margin-top:var(--wp--preset--spacing--10);margin-bottom:var(--wp--preset--spacing--10)\" class=\"wp-block-list\">\n<li>MATIN : Visite guid\u00e9e de <strong>la Maison de la rivi\u00e8re<\/strong> \u00e0 Ch\u00e2teauneuf sur Sarthe \u2013 d\u00e9couvrez l&rsquo;histoire de la batellerie et de la navigation du bassin de la Maine, depuis les anciennes gabares jusqu&rsquo;aux chalands modernes.<\/li>\n\n\n\n<li>APRES-MIDI : Visite de <strong>l\u2019asinerie de la Rivi\u00e8re<\/strong> : Lydie et St\u00e9phane Fillodeau vous proposent de d\u00e9couvrir leur \u00e9levage de Baudets du Poitou : d\u00e9monstration de traite d\u2019\u00e2nesses, pr\u00e9sentation de produits cosm\u00e9tiques \u00e0 base de lait d\u2019\u00e2nesse, bijoux et articles en feutrine.<\/li>\n<\/ul>\n\n\n\n<p class=\"has-green-color has-text-color has-link-color wp-elements-bd9bb045d8fb075314b24323773c4208\"><strong>Mardi 4 ao\u00fbt &#8211; \u00c0 la d\u00e9couverte de l&rsquo;Anjou<\/strong> <strong>&#8211; 35\u20ac &#8211; 30 places<\/strong><\/p>\n\n\n\n<ul style=\"margin-top:var(--wp--preset--spacing--10);margin-bottom:var(--wp--preset--spacing--10)\" class=\"wp-block-list\">\n<li>MATIN : visite de <strong>la Mine Bleue \u00e0 Noyant la Gravoy\u00e8re<\/strong> &#8211; Site unique en Europe, la Mine Bleue vous propose une aventure insolite \u00e0 126 m\u00e8tres sous terre. En plein c\u0153ur de l\u2019ancien site minier, visite guid\u00e9e dans les galeries et chambres d\u2019extraction de l\u2019ardoise.<\/li>\n\n\n\n<li>APRES-MIDI : Visite du <strong>Ch\u00e2teau de la Lorie \u00e0 Segr\u00e9 en Anjou Bleu <\/strong>&#8211; \u00c9difi\u00e9 en 1632 \u00e0 la demande du grand pr\u00e9v\u00f4t d\u2019Anjou, il n\u2019a cess\u00e9 d\u2019\u00eatre agrandi et embelli par ses propri\u00e9taires successifs. Les amoureux d\u2019architecture, de jardins ou encore de chevaux appr\u00e9cient ce ch\u00e2teau priv\u00e9 lumineux, o\u00f9 les int\u00e9rieurs et les ext\u00e9rieurs sont en dialogue permanent.<\/li>\n<\/ul>\n\n\n\n<p class=\"has-green-color has-text-color has-link-color wp-elements-a608b1f8da6e523f7d7d92a40d37e916\" style=\"margin-top:var(--wp--preset--spacing--10);margin-bottom:var(--wp--preset--spacing--10)\"><strong>Mardi 4 ao\u00fbt &#8211; Gourmandise et patrimoine en Vall\u00e9e de la Sarthe &#8211; 35\u20ac &#8211; 45 places<\/strong><\/p>\n\n\n\n<ul style=\"margin-top:var(--wp--preset--spacing--10);margin-bottom:var(--wp--preset--spacing--10)\" class=\"wp-block-list\">\n<li>MATIN : Visite de <strong>la biscuiterie la Sabl\u00e9sienn<\/strong>e et de son mus\u00e9e &#8211; D\u00e9couvrez les secrets de fabrication de ces biscuits traditionnels qui font la fiert\u00e9 de Sabl\u00e9-sur- Sarthe et de la r\u00e9gion, tout en profitant d\u2019une d\u00e9gustation gourmande. Puis direction Solesmes pour un pique-nique au c\u0153ur d\u2019un cadre naturel apaisant.<\/li>\n\n\n\n<li>APRES-MIDI : Visite d\u2019<strong>Asni\u00e8res-sur-V\u00e8gre<\/strong>, une Petite Cit\u00e9 de Caract\u00e8re \u00e0 l\u2019authenticit\u00e9 pr\u00e9serv\u00e9e. Ruelles pittoresques et ses tr\u00e9sors architecturaux, visite comment\u00e9e du Manoir de la Cour, un lieu embl\u00e9matique qui vous plongera dans le quotidien de la vie m\u00e9di\u00e9vale.<\/li>\n<\/ul>\n\n\n\n<p class=\"has-green-color has-text-color has-link-color wp-elements-b1b152f07082cf647d2e78befec38d0e\" style=\"margin-top:var(--wp--preset--spacing--10);margin-bottom:var(--wp--preset--spacing--10)\"><strong>Mardi 4 ao\u00fbt &#8211; Diner croisi\u00e8re sur le Duc des Chauvi\u00e8res (19h-22h) &#8211; 55\u20ac &#8211; 36 places<\/strong><\/p>\n\n\n\n<p style=\"margin-top:var(--wp--preset--spacing--10);margin-bottom:var(--wp--preset--spacing--10)\">Au d\u00e9part de Ch\u00e2teau-Gontier sur Mayenne, d\u00e9couvrez les tr\u00e9sors parfois insoup\u00e7onn\u00e9s de la rivi\u00e8re la Mayenne entre patrimoine b\u00e2ti, faune et flore et fonctionnement des \u00e9cluses\u2026 Une balade toute en douceur au fil de l\u2019eau !<\/p>\n\n\n\n<p class=\"has-green-color has-text-color has-link-color wp-elements-6220e4aab6e3d3ab4bfcd7b1061b6a56\"><strong>Mercredi 5 ao\u00fbt &#8211; Balade en Sarthe &#8211; 35\u20ac &#8211; 37 places<\/strong><\/p>\n\n\n\n<ul style=\"margin-top:var(--wp--preset--spacing--10);margin-bottom:var(--wp--preset--spacing--10)\" class=\"wp-block-list\">\n<li>MATIN : Visite guid\u00e9e de la Ville de <strong>Sabl\u00e9 sur Sarthe<\/strong> &#8211; Cit\u00e9 au riche patrimoine et ruelles pleines de charme.<\/li>\n\n\n\n<li>APRES-MIDI : Visite guid\u00e9e du <strong>Mus\u00e9e de la fa\u00efence<\/strong> de Malicorne-sur-Sarthe &#8211; visite guid\u00e9e du Mus\u00e9e de la Fa\u00efence, o\u00f9 un guide passionn\u00e9 vous d\u00e9voilera les techniques et l\u2019histoire de cet art d\u00e9licat, suivi d\u2019une d\u00e9monstration par un(e) c\u00e9ramiste.<\/li>\n<\/ul>\n\n\n\n<p class=\"has-green-color has-text-color has-link-color wp-elements-ed011cdbfcaf0d76132297ec3f704e69\" style=\"margin-top:var(--wp--preset--spacing--10);margin-bottom:var(--wp--preset--spacing--10)\"><strong>Mercredi 5 ao\u00fbt &#8211; Voyagez \u00e0 travers le temps &#8211; 35\u20ac &#8211; 48 places<\/strong><\/p>\n\n\n\n<ul style=\"margin-top:var(--wp--preset--spacing--10);margin-bottom:var(--wp--preset--spacing--10)\" class=\"wp-block-list\">\n<li>MATIN : Visite de la basilique <strong>Notre Dame de l\u2019Epine d\u2019Evron<\/strong> \u2013 Joyau architectural, l&rsquo;abbatiale d&rsquo;Evron offre aux visiteurs la possibilit\u00e9 de d\u00e9couvrir de nombreux chefs- d\u2019\u0153uvre : crypte, vo\u00fbte, peintures murales, chapelles, reliques, vitraux\u2026<\/li>\n\n\n\n<li>APRES-MIDI : Visite comment\u00e9e du village de <strong>M\u00e9zangers<\/strong> et tour du <strong>plan d&rsquo;eau du Gu\u00e9 de Selle<\/strong> : 30 hectares de sous-bois, en bordure d&rsquo;un \u00e9tang : Faites le tour de l&rsquo;\u00e9tang en suivant un parcours botanique et d\u00e9couvrez les diff\u00e9rentes esp\u00e8ces d&rsquo;arbres pr\u00e9sentes sur une distance de 3125 m\u00e8tres.<\/li>\n<\/ul>\n\n\n\n<p class=\"has-green-color has-text-color has-link-color wp-elements-ca7903e65c1da9dd6bb037c73940ec09\"><strong>Jeudi 6 ao\u00fbt &#8211; Terra Botanica &#8211; Angers &#8211; 10h\/16h &#8211; 35\u20ac &#8211; 103 places<\/strong><\/p>\n\n\n\n<p style=\"margin-top:var(--wp--preset--spacing--10);margin-bottom:var(--wp--preset--spacing--10)\">Visite de <strong>TERRA BOTANICA <\/strong>&#8211; Un havre pour se reconnecter \u00e0 la nature, la comprendre et donc mieux la d\u00e9fendre. Imaginez-vous au c\u0153ur d\u2019un immense jardin luxuriant o\u00f9 poussent plus de 500 000 v\u00e9g\u00e9taux. Une exp\u00e9rience unique.<\/p>\n\n\n\n<ul style=\"margin-top:var(--wp--preset--spacing--10);margin-bottom:var(--wp--preset--spacing--10)\" class=\"wp-block-list\"><\/ul>\n\n\n\n<p class=\"has-green-color has-text-color has-link-color wp-elements-41d91c02e57724e68ba6d72b2e767784\"><strong>Vendredi 7 ao\u00fbt &#8211; Le petit Versailles de la Mayenne et son \u00e9trange mus\u00e9e ! &#8211; 35\u20ac &#8211; 41 places<\/strong><\/p>\n\n\n\n<ul style=\"margin-top:var(--wp--preset--spacing--10);margin-bottom:var(--wp--preset--spacing--10)\" class=\"wp-block-list\">\n<li>MATIN : Visite du <strong>Ch\u00e2teau Craon<\/strong> et de son parc \u2013 Son architecture inspir\u00e9e par Versailles lui vaut le surnom de \u00ab\u00a0Petit Versailles de la Mayenne\u00a0\u00bb. En t\u00e9moignent \u00e9galement les meubles ayant appartenu \u00e0 Marie-Antoinette et les boiseries finement sculpt\u00e9es des salons. Le vaste parc et son jardin \u00e0 la fran\u00e7aise forment un \u00e9crin de verdure remarquable \u00e0 cet ensemble architectural.<\/li>\n\n\n\n<li>APRES-MIDI : Visite du <strong>Mus\u00e9e Robert Tatin<\/strong> \u00e0 Coss\u00e9 le Vivien : Entrez dans l&rsquo;univers unique d&rsquo;un artiste mayennais de renomm\u00e9e internationale ! Vous y d\u00e9couvrirez l&rsquo;\u0153uvre de Robert Tatin, venu s&rsquo;installer en 1962 dans ce petit bout de campagne. Fort de ses voyages, cet artiste, peintre et architecte a r\u00e9alis\u00e9 une \u0153uvre monumentale d&rsquo;exception.<\/li>\n<\/ul>\n\n\n\n<p class=\"has-green-color has-text-color has-link-color wp-elements-528e01b2523efe228965f702713b8daf\" style=\"margin-top:var(--wp--preset--spacing--10);margin-bottom:var(--wp--preset--spacing--10)\"><strong>Vendredi 7 ao\u00fbt &#8211; Bienvenue \u00e0 Fontaine Daniel et visite du Mus\u00e9e Arch\u00e9ologique de Jublains<\/strong> <strong>&#8211; 35\u20ac &#8211; 45 places<\/strong><\/p>\n\n\n\n<ul style=\"margin-top:var(--wp--preset--spacing--10);margin-bottom:var(--wp--preset--spacing--10)\" class=\"wp-block-list\">\n<li>MATIN : Visite du<strong> Mus\u00e9e arch\u00e9ologique de Jublains<\/strong> \u2013 Site arch\u00e9ologique exceptionnel, consid\u00e9r\u00e9 comme le plus grand et le meilleur t\u00e9moignage gallo-romain du Grand-Ouest. Pr\u00e9serv\u00e9s par le temps, les vestiges du sanctuaire monumental, des thermes, du th\u00e9\u00e2tre et du grand complexe fortifi\u00e9, en marge de la ville antique.<\/li>\n\n\n\n<li>APRES-MIDI : <strong>visite de Fontaine Daniel<\/strong>, petit village de caract\u00e8re \u2013 Un r\u00eave de village \u00e0 d\u00e9couvrir sans mod\u00e9ration avec sa placette ombrag\u00e9e de grands arbres, pour d\u00e9cor les hauts b\u00e2timents de l\u2019ancienne abbaye cistercienne devenue filature.<br><strong>Monast\u00e8re du Bois SALAIR<\/strong> : Les s\u0153urs vous ouvriront leurs portes pour vous faire d\u00e9couvrir leur lieu de vie : \u00e0 la d\u00e9couverte de l\u2019atelier des cierges et des bougies d\u00e9coratives, leur jardin des simples, et l\u2019utilisation des plantes.<\/li>\n<\/ul>\n\n\n\n<p class=\"has-green-color has-text-color has-link-color wp-elements-d4a0fbc19e9e3343da6df8a1440966f5\" style=\"margin-top:var(--wp--preset--spacing--10);margin-bottom:var(--wp--preset--spacing--10)\"><strong>Vendredi 7 ao\u00fbt &#8211; Diner croisi\u00e8re sur le Duc des Chauvi\u00e8res (19h-22h) &#8211; 55\u20ac &#8211; 63 places<\/strong><\/p>\n\n\n\n<p style=\"margin-top:var(--wp--preset--spacing--10);margin-bottom:var(--wp--preset--spacing--10)\">Au d\u00e9part de Ch\u00e2teau-Gontier sur Mayenne, d\u00e9couvrez les tr\u00e9sors parfois insoup\u00e7onn\u00e9s de la rivi\u00e8re la Mayenne entre patrimoine b\u00e2ti, faune et flore et fonctionnement des \u00e9cluses\u2026 Une balade toute en douceur au fil de l\u2019eau !<\/p>\n\n\n\n<p class=\"has-green-color has-text-color has-link-color wp-elements-be6d3e2f0cf0634f9057f3162ece886f\"><strong>Samedi 8 ao\u00fbt &#8211; D\u00e9couverte de la Cit\u00e9 m\u00e9di\u00e9vale de Sainte Suzanne et du Moulin \u00e0 eau de Th\u00e9valles &#8211; 35\u20ac &#8211; 45 places<\/strong><\/p>\n\n\n\n<ul style=\"margin-top:var(--wp--preset--spacing--10);margin-bottom:var(--wp--preset--spacing--10)\" class=\"wp-block-list\">\n<li>MATIN : Visite de <strong>la cit\u00e9 m\u00e9di\u00e9vale de Sainte Suzanne<\/strong> un des Plus Beaux Village de France Vous serez enchant\u00e9s par l\u2019atmosph\u00e8re m\u00e9di\u00e9vale qui r\u00e8gne dans la cit\u00e9 ! Avec ses ruelles pittoresques orn\u00e9es d\u2019enseignes de tarot, son ch\u00e2teau qui a d\u00e9fi\u00e9 Guillaume-le-Conqu\u00e9rant, ses moulins \u00e0 eau, mais aussi le camp des Anglais et le Dolmen des Erves.<\/li>\n\n\n\n<li>APRES-MIDI : Visite du <strong>Moulin \u00e0 eau de Th\u00e9valles<\/strong> \u00e0 Chem\u00e9r\u00e9 le Roi : Au pied d&rsquo;un tr\u00e8s beau ch\u00e2teau du 16\u00e8me si\u00e8cle, ce monument historique pr\u00e9sente un m\u00e9canisme exceptionnel de 1850 sur 4 niveaux.<\/li>\n<\/ul>\n\n\n\n<p class=\"has-green-color has-text-color has-link-color wp-elements-0844311397fed42e1d8ee8f20de44e3f\" style=\"margin-top:var(--wp--preset--spacing--10);margin-bottom:var(--wp--preset--spacing--10)\"><strong>Samedi 8 ao\u00fbt &#8211; Balade \u00e0 travers les ch\u00e2teaux en Haute Mayenne &#8211; 35\u20ac &#8211; 51 places<\/strong><\/p>\n\n\n\n<ul style=\"margin-top:var(--wp--preset--spacing--10);margin-bottom:var(--wp--preset--spacing--10)\" class=\"wp-block-list\">\n<li>MATIN : Visite guid\u00e9e du<strong> Mus\u00e9e du Ch\u00e2teau de Mayenne<\/strong> &#8211; Un admirable ch\u00e2teau- fort, b\u00e2ti sur les vestiges d\u2019un palais carolingien, class\u00e9 par les historiens comme le plus ancien d\u2019Europe.<\/li>\n\n\n\n<li>APRES-MIDI : Visite guid\u00e9e de <strong>la Petite Cit\u00e9 de Caract\u00e8re de Lassay-les-Ch\u00e2teaux<\/strong> : Presque deux si\u00e8cles apr\u00e8s Victor Hugo, ils sont toujours l\u00e0 : les vestiges de Bois-Frou, les ruines romantiques de Bois-Thibault et, bien s\u00fbr, la puissante majest\u00e9 du ch\u00e2teau-fort de Lassay.<\/li>\n<\/ul>\n\n\n\n<div style=\"height:40px\" aria-hidden=\"true\" class=\"wp-block-spacer\"><\/div>\n","protected":false},"excerpt":{"rendered":"<p>Excursions \u00e0 la \u00bd journ\u00e9e ou \u00e0 la journ\u00e9e.Rendez-vous au Village F\u00e9d\u00e9ral &#8211; Espace Saint-Fiacre : 8h45 pour les excursions \u00e0 la journ\u00e9e- Horaire sp\u00e9cifique pour les \u00bd journ\u00e9es.Nombre de personnes limit\u00e9 par jour. Repas tir\u00e9 du sac. Demi-journ\u00e9es Dimanche 2 ao\u00fbt &#8211; 10h et 15h &#8211; 15\u20ac &#8211; 35 places et 45 places Visite [&hellip;]<\/p>\n","protected":false},"author":4,"featured_media":0,"parent":427,"menu_order":0,"comment_status":"closed","ping_status":"closed","template":"","meta":{"slim_seo":{"title":"Excursions - Semaine F\u00e9d\u00e9rale Cyclotourisme 2026 - Ch\u00e2teau-Gontier sur Mayenne","description":"Excursions \u00e0 la \u00bd journ\u00e9e ou \u00e0 la journ\u00e9e. Rendez-vous au Village F\u00e9d\u00e9ral - Espace Saint-Fiacre : 8h45 pour les excursions \u00e0 la journ\u00e9e- Horaire sp\u00e9cifique pour"},"footnotes":""},"class_list":["post-1664","page","type-page","status-publish","hentry"],"_links":{"self":[{"href":"https:\/\/semaine-federale.ffvelo.fr\/2026\/wp-json\/wp\/v2\/pages\/1664","targetHints":{"allow":["GET"]}}],"collection":[{"href":"https:\/\/semaine-federale.ffvelo.fr\/2026\/wp-json\/wp\/v2\/pages"}],"about":[{"href":"https:\/\/semaine-federale.ffvelo.fr\/2026\/wp-json\/wp\/v2\/types\/page"}],"author":[{"embeddable":true,"href":"https:\/\/semaine-federale.ffvelo.fr\/2026\/wp-json\/wp\/v2\/users\/4"}],"replies":[{"embeddable":true,"href":"https:\/\/semaine-federale.ffvelo.fr\/2026\/wp-json\/wp\/v2\/comments?post=1664"}],"version-history":[{"count":1,"href":"https:\/\/semaine-federale.ffvelo.fr\/2026\/wp-json\/wp\/v2\/pages\/1664\/revisions"}],"predecessor-version":[{"id":1665,"href":"https:\/\/semaine-federale.ffvelo.fr\/2026\/wp-json\/wp\/v2\/pages\/1664\/revisions\/1665"}],"up":[{"embeddable":true,"href":"https:\/\/semaine-federale.ffvelo.fr\/2026\/wp-json\/wp\/v2\/pages\/427"}],"wp:attachment":[{"href":"https:\/\/semaine-federale.ffvelo.fr\/2026\/wp-json\/wp\/v2\/media?parent=1664"}],"curies":[{"name":"wp","href":"https:\/\/api.w.org\/{rel}","templated":true}]}}