{"id":188,"date":"2025-12-19T14:56:40","date_gmt":"2025-12-19T13:56:40","guid":{"rendered":"https:\/\/semaine-federale.ffvelo.fr\/2026\/?page_id=188"},"modified":"2025-12-19T14:56:40","modified_gmt":"2025-12-19T13:56:40","slug":"folklore-local","status":"publish","type":"page","link":"https:\/\/semaine-federale.ffvelo.fr\/2026\/se-divertir\/folklore-local\/","title":{"rendered":"Folklore local"},"content":{"rendered":"\n<div class=\"wp-block-cover alignfull is-light is-style-block-cover-contain wp-elements-5c42c4abeedab793d6fd6de9f6d4fdae is-style-block-cover-contain--1\" style=\"margin-bottom:var(--wp--preset--spacing--50);padding-top:var(--wp--preset--spacing--70);padding-bottom:var(--wp--preset--spacing--70)\"><img decoding=\"async\" class=\"wp-block-cover__image-background size-full\" alt=\"\" src=\"https:\/\/semaine-federale.ffvelo.fr\/2026\/wp-content\/themes\/theme\/assets\/images\/banner-hero.webp\" data-object-fit=\"cover\" \/><span aria-hidden=\"true\" class=\"wp-block-cover__background has-background-dim-0 has-background-dim\"><\/span><div class=\"wp-block-cover__inner-container has-global-padding is-layout-constrained wp-block-cover-is-layout-constrained\">\n<div class=\"wp-block-group alignfull has-global-padding is-layout-constrained wp-block-group-is-layout-constrained\" style=\"padding-bottom:var(--wp--preset--spacing--40)\"><h1 class=\"has-text-align-center wp-block-post-title\">Folklore local<\/h1><\/div>\n<\/div><\/div>\n\n\n<div class=\"wp-block-festivalcyclotourisme-folklores\">\n\t<nav id=\"folklores-filters\" class=\"wp-block-festivalcyclotourisme-folklores__types\">\n\t\t<ul>\n\t\t\t<li>\n\t\t\t\t<a href=\".?\" data-type=\"\" aria-current=\"true\" class=\"wp-block-festivalcyclotourisme-folklores__type\" rel=\"nofollow\">\n\t\t\t\t\tTous les th\u00e8mes\t\t\t\t<\/a>\n\t\t\t<\/li>\n\t\t\t\t\t\t\t<li>\n\t\t\t\t\t<a href=\".?folklore-type=animations-culturelles\" data-type=\"animations-culturelles\" aria-current=\"false\" class=\"wp-block-festivalcyclotourisme-folklores__type\" rel=\"nofollow\">\n\t\t\t\t\t\tAnimations culturelles\t\t\t\t\t<\/a>\n\t\t\t\t<\/li>\n\t\t\t\t\t\t\t\t<li>\n\t\t\t\t\t<a href=\".?folklore-type=artisanat\" data-type=\"artisanat\" aria-current=\"false\" class=\"wp-block-festivalcyclotourisme-folklores__type\" rel=\"nofollow\">\n\t\t\t\t\t\tArtisanat\t\t\t\t\t<\/a>\n\t\t\t\t<\/li>\n\t\t\t\t\t\t\t\t<li>\n\t\t\t\t\t<a href=\".?folklore-type=gastronomie-locale\" data-type=\"gastronomie-locale\" aria-current=\"false\" class=\"wp-block-festivalcyclotourisme-folklores__type\" rel=\"nofollow\">\n\t\t\t\t\t\tGastronomie locale\t\t\t\t\t<\/a>\n\t\t\t\t<\/li>\n\t\t\t\t\t\t\t\t<li>\n\t\t\t\t\t<a href=\".?folklore-type=musees\" data-type=\"musees\" aria-current=\"false\" class=\"wp-block-festivalcyclotourisme-folklores__type\" rel=\"nofollow\">\n\t\t\t\t\t\tMus\u00e9es\t\t\t\t\t<\/a>\n\t\t\t\t<\/li>\n\t\t\t\t\t\t\t\t<li>\n\t\t\t\t\t<a href=\".?folklore-type=patrimoine-local\" data-type=\"patrimoine-local\" aria-current=\"false\" class=\"wp-block-festivalcyclotourisme-folklores__type\" rel=\"nofollow\">\n\t\t\t\t\t\tPatrimoine local\t\t\t\t\t<\/a>\n\t\t\t\t<\/li>\n\t\t\t\t\t\t\t\t<li>\n\t\t\t\t\t<a href=\".?folklore-type=visites-et-promenades\" data-type=\"visites-et-promenades\" aria-current=\"false\" class=\"wp-block-festivalcyclotourisme-folklores__type\" rel=\"nofollow\">\n\t\t\t\t\t\tVisites et promenades\t\t\t\t\t<\/a>\n\t\t\t\t<\/li>\n\t\t\t\t\t\t<\/ul>\n\t<\/nav>\n\n\t<div id=\"folklores-container\" class=\"wp-block-festivalcyclotourisme-folklores__posts\" data-no-result=\"Aucun folklore trouv\u00e9 ... pour le moment ! Choisissez une autre cat\u00e9gorie.\">\n\t\t\t\t\t<ul>\n\t\t\t\n<li>\n\t\n<article class=\"wp-block-festivalcyclotourisme-folklore\">\n\t<figure>\n\t\t<img loading=\"lazy\" decoding=\"async\" width=\"2560\" height=\"1705\" src=\"https:\/\/semaine-federale.ffvelo.fr\/2026\/wp-content\/uploads\/sites\/3\/2025\/11\/Chateau-de-Lassay-les-Chateaux-Lezbroz-Teddy-Verneuil-8-.jpg-scaled.jpg\" class=\"attachment-post-thumbnail size-post-thumbnail wp-post-image\" alt=\"\" srcset=\"https:\/\/semaine-federale.ffvelo.fr\/2026\/wp-content\/uploads\/sites\/3\/2025\/11\/Chateau-de-Lassay-les-Chateaux-Lezbroz-Teddy-Verneuil-8-.jpg-scaled.jpg 2560w, https:\/\/semaine-federale.ffvelo.fr\/2026\/wp-content\/uploads\/sites\/3\/2025\/11\/Chateau-de-Lassay-les-Chateaux-Lezbroz-Teddy-Verneuil-8-.jpg-300x200.jpg 300w, https:\/\/semaine-federale.ffvelo.fr\/2026\/wp-content\/uploads\/sites\/3\/2025\/11\/Chateau-de-Lassay-les-Chateaux-Lezbroz-Teddy-Verneuil-8-.jpg-1024x682.jpg 1024w, https:\/\/semaine-federale.ffvelo.fr\/2026\/wp-content\/uploads\/sites\/3\/2025\/11\/Chateau-de-Lassay-les-Chateaux-Lezbroz-Teddy-Verneuil-8-.jpg-768x512.jpg 768w, https:\/\/semaine-federale.ffvelo.fr\/2026\/wp-content\/uploads\/sites\/3\/2025\/11\/Chateau-de-Lassay-les-Chateaux-Lezbroz-Teddy-Verneuil-8-.jpg-1536x1023.jpg 1536w, https:\/\/semaine-federale.ffvelo.fr\/2026\/wp-content\/uploads\/sites\/3\/2025\/11\/Chateau-de-Lassay-les-Chateaux-Lezbroz-Teddy-Verneuil-8-.jpg-2048x1364.jpg 2048w\" sizes=\"auto, (max-width: 2560px) 100vw, 2560px\" \/>\t\t<figcaption>\n\t\t\t<h3>Lassay-les-Ch\u00e2teaux<\/h3>\n\t\t\t<p>Lassay-les-Ch\u00e2teaux charme par la richesse de son patrimoine, son jardin m\u00e9di\u00e9val et sa roseraie. Presque deux si\u00e8cles apr\u00e8s Victor Hugo, ils sont toujours l\u00e0 : les vestiges de Bois-Frou, les ruines romantiques de Bois-Thibault et, bien s\u00fbr, la puissante majest\u00e9 du ch\u00e2teau-fort de Lassay. Il a subi les si\u00e8cles et les assauts sans modifications notoires. [&hellip;]<\/p>\n\t\t\t<p class=\"wp-block-button\">\n\t\t\t\t<a class=\"wp-block-button__link wp-element-button\" href=\"https:\/\/semaine-federale.ffvelo.fr\/2026\/folklore\/lassay-les-chateaux\/\">\n\t\t\t\t\tD\u00e9couvrir\t\t\t\t<\/a>\n\t\t\t<\/p>\n\t\t<\/figcaption>\n\t<\/figure>\n<\/article>\n<\/li>\n\n<li>\n\t\n<article class=\"wp-block-festivalcyclotourisme-folklore\">\n\t<figure>\n\t\t<img loading=\"lazy\" decoding=\"async\" width=\"1920\" height=\"2560\" src=\"https:\/\/semaine-federale.ffvelo.fr\/2026\/wp-content\/uploads\/sites\/3\/2025\/11\/Chateau-de-Mayenne-a-Mayenne-Lezbroz-Teddy-Verneuil-7-.jpg-scaled.jpg\" class=\"attachment-post-thumbnail size-post-thumbnail wp-post-image\" alt=\"\" srcset=\"https:\/\/semaine-federale.ffvelo.fr\/2026\/wp-content\/uploads\/sites\/3\/2025\/11\/Chateau-de-Mayenne-a-Mayenne-Lezbroz-Teddy-Verneuil-7-.jpg-scaled.jpg 1920w, https:\/\/semaine-federale.ffvelo.fr\/2026\/wp-content\/uploads\/sites\/3\/2025\/11\/Chateau-de-Mayenne-a-Mayenne-Lezbroz-Teddy-Verneuil-7-.jpg-225x300.jpg 225w, https:\/\/semaine-federale.ffvelo.fr\/2026\/wp-content\/uploads\/sites\/3\/2025\/11\/Chateau-de-Mayenne-a-Mayenne-Lezbroz-Teddy-Verneuil-7-.jpg-768x1024.jpg 768w, https:\/\/semaine-federale.ffvelo.fr\/2026\/wp-content\/uploads\/sites\/3\/2025\/11\/Chateau-de-Mayenne-a-Mayenne-Lezbroz-Teddy-Verneuil-7-.jpg-1152x1536.jpg 1152w, https:\/\/semaine-federale.ffvelo.fr\/2026\/wp-content\/uploads\/sites\/3\/2025\/11\/Chateau-de-Mayenne-a-Mayenne-Lezbroz-Teddy-Verneuil-7-.jpg-1536x2048.jpg 1536w\" sizes=\"auto, (max-width: 1920px) 100vw, 1920px\" \/>\t\t<figcaption>\n\t\t\t<h3>Ch\u00e2teau de Mayenne<\/h3>\n\t\t\t<p>Un admirable ch\u00e2teau-fort, b\u00e2ti sur les vestiges d\u2019un palais carolingien, class\u00e9 par les historiens comme le plus ancien d\u2019Europe. Du coup sa visite devient une exploration captivante \u00e0 travers vingt si\u00e8cles d\u2019histoire : celles de ce b\u00e2timent embl\u00e9matique et plus globalement de l\u2019histoire de la Mayenne. On d\u00e9roule le fil du temps en explorant les [&hellip;]<\/p>\n\t\t\t<p class=\"wp-block-button\">\n\t\t\t\t<a class=\"wp-block-button__link wp-element-button\" href=\"https:\/\/semaine-federale.ffvelo.fr\/2026\/folklore\/chateau-de-mayenne\/\">\n\t\t\t\t\tD\u00e9couvrir\t\t\t\t<\/a>\n\t\t\t<\/p>\n\t\t<\/figcaption>\n\t<\/figure>\n<\/article>\n<\/li>\n\n<li>\n\t\n<article class=\"wp-block-festivalcyclotourisme-folklore\">\n\t<figure>\n\t\t<img loading=\"lazy\" decoding=\"async\" width=\"2560\" height=\"1438\" src=\"https:\/\/semaine-federale.ffvelo.fr\/2026\/wp-content\/uploads\/sites\/3\/2025\/11\/Moulin-de-Thevalles-a-Chemere-le-Roi-Pascal-Beltrami-75-.jpg-scaled.jpg\" class=\"attachment-post-thumbnail size-post-thumbnail wp-post-image\" alt=\"\" srcset=\"https:\/\/semaine-federale.ffvelo.fr\/2026\/wp-content\/uploads\/sites\/3\/2025\/11\/Moulin-de-Thevalles-a-Chemere-le-Roi-Pascal-Beltrami-75-.jpg-scaled.jpg 2560w, https:\/\/semaine-federale.ffvelo.fr\/2026\/wp-content\/uploads\/sites\/3\/2025\/11\/Moulin-de-Thevalles-a-Chemere-le-Roi-Pascal-Beltrami-75-.jpg-300x169.jpg 300w, https:\/\/semaine-federale.ffvelo.fr\/2026\/wp-content\/uploads\/sites\/3\/2025\/11\/Moulin-de-Thevalles-a-Chemere-le-Roi-Pascal-Beltrami-75-.jpg-1024x575.jpg 1024w, https:\/\/semaine-federale.ffvelo.fr\/2026\/wp-content\/uploads\/sites\/3\/2025\/11\/Moulin-de-Thevalles-a-Chemere-le-Roi-Pascal-Beltrami-75-.jpg-768x432.jpg 768w, https:\/\/semaine-federale.ffvelo.fr\/2026\/wp-content\/uploads\/sites\/3\/2025\/11\/Moulin-de-Thevalles-a-Chemere-le-Roi-Pascal-Beltrami-75-.jpg-1536x863.jpg 1536w, https:\/\/semaine-federale.ffvelo.fr\/2026\/wp-content\/uploads\/sites\/3\/2025\/11\/Moulin-de-Thevalles-a-Chemere-le-Roi-Pascal-Beltrami-75-.jpg-2048x1151.jpg 2048w\" sizes=\"auto, (max-width: 2560px) 100vw, 2560px\" \/>\t\t<figcaption>\n\t\t\t<h3>Moulin \u00e0 eau &#8211; Ch\u00e9m\u00e9r\u00e9 le Roi<\/h3>\n\t\t\t<p>Le moulin de Th\u00e9valles est le seul moulin \u00e0 eau ouvert \u00e0 la visite en Mayenne. Au pied d&rsquo;un tr\u00e8s beau ch\u00e2teau du 16\u00e8me si\u00e8cle, ce monument historique pr\u00e9sente un m\u00e9canisme exceptionnel de 1850 sur 4 niveaux. Son m\u00e9canisme actuel de 30 tonnes est entra\u00een\u00e9 par une roue hydraulique de 5,60m de diam\u00e8tre et de [&hellip;]<\/p>\n\t\t\t<p class=\"wp-block-button\">\n\t\t\t\t<a class=\"wp-block-button__link wp-element-button\" href=\"https:\/\/semaine-federale.ffvelo.fr\/2026\/folklore\/moulin-a-eau-chemere-le-roi\/\">\n\t\t\t\t\tD\u00e9couvrir\t\t\t\t<\/a>\n\t\t\t<\/p>\n\t\t<\/figcaption>\n\t<\/figure>\n<\/article>\n<\/li>\n\n<li>\n\t\n<article class=\"wp-block-festivalcyclotourisme-folklore\">\n\t<figure>\n\t\t<img loading=\"lazy\" decoding=\"async\" width=\"2560\" height=\"1707\" src=\"https:\/\/semaine-federale.ffvelo.fr\/2026\/wp-content\/uploads\/sites\/3\/2025\/11\/SAINTE_SUZANNE_VELO-HELLOLAROUX.jpg-scaled.jpg\" class=\"attachment-post-thumbnail size-post-thumbnail wp-post-image\" alt=\"\" srcset=\"https:\/\/semaine-federale.ffvelo.fr\/2026\/wp-content\/uploads\/sites\/3\/2025\/11\/SAINTE_SUZANNE_VELO-HELLOLAROUX.jpg-scaled.jpg 2560w, https:\/\/semaine-federale.ffvelo.fr\/2026\/wp-content\/uploads\/sites\/3\/2025\/11\/SAINTE_SUZANNE_VELO-HELLOLAROUX.jpg-300x200.jpg 300w, https:\/\/semaine-federale.ffvelo.fr\/2026\/wp-content\/uploads\/sites\/3\/2025\/11\/SAINTE_SUZANNE_VELO-HELLOLAROUX.jpg-1024x683.jpg 1024w, https:\/\/semaine-federale.ffvelo.fr\/2026\/wp-content\/uploads\/sites\/3\/2025\/11\/SAINTE_SUZANNE_VELO-HELLOLAROUX.jpg-768x512.jpg 768w, https:\/\/semaine-federale.ffvelo.fr\/2026\/wp-content\/uploads\/sites\/3\/2025\/11\/SAINTE_SUZANNE_VELO-HELLOLAROUX.jpg-1536x1024.jpg 1536w, https:\/\/semaine-federale.ffvelo.fr\/2026\/wp-content\/uploads\/sites\/3\/2025\/11\/SAINTE_SUZANNE_VELO-HELLOLAROUX.jpg-2048x1365.jpg 2048w\" sizes=\"auto, (max-width: 2560px) 100vw, 2560px\" \/>\t\t<figcaption>\n\t\t\t<h3>Sainte Suzanne<\/h3>\n\t\t\t<p>Au coeur du Pays d\u2019Art et d\u2019Histoire, la cit\u00e9 de Sainte-Suzanne regorge de lieux \u00e0 ne pas manquer ! Dans le seul Plus Beaux Villages de France de la Mayenne, vous serez enchant\u00e9s par l\u2019atmosph\u00e8re m\u00e9di\u00e9vale qui r\u00e8gne dans la cit\u00e9 ! Avec ses ruelles pittoresques orn\u00e9es d\u2019enseignes de tarot, son ch\u00e2teau qui a d\u00e9fi\u00e9 [&hellip;]<\/p>\n\t\t\t<p class=\"wp-block-button\">\n\t\t\t\t<a class=\"wp-block-button__link wp-element-button\" href=\"https:\/\/semaine-federale.ffvelo.fr\/2026\/folklore\/sainte-suzanne\/\">\n\t\t\t\t\tD\u00e9couvrir\t\t\t\t<\/a>\n\t\t\t<\/p>\n\t\t<\/figcaption>\n\t<\/figure>\n<\/article>\n<\/li>\n\n<li>\n\t\n<article class=\"wp-block-festivalcyclotourisme-folklore\">\n\t<figure>\n\t\t<img loading=\"lazy\" decoding=\"async\" width=\"2560\" height=\"1707\" src=\"https:\/\/semaine-federale.ffvelo.fr\/2026\/wp-content\/uploads\/sites\/3\/2025\/11\/Fontaine-Daniel-Lezbroz-Teddy-Verneuil-3-.jpg-scaled.jpg\" class=\"attachment-post-thumbnail size-post-thumbnail wp-post-image\" alt=\"\" srcset=\"https:\/\/semaine-federale.ffvelo.fr\/2026\/wp-content\/uploads\/sites\/3\/2025\/11\/Fontaine-Daniel-Lezbroz-Teddy-Verneuil-3-.jpg-scaled.jpg 2560w, https:\/\/semaine-federale.ffvelo.fr\/2026\/wp-content\/uploads\/sites\/3\/2025\/11\/Fontaine-Daniel-Lezbroz-Teddy-Verneuil-3-.jpg-300x200.jpg 300w, https:\/\/semaine-federale.ffvelo.fr\/2026\/wp-content\/uploads\/sites\/3\/2025\/11\/Fontaine-Daniel-Lezbroz-Teddy-Verneuil-3-.jpg-1024x683.jpg 1024w, https:\/\/semaine-federale.ffvelo.fr\/2026\/wp-content\/uploads\/sites\/3\/2025\/11\/Fontaine-Daniel-Lezbroz-Teddy-Verneuil-3-.jpg-768x512.jpg 768w, https:\/\/semaine-federale.ffvelo.fr\/2026\/wp-content\/uploads\/sites\/3\/2025\/11\/Fontaine-Daniel-Lezbroz-Teddy-Verneuil-3-.jpg-1536x1024.jpg 1536w, https:\/\/semaine-federale.ffvelo.fr\/2026\/wp-content\/uploads\/sites\/3\/2025\/11\/Fontaine-Daniel-Lezbroz-Teddy-Verneuil-3-.jpg-2048x1365.jpg 2048w\" sizes=\"auto, (max-width: 2560px) 100vw, 2560px\" \/>\t\t<figcaption>\n\t\t\t<h3>Toiles de Mayenne<\/h3>\n\t\t\t<p>Depuis deux si\u00e8cles, Fontaine-Daniel est le berceau de Toiles de Mayenne, r\u00e9f\u00e9rence de la fabrication du tissu. Marque haut de gamme du tissu d\u2019ameublement, Toiles de Mayenne est labellis\u00e9e Entreprise du Patrimoine Vivant. Confection sur-mesure et produits finis sont toujours r\u00e9alis\u00e9s sur place.<\/p>\n\t\t\t<p class=\"wp-block-button\">\n\t\t\t\t<a class=\"wp-block-button__link wp-element-button\" href=\"https:\/\/semaine-federale.ffvelo.fr\/2026\/folklore\/toiles-de-mayenne\/\">\n\t\t\t\t\tD\u00e9couvrir\t\t\t\t<\/a>\n\t\t\t<\/p>\n\t\t<\/figcaption>\n\t<\/figure>\n<\/article>\n<\/li>\n\n<li>\n\t\n<article class=\"wp-block-festivalcyclotourisme-folklore\">\n\t<figure>\n\t\t<img loading=\"lazy\" decoding=\"async\" width=\"2560\" height=\"1709\" src=\"https:\/\/semaine-federale.ffvelo.fr\/2026\/wp-content\/uploads\/sites\/3\/2025\/11\/Fontaine-Daniel-CP-P.Beltrami-Mayenne-Tourisme-60.JPG-scaled.jpg\" class=\"attachment-post-thumbnail size-post-thumbnail wp-post-image\" alt=\"\" srcset=\"https:\/\/semaine-federale.ffvelo.fr\/2026\/wp-content\/uploads\/sites\/3\/2025\/11\/Fontaine-Daniel-CP-P.Beltrami-Mayenne-Tourisme-60.JPG-scaled.jpg 2560w, https:\/\/semaine-federale.ffvelo.fr\/2026\/wp-content\/uploads\/sites\/3\/2025\/11\/Fontaine-Daniel-CP-P.Beltrami-Mayenne-Tourisme-60.JPG-300x200.jpg 300w, https:\/\/semaine-federale.ffvelo.fr\/2026\/wp-content\/uploads\/sites\/3\/2025\/11\/Fontaine-Daniel-CP-P.Beltrami-Mayenne-Tourisme-60.JPG-1024x684.jpg 1024w, https:\/\/semaine-federale.ffvelo.fr\/2026\/wp-content\/uploads\/sites\/3\/2025\/11\/Fontaine-Daniel-CP-P.Beltrami-Mayenne-Tourisme-60.JPG-768x513.jpg 768w, https:\/\/semaine-federale.ffvelo.fr\/2026\/wp-content\/uploads\/sites\/3\/2025\/11\/Fontaine-Daniel-CP-P.Beltrami-Mayenne-Tourisme-60.JPG-1536x1025.jpg 1536w, https:\/\/semaine-federale.ffvelo.fr\/2026\/wp-content\/uploads\/sites\/3\/2025\/11\/Fontaine-Daniel-CP-P.Beltrami-Mayenne-Tourisme-60.JPG-2048x1367.jpg 2048w\" sizes=\"auto, (max-width: 2560px) 100vw, 2560px\" \/>\t\t<figcaption>\n\t\t\t<h3>Petit village de caract\u00e8re, Fontaine Daniel<\/h3>\n\t\t\t<p>Un r\u00eave de village \u00e0 d\u00e9couvrir sans mod\u00e9ration avec sa placette ombrag\u00e9e de grands arbres, pour d\u00e9cor les hauts b\u00e2timents de l\u2019ancienne abbaye cistercienne devenue filature, un vaste \u00e9tang bucolique, son moulin \u00e0 eau, la silhouette d\u2019une chapelle\u2026 Autour de la place encore, un b\u00e2ti d\u2019une rare harmonie. Et, tout pr\u00e8s, des maisonnettes de charme [&hellip;]<\/p>\n\t\t\t<p class=\"wp-block-button\">\n\t\t\t\t<a class=\"wp-block-button__link wp-element-button\" href=\"https:\/\/semaine-federale.ffvelo.fr\/2026\/folklore\/petit-village-de-caractere-fontaine-daniel\/\">\n\t\t\t\t\tD\u00e9couvrir\t\t\t\t<\/a>\n\t\t\t<\/p>\n\t\t<\/figcaption>\n\t<\/figure>\n<\/article>\n<\/li>\n\n<li>\n\t\n<article class=\"wp-block-festivalcyclotourisme-folklore\">\n\t<figure>\n\t\t<img loading=\"lazy\" decoding=\"async\" width=\"2560\" height=\"1707\" src=\"https:\/\/semaine-federale.ffvelo.fr\/2026\/wp-content\/uploads\/sites\/3\/2025\/11\/Chateau-de-Craon-Alexandre-Lamoureux-18-.jpg-scaled.jpg\" class=\"attachment-post-thumbnail size-post-thumbnail wp-post-image\" alt=\"\" srcset=\"https:\/\/semaine-federale.ffvelo.fr\/2026\/wp-content\/uploads\/sites\/3\/2025\/11\/Chateau-de-Craon-Alexandre-Lamoureux-18-.jpg-scaled.jpg 2560w, https:\/\/semaine-federale.ffvelo.fr\/2026\/wp-content\/uploads\/sites\/3\/2025\/11\/Chateau-de-Craon-Alexandre-Lamoureux-18-.jpg-300x200.jpg 300w, https:\/\/semaine-federale.ffvelo.fr\/2026\/wp-content\/uploads\/sites\/3\/2025\/11\/Chateau-de-Craon-Alexandre-Lamoureux-18-.jpg-1024x683.jpg 1024w, https:\/\/semaine-federale.ffvelo.fr\/2026\/wp-content\/uploads\/sites\/3\/2025\/11\/Chateau-de-Craon-Alexandre-Lamoureux-18-.jpg-768x512.jpg 768w, https:\/\/semaine-federale.ffvelo.fr\/2026\/wp-content\/uploads\/sites\/3\/2025\/11\/Chateau-de-Craon-Alexandre-Lamoureux-18-.jpg-1536x1024.jpg 1536w, https:\/\/semaine-federale.ffvelo.fr\/2026\/wp-content\/uploads\/sites\/3\/2025\/11\/Chateau-de-Craon-Alexandre-Lamoureux-18-.jpg-2048x1366.jpg 2048w\" sizes=\"auto, (max-width: 2560px) 100vw, 2560px\" \/>\t\t<figcaption>\n\t\t\t<h3>Ch\u00e2teau de Craon et son parc<\/h3>\n\t\t\t<p>Le ch\u00e2teau de Craon est un \u00e9l\u00e9gant ch\u00e2teau en tuffeau datant de la fin du XVIII si\u00e8cle. Son architecture largement inspir\u00e9e par Versailles lui vaut le surnom de \u00ab\u00a0Petit Versailles de la Mayenne\u00a0\u00bb. En t\u00e9moignent \u00e9galement les meubles ayant appartenu \u00e0 Marie-Antoinette et les boiseries finement sculpt\u00e9es des salons. Le vaste parc de 47 hectares, [&hellip;]<\/p>\n\t\t\t<p class=\"wp-block-button\">\n\t\t\t\t<a class=\"wp-block-button__link wp-element-button\" href=\"https:\/\/semaine-federale.ffvelo.fr\/2026\/folklore\/chateau-de-craon-et-son-parc\/\">\n\t\t\t\t\tD\u00e9couvrir\t\t\t\t<\/a>\n\t\t\t<\/p>\n\t\t<\/figcaption>\n\t<\/figure>\n<\/article>\n<\/li>\n\n<li>\n\t\n<article class=\"wp-block-festivalcyclotourisme-folklore\">\n\t<figure>\n\t\t<img loading=\"lazy\" decoding=\"async\" width=\"2000\" height=\"1333\" src=\"https:\/\/semaine-federale.ffvelo.fr\/2026\/wp-content\/uploads\/sites\/3\/2025\/11\/Visite-du-parc-Terra-Botanica-a-Angers.jpeg\" class=\"attachment-post-thumbnail size-post-thumbnail wp-post-image\" alt=\"\" srcset=\"https:\/\/semaine-federale.ffvelo.fr\/2026\/wp-content\/uploads\/sites\/3\/2025\/11\/Visite-du-parc-Terra-Botanica-a-Angers.jpeg 2000w, https:\/\/semaine-federale.ffvelo.fr\/2026\/wp-content\/uploads\/sites\/3\/2025\/11\/Visite-du-parc-Terra-Botanica-a-Angers-300x200.jpeg 300w, https:\/\/semaine-federale.ffvelo.fr\/2026\/wp-content\/uploads\/sites\/3\/2025\/11\/Visite-du-parc-Terra-Botanica-a-Angers-1024x682.jpeg 1024w, https:\/\/semaine-federale.ffvelo.fr\/2026\/wp-content\/uploads\/sites\/3\/2025\/11\/Visite-du-parc-Terra-Botanica-a-Angers-768x512.jpeg 768w, https:\/\/semaine-federale.ffvelo.fr\/2026\/wp-content\/uploads\/sites\/3\/2025\/11\/Visite-du-parc-Terra-Botanica-a-Angers-1536x1024.jpeg 1536w\" sizes=\"auto, (max-width: 2000px) 100vw, 2000px\" \/>\t\t<figcaption>\n\t\t\t<h3>Terra Botanica<\/h3>\n\t\t\t<p>Situ\u00e9 \u00e0 la lisi\u00e8re nord d\u2019Angers, Terra Botanica est une v\u00e9ritable bulle de verdure, de d\u00e9tente et de d\u00e9couverte pour les petits comme pour les grands\u2026 Un havre pour se reconnecter \u00e0 la nature, la comprendre et donc mieux la d\u00e9fendre. Imaginez-vous au c\u0153ur d\u2019un immense jardin luxuriant o\u00f9 poussent plus de 500 000 v\u00e9g\u00e9taux. [&hellip;]<\/p>\n\t\t\t<p class=\"wp-block-button\">\n\t\t\t\t<a class=\"wp-block-button__link wp-element-button\" href=\"https:\/\/semaine-federale.ffvelo.fr\/2026\/folklore\/terra-botanica\/\">\n\t\t\t\t\tD\u00e9couvrir\t\t\t\t<\/a>\n\t\t\t<\/p>\n\t\t<\/figcaption>\n\t<\/figure>\n<\/article>\n<\/li>\n\n<li>\n\t\n<article class=\"wp-block-festivalcyclotourisme-folklore\">\n\t<figure>\n\t\t<img loading=\"lazy\" decoding=\"async\" width=\"2560\" height=\"1707\" src=\"https:\/\/semaine-federale.ffvelo.fr\/2026\/wp-content\/uploads\/sites\/3\/2025\/11\/Basilique-Notre-Dame-de-l-Epine-a-Evron-Fabien-Chere-Sparadrap53-191-.jpg-scaled.jpg\" class=\"attachment-post-thumbnail size-post-thumbnail wp-post-image\" alt=\"\" srcset=\"https:\/\/semaine-federale.ffvelo.fr\/2026\/wp-content\/uploads\/sites\/3\/2025\/11\/Basilique-Notre-Dame-de-l-Epine-a-Evron-Fabien-Chere-Sparadrap53-191-.jpg-scaled.jpg 2560w, https:\/\/semaine-federale.ffvelo.fr\/2026\/wp-content\/uploads\/sites\/3\/2025\/11\/Basilique-Notre-Dame-de-l-Epine-a-Evron-Fabien-Chere-Sparadrap53-191-.jpg-300x200.jpg 300w, https:\/\/semaine-federale.ffvelo.fr\/2026\/wp-content\/uploads\/sites\/3\/2025\/11\/Basilique-Notre-Dame-de-l-Epine-a-Evron-Fabien-Chere-Sparadrap53-191-.jpg-1024x683.jpg 1024w, https:\/\/semaine-federale.ffvelo.fr\/2026\/wp-content\/uploads\/sites\/3\/2025\/11\/Basilique-Notre-Dame-de-l-Epine-a-Evron-Fabien-Chere-Sparadrap53-191-.jpg-768x512.jpg 768w, https:\/\/semaine-federale.ffvelo.fr\/2026\/wp-content\/uploads\/sites\/3\/2025\/11\/Basilique-Notre-Dame-de-l-Epine-a-Evron-Fabien-Chere-Sparadrap53-191-.jpg-1536x1024.jpg 1536w, https:\/\/semaine-federale.ffvelo.fr\/2026\/wp-content\/uploads\/sites\/3\/2025\/11\/Basilique-Notre-Dame-de-l-Epine-a-Evron-Fabien-Chere-Sparadrap53-191-.jpg-2048x1365.jpg 2048w\" sizes=\"auto, (max-width: 2560px) 100vw, 2560px\" \/>\t\t<figcaption>\n\t\t\t<h3>Basilique Notre Dame de l&rsquo;Epine &#8211; Evron<\/h3>\n\t\t\t<p>\u00a0Joyau architectural, l&rsquo;abbatiale d&rsquo;Evron est l&rsquo;\u00e9difice religieux m\u00e9di\u00e9val le plus important du d\u00e9partement de la Mayenne ! L&rsquo;impressionnante basilique h\u00e9site entre le style roman et le style gothique, ce qui contribue \u00e0 son charme. Elle offre aux visiteurs et p\u00e8lerins la possibilit\u00e9 de d\u00e9couvrir de nombreux chefs-d&rsquo;\u0153uvre : crypte, vo\u00fbte, peintures murales, chapelles, reliques, vitraux, [&hellip;]<\/p>\n\t\t\t<p class=\"wp-block-button\">\n\t\t\t\t<a class=\"wp-block-button__link wp-element-button\" href=\"https:\/\/semaine-federale.ffvelo.fr\/2026\/folklore\/basilique-notre-dame-de-lepine\/\">\n\t\t\t\t\tD\u00e9couvrir\t\t\t\t<\/a>\n\t\t\t<\/p>\n\t\t<\/figcaption>\n\t<\/figure>\n<\/article>\n<\/li>\n\t\t\t<\/ul>\n\t\t\t<\/div>\n\n\t\t\t<nav class=\"wp-block-festivalcyclotourisme-folklores__pagination\">\n\t\t<ul class='page-numbers'>\n\t<li><span aria-current=\"page\" class=\"page-numbers current\">1<\/span><\/li>\n\t<li><a class=\"page-numbers\" href=\"https:\/\/semaine-federale.ffvelo.fr\/2026\/wp-json\/wp\/v2\/pages\/188\/?paged=2\">2<\/a><\/li>\n\t<li><a class=\"page-numbers\" href=\"https:\/\/semaine-federale.ffvelo.fr\/2026\/wp-json\/wp\/v2\/pages\/188\/?paged=3\">3<\/a><\/li>\n\t<li><a class=\"next page-numbers\" href=\"https:\/\/semaine-federale.ffvelo.fr\/2026\/wp-json\/wp\/v2\/pages\/188\/?paged=2\">Suivant\u00a0\u00bb<\/a><\/li>\n<\/ul>\n\t\t<\/nav>\n\t<\/div>\n\n\n\n<p><\/p>\n","protected":false},"excerpt":{"rendered":"","protected":false},"author":2,"featured_media":0,"parent":279,"menu_order":0,"comment_status":"closed","ping_status":"closed","template":"","meta":{"slim_seo":{"title":"Folklore local - Semaine F\u00e9d\u00e9rale Cyclotourisme 2026 - Ch\u00e2teau-Gontier sur Mayenne","description":""},"footnotes":""},"class_list":["post-188","page","type-page","status-publish","hentry"],"_links":{"self":[{"href":"https:\/\/semaine-federale.ffvelo.fr\/2026\/wp-json\/wp\/v2\/pages\/188","targetHints":{"allow":["GET"]}}],"collection":[{"href":"https:\/\/semaine-federale.ffvelo.fr\/2026\/wp-json\/wp\/v2\/pages"}],"about":[{"href":"https:\/\/semaine-federale.ffvelo.fr\/2026\/wp-json\/wp\/v2\/types\/page"}],"author":[{"embeddable":true,"href":"https:\/\/semaine-federale.ffvelo.fr\/2026\/wp-json\/wp\/v2\/users\/2"}],"replies":[{"embeddable":true,"href":"https:\/\/semaine-federale.ffvelo.fr\/2026\/wp-json\/wp\/v2\/comments?post=188"}],"version-history":[{"count":3,"href":"https:\/\/semaine-federale.ffvelo.fr\/2026\/wp-json\/wp\/v2\/pages\/188\/revisions"}],"predecessor-version":[{"id":276,"href":"https:\/\/semaine-federale.ffvelo.fr\/2026\/wp-json\/wp\/v2\/pages\/188\/revisions\/276"}],"up":[{"embeddable":true,"href":"https:\/\/semaine-federale.ffvelo.fr\/2026\/wp-json\/wp\/v2\/pages\/279"}],"wp:attachment":[{"href":"https:\/\/semaine-federale.ffvelo.fr\/2026\/wp-json\/wp\/v2\/media?parent=188"}],"curies":[{"name":"wp","href":"https:\/\/api.w.org\/{rel}","templated":true}]}}