{"id":277,"date":"2025-11-14T15:53:46","date_gmt":"2025-11-14T14:53:46","guid":{"rendered":"https:\/\/semaine-federale.ffvelo.fr\/2026\/?page_id=277"},"modified":"2026-03-04T09:28:01","modified_gmt":"2026-03-04T08:28:01","slug":"les-parcours","status":"publish","type":"page","link":"https:\/\/semaine-federale.ffvelo.fr\/2026\/le-programme\/les-parcours\/","title":{"rendered":"Les parcours"},"content":{"rendered":"\n<div class=\"wp-block-cover alignfull is-light wp-elements-dc979c30f99ec052305d70863a31caa3\" style=\"margin-bottom:var(--wp--preset--spacing--50);padding-top:var(--wp--preset--spacing--70);padding-bottom:var(--wp--preset--spacing--70)\"><img loading=\"lazy\" decoding=\"async\" width=\"1024\" height=\"683\" class=\"wp-block-cover__image-background wp-image-267 size-large\" alt=\"\" src=\"https:\/\/semaine-federale.ffvelo.fr\/2026\/wp-content\/uploads\/sites\/3\/2025\/11\/SAINTE_SUZANNE_VELO-HELLOLAROUX.jpg-1024x683.jpg\" data-object-fit=\"cover\" srcset=\"https:\/\/semaine-federale.ffvelo.fr\/2026\/wp-content\/uploads\/sites\/3\/2025\/11\/SAINTE_SUZANNE_VELO-HELLOLAROUX.jpg-1024x683.jpg 1024w, https:\/\/semaine-federale.ffvelo.fr\/2026\/wp-content\/uploads\/sites\/3\/2025\/11\/SAINTE_SUZANNE_VELO-HELLOLAROUX.jpg-300x200.jpg 300w, https:\/\/semaine-federale.ffvelo.fr\/2026\/wp-content\/uploads\/sites\/3\/2025\/11\/SAINTE_SUZANNE_VELO-HELLOLAROUX.jpg-768x512.jpg 768w, https:\/\/semaine-federale.ffvelo.fr\/2026\/wp-content\/uploads\/sites\/3\/2025\/11\/SAINTE_SUZANNE_VELO-HELLOLAROUX.jpg-1536x1024.jpg 1536w, https:\/\/semaine-federale.ffvelo.fr\/2026\/wp-content\/uploads\/sites\/3\/2025\/11\/SAINTE_SUZANNE_VELO-HELLOLAROUX.jpg-2048x1365.jpg 2048w\" sizes=\"auto, (max-width: 1024px) 100vw, 1024px\" \/><span aria-hidden=\"true\" class=\"wp-block-cover__background has-beige-background-color has-background-dim-60 has-background-dim\"><\/span><div class=\"wp-block-cover__inner-container has-global-padding is-layout-constrained wp-block-cover-is-layout-constrained\">\n<div class=\"wp-block-group alignfull has-global-padding is-layout-constrained wp-block-group-is-layout-constrained\" style=\"padding-bottom:var(--wp--preset--spacing--40)\"><h1 class=\"has-text-align-center wp-block-post-title\">Les parcours<\/h1><\/div>\n<\/div><\/div>\n\n\n\n<h2 class=\"wp-block-heading has-text-align-center\">L&rsquo;ensemble des parcours de la Semaine F\u00e9d\u00e9rale<\/h2>\n\n\n\n<figure class=\"wp-block-image aligncenter size-large\"><img loading=\"lazy\" decoding=\"async\" width=\"943\" height=\"1024\" src=\"https:\/\/semaine-federale.ffvelo.fr\/2026\/wp-content\/uploads\/sites\/3\/2025\/11\/PLANS-PARCOURS-943x1024.png\" alt=\"\" class=\"wp-image-284\" srcset=\"https:\/\/semaine-federale.ffvelo.fr\/2026\/wp-content\/uploads\/sites\/3\/2025\/11\/PLANS-PARCOURS-943x1024.png 943w, https:\/\/semaine-federale.ffvelo.fr\/2026\/wp-content\/uploads\/sites\/3\/2025\/11\/PLANS-PARCOURS-276x300.png 276w, https:\/\/semaine-federale.ffvelo.fr\/2026\/wp-content\/uploads\/sites\/3\/2025\/11\/PLANS-PARCOURS-768x834.png 768w, https:\/\/semaine-federale.ffvelo.fr\/2026\/wp-content\/uploads\/sites\/3\/2025\/11\/PLANS-PARCOURS-1414x1536.png 1414w, https:\/\/semaine-federale.ffvelo.fr\/2026\/wp-content\/uploads\/sites\/3\/2025\/11\/PLANS-PARCOURS-1885x2048.png 1885w\" sizes=\"auto, (max-width: 943px) 100vw, 943px\" \/><\/figure>\n\n\n\n<div style=\"height:40px\" aria-hidden=\"true\" class=\"wp-block-spacer\"><\/div>\n\n\n\n<h2 class=\"wp-block-heading has-text-align-center\">7 jours de cyclo passion !<\/h2>\n\n\n\n<div class=\"wp-block-group is-layout-grid wp-container-core-group-is-layout-88c98fc8 wp-block-group-is-layout-grid\">\n<div class=\"wp-block-group is-vertical is-content-justification-center is-layout-flex wp-container-core-group-is-layout-e18075f5 wp-block-group-is-layout-flex\">\n<div class=\"wp-block-group has-global-padding is-layout-constrained wp-container-core-group-is-layout-e0082cf6 wp-block-group-is-layout-constrained\">\n<figure class=\"wp-block-image size-large\"><img loading=\"lazy\" decoding=\"async\" width=\"1024\" height=\"684\" src=\"https:\/\/semaine-federale.ffvelo.fr\/2026\/wp-content\/uploads\/sites\/3\/2025\/07\/Chateau-Gontier-1024x684.webp\" alt=\"Ch\u00e2teau gontier\" class=\"wp-image-27\" style=\"object-fit:cover\" srcset=\"https:\/\/semaine-federale.ffvelo.fr\/2026\/wp-content\/uploads\/sites\/3\/2025\/07\/Chateau-Gontier-1024x684.webp 1024w, https:\/\/semaine-federale.ffvelo.fr\/2026\/wp-content\/uploads\/sites\/3\/2025\/07\/Chateau-Gontier-300x200.webp 300w, https:\/\/semaine-federale.ffvelo.fr\/2026\/wp-content\/uploads\/sites\/3\/2025\/07\/Chateau-Gontier-768x513.webp 768w, https:\/\/semaine-federale.ffvelo.fr\/2026\/wp-content\/uploads\/sites\/3\/2025\/07\/Chateau-Gontier.webp 1150w\" sizes=\"auto, (max-width: 1024px) 100vw, 1024px\" \/><\/figure>\n\n\n\n<p class=\"has-text-align-center\">La c\u00e9r\u00e9monie d&rsquo;ouverture<br>Le dimanche 2 ao\u00fbt<\/p>\n<\/div>\n\n\n\n<div class=\"wp-block-buttons is-content-justification-center is-layout-flex wp-container-core-buttons-is-layout-b5994976 wp-block-buttons-is-layout-flex\">\n<div class=\"wp-block-button\"><a class=\"wp-block-button__link has-text-align-center wp-element-button\" href=\"https:\/\/semaine-federale.ffvelo.fr\/2026\/le-programme\/ceremonie-douverture\/\">D\u00e9couvrir<\/a><\/div>\n<\/div>\n<\/div>\n\n\n\n<div class=\"wp-block-group is-vertical is-content-justification-center is-layout-flex wp-container-core-group-is-layout-e18075f5 wp-block-group-is-layout-flex\">\n<div class=\"wp-block-group has-global-padding is-layout-constrained wp-container-core-group-is-layout-e0082cf6 wp-block-group-is-layout-constrained\">\n<figure class=\"wp-block-image size-large\"><img loading=\"lazy\" decoding=\"async\" width=\"1024\" height=\"683\" src=\"https:\/\/semaine-federale.ffvelo.fr\/2026\/wp-content\/uploads\/sites\/3\/2025\/07\/Menil-1024x683.webp\" alt=\"M\u00e9nil\" class=\"wp-image-17\" style=\"object-fit:cover\" srcset=\"https:\/\/semaine-federale.ffvelo.fr\/2026\/wp-content\/uploads\/sites\/3\/2025\/07\/Menil-1024x683.webp 1024w, https:\/\/semaine-federale.ffvelo.fr\/2026\/wp-content\/uploads\/sites\/3\/2025\/07\/Menil-300x200.webp 300w, https:\/\/semaine-federale.ffvelo.fr\/2026\/wp-content\/uploads\/sites\/3\/2025\/07\/Menil-768x512.webp 768w, https:\/\/semaine-federale.ffvelo.fr\/2026\/wp-content\/uploads\/sites\/3\/2025\/07\/Menil-1536x1024.webp 1536w, https:\/\/semaine-federale.ffvelo.fr\/2026\/wp-content\/uploads\/sites\/3\/2025\/07\/Menil-2048x1365.webp 2048w\" sizes=\"auto, (max-width: 1024px) 100vw, 1024px\" \/><\/figure>\n\n\n\n<p class=\"has-text-align-center\">\u00ab\u00a0\u00c9cluses et du Pays de Laval\u00a0\u00bb<br>Le dimanche 2 ao\u00fbt<\/p>\n<\/div>\n\n\n\n<div class=\"wp-block-buttons is-content-justification-center is-layout-flex wp-container-core-buttons-is-layout-b5994976 wp-block-buttons-is-layout-flex\">\n<div class=\"wp-block-button\"><a class=\"wp-block-button__link wp-element-button\" href=\"https:\/\/semaine-federale.ffvelo.fr\/2026\/le-programme\/ecluses-et-pays-de-laval-dimanche-2-aout\/\">D\u00e9couvrir<\/a><\/div>\n<\/div>\n<\/div>\n\n\n\n<div class=\"wp-block-group is-vertical is-content-justification-center is-layout-flex wp-container-core-group-is-layout-e18075f5 wp-block-group-is-layout-flex\">\n<figure class=\"wp-block-image size-large\"><img loading=\"lazy\" decoding=\"async\" width=\"1024\" height=\"686\" src=\"https:\/\/semaine-federale.ffvelo.fr\/2026\/wp-content\/uploads\/sites\/3\/2025\/11\/Valleedelasarthe-solesmes-abbaye-8-1024x686.jpg\" alt=\"\" class=\"wp-image-370\" style=\"object-fit:cover\" srcset=\"https:\/\/semaine-federale.ffvelo.fr\/2026\/wp-content\/uploads\/sites\/3\/2025\/11\/Valleedelasarthe-solesmes-abbaye-8-1024x686.jpg 1024w, https:\/\/semaine-federale.ffvelo.fr\/2026\/wp-content\/uploads\/sites\/3\/2025\/11\/Valleedelasarthe-solesmes-abbaye-8-300x201.jpg 300w, https:\/\/semaine-federale.ffvelo.fr\/2026\/wp-content\/uploads\/sites\/3\/2025\/11\/Valleedelasarthe-solesmes-abbaye-8-768x515.jpg 768w, https:\/\/semaine-federale.ffvelo.fr\/2026\/wp-content\/uploads\/sites\/3\/2025\/11\/Valleedelasarthe-solesmes-abbaye-8-1536x1029.jpg 1536w, https:\/\/semaine-federale.ffvelo.fr\/2026\/wp-content\/uploads\/sites\/3\/2025\/11\/Valleedelasarthe-solesmes-abbaye-8-2048x1373.jpg 2048w\" sizes=\"auto, (max-width: 1024px) 100vw, 1024px\" \/><\/figure>\n\n\n\n<p class=\"has-text-align-center\">\u00ab\u00a0Vers la vall\u00e9e de la Sarthe\u00a0\u00bb<br>Le lundi 3 ao\u00fbt<\/p>\n\n\n\n<div class=\"wp-block-buttons is-content-justification-space-between is-layout-flex wp-container-core-buttons-is-layout-b2891da8 wp-block-buttons-is-layout-flex\">\n<div class=\"wp-block-button\"><a class=\"wp-block-button__link wp-element-button\" href=\"https:\/\/semaine-federale.ffvelo.fr\/2026\/le-programme\/vers-la-vallee-de-la-sarthe-lundi-3-aout\/\">D\u00e9couvrir<\/a><\/div>\n<\/div>\n<\/div>\n\n\n\n<div class=\"wp-block-group is-vertical is-content-justification-center is-layout-flex wp-container-core-group-is-layout-e18075f5 wp-block-group-is-layout-flex\">\n<figure class=\"wp-block-image size-large\"><img loading=\"lazy\" decoding=\"async\" width=\"1024\" height=\"681\" src=\"https:\/\/semaine-federale.ffvelo.fr\/2026\/wp-content\/uploads\/sites\/3\/2025\/11\/CHATEAU-CHALLAIN-LA-POTHERIE-2014-\u00a9OTAB-3-1024x681.jpg\" alt=\"\" class=\"wp-image-372\" style=\"object-fit:cover\" srcset=\"https:\/\/semaine-federale.ffvelo.fr\/2026\/wp-content\/uploads\/sites\/3\/2025\/11\/CHATEAU-CHALLAIN-LA-POTHERIE-2014-\u00a9OTAB-3-1024x681.jpg 1024w, https:\/\/semaine-federale.ffvelo.fr\/2026\/wp-content\/uploads\/sites\/3\/2025\/11\/CHATEAU-CHALLAIN-LA-POTHERIE-2014-\u00a9OTAB-3-300x199.jpg 300w, https:\/\/semaine-federale.ffvelo.fr\/2026\/wp-content\/uploads\/sites\/3\/2025\/11\/CHATEAU-CHALLAIN-LA-POTHERIE-2014-\u00a9OTAB-3-768x511.jpg 768w, https:\/\/semaine-federale.ffvelo.fr\/2026\/wp-content\/uploads\/sites\/3\/2025\/11\/CHATEAU-CHALLAIN-LA-POTHERIE-2014-\u00a9OTAB-3-1536x1021.jpg 1536w, https:\/\/semaine-federale.ffvelo.fr\/2026\/wp-content\/uploads\/sites\/3\/2025\/11\/CHATEAU-CHALLAIN-LA-POTHERIE-2014-\u00a9OTAB-3-2048x1361.jpg 2048w\" sizes=\"auto, (max-width: 1024px) 100vw, 1024px\" \/><\/figure>\n\n\n\n<p class=\"has-text-align-center\">\u00ab\u00a0Vers l&rsquo;Anjou Bleu\u00a0\u00bb<br>Le mardi 4 ao\u00fbt<\/p>\n\n\n\n<div class=\"wp-block-buttons is-content-justification-space-between is-layout-flex wp-container-core-buttons-is-layout-b2891da8 wp-block-buttons-is-layout-flex\">\n<div class=\"wp-block-button\"><a class=\"wp-block-button__link wp-element-button\" href=\"https:\/\/semaine-federale.ffvelo.fr\/2026\/le-programme\/vers-lanjou-bleu-mardi-4-aout\/\">D\u00e9couvrir<\/a><\/div>\n<\/div>\n<\/div>\n\n\n\n<div class=\"wp-block-group is-vertical is-content-justification-center is-layout-flex wp-container-core-group-is-layout-e18075f5 wp-block-group-is-layout-flex\">\n<figure class=\"wp-block-image size-large\"><img loading=\"lazy\" decoding=\"async\" width=\"1024\" height=\"683\" src=\"https:\/\/semaine-federale.ffvelo.fr\/2026\/wp-content\/uploads\/sites\/3\/2025\/11\/SAINTE_SUZANNE_VELO-HELLOLAROUX.jpg-1024x683.jpg\" alt=\"\" class=\"wp-image-267\" style=\"object-fit:cover\" srcset=\"https:\/\/semaine-federale.ffvelo.fr\/2026\/wp-content\/uploads\/sites\/3\/2025\/11\/SAINTE_SUZANNE_VELO-HELLOLAROUX.jpg-1024x683.jpg 1024w, https:\/\/semaine-federale.ffvelo.fr\/2026\/wp-content\/uploads\/sites\/3\/2025\/11\/SAINTE_SUZANNE_VELO-HELLOLAROUX.jpg-300x200.jpg 300w, https:\/\/semaine-federale.ffvelo.fr\/2026\/wp-content\/uploads\/sites\/3\/2025\/11\/SAINTE_SUZANNE_VELO-HELLOLAROUX.jpg-768x512.jpg 768w, https:\/\/semaine-federale.ffvelo.fr\/2026\/wp-content\/uploads\/sites\/3\/2025\/11\/SAINTE_SUZANNE_VELO-HELLOLAROUX.jpg-1536x1024.jpg 1536w, https:\/\/semaine-federale.ffvelo.fr\/2026\/wp-content\/uploads\/sites\/3\/2025\/11\/SAINTE_SUZANNE_VELO-HELLOLAROUX.jpg-2048x1365.jpg 2048w\" sizes=\"auto, (max-width: 1024px) 100vw, 1024px\" \/><\/figure>\n\n\n\n<p class=\"has-text-align-center\">\u00ab\u00a0Grottes et cit\u00e9s m\u00e9di\u00e9vales\u00a0\u00bb<br>Le mercredi 5 ao\u00fbt<\/p>\n\n\n\n<div class=\"wp-block-buttons is-content-justification-space-between is-layout-flex wp-container-core-buttons-is-layout-b2891da8 wp-block-buttons-is-layout-flex\">\n<div class=\"wp-block-button\"><a class=\"wp-block-button__link wp-element-button\" href=\"https:\/\/semaine-federale.ffvelo.fr\/2026\/le-programme\/grottes-et-cites-medievales-mercredi-5-aout\/\">D\u00e9couvrir<\/a><\/div>\n<\/div>\n<\/div>\n\n\n\n<div class=\"wp-block-group is-vertical is-content-justification-center is-layout-flex wp-container-core-group-is-layout-e18075f5 wp-block-group-is-layout-flex\">\n<figure class=\"wp-block-image size-large\"><img loading=\"lazy\" decoding=\"async\" width=\"1024\" height=\"683\" src=\"https:\/\/semaine-federale.ffvelo.fr\/2026\/wp-content\/uploads\/sites\/3\/2025\/11\/Chateau-de-Craon-Alexandre-Lamoureux-18-.jpg-1024x683.jpg\" alt=\"\" class=\"wp-image-262\" style=\"object-fit:cover\" srcset=\"https:\/\/semaine-federale.ffvelo.fr\/2026\/wp-content\/uploads\/sites\/3\/2025\/11\/Chateau-de-Craon-Alexandre-Lamoureux-18-.jpg-1024x683.jpg 1024w, https:\/\/semaine-federale.ffvelo.fr\/2026\/wp-content\/uploads\/sites\/3\/2025\/11\/Chateau-de-Craon-Alexandre-Lamoureux-18-.jpg-300x200.jpg 300w, https:\/\/semaine-federale.ffvelo.fr\/2026\/wp-content\/uploads\/sites\/3\/2025\/11\/Chateau-de-Craon-Alexandre-Lamoureux-18-.jpg-768x512.jpg 768w, https:\/\/semaine-federale.ffvelo.fr\/2026\/wp-content\/uploads\/sites\/3\/2025\/11\/Chateau-de-Craon-Alexandre-Lamoureux-18-.jpg-1536x1024.jpg 1536w, https:\/\/semaine-federale.ffvelo.fr\/2026\/wp-content\/uploads\/sites\/3\/2025\/11\/Chateau-de-Craon-Alexandre-Lamoureux-18-.jpg-2048x1366.jpg 2048w\" sizes=\"auto, (max-width: 1024px) 100vw, 1024px\" \/><\/figure>\n\n\n\n<p class=\"has-text-align-center\">\u00ab\u00a0Pique-nique cyclo festif\u00a0\u00bb<br>Le jeudi 6 ao\u00fbt<\/p>\n\n\n\n<div class=\"wp-block-buttons is-content-justification-space-between is-layout-flex wp-container-core-buttons-is-layout-84f7cab9 wp-block-buttons-is-layout-flex\">\n<div class=\"wp-block-button\"><a class=\"wp-block-button__link has-text-align-center wp-element-button\" href=\"https:\/\/semaine-federale.ffvelo.fr\/2026\/le-programme\/pique-nique-cyclo-festif-jeudi-6-aout\/\">D\u00e9couvrir<\/a><\/div>\n<\/div>\n<\/div>\n\n\n\n<div class=\"wp-block-group is-vertical is-content-justification-center is-layout-flex wp-container-core-group-is-layout-e18075f5 wp-block-group-is-layout-flex\">\n<figure class=\"wp-block-image size-large\"><img loading=\"lazy\" decoding=\"async\" width=\"1024\" height=\"683\" src=\"https:\/\/semaine-federale.ffvelo.fr\/2026\/wp-content\/uploads\/sites\/3\/2025\/11\/Chateau_du_Plessis-Bourre-cSebastien_GAUDARD-5646-AnjouTourisme-1920px-1024x683.jpg\" alt=\"\" class=\"wp-image-373\" style=\"object-fit:cover\" srcset=\"https:\/\/semaine-federale.ffvelo.fr\/2026\/wp-content\/uploads\/sites\/3\/2025\/11\/Chateau_du_Plessis-Bourre-cSebastien_GAUDARD-5646-AnjouTourisme-1920px-1024x683.jpg 1024w, https:\/\/semaine-federale.ffvelo.fr\/2026\/wp-content\/uploads\/sites\/3\/2025\/11\/Chateau_du_Plessis-Bourre-cSebastien_GAUDARD-5646-AnjouTourisme-1920px-300x200.jpg 300w, https:\/\/semaine-federale.ffvelo.fr\/2026\/wp-content\/uploads\/sites\/3\/2025\/11\/Chateau_du_Plessis-Bourre-cSebastien_GAUDARD-5646-AnjouTourisme-1920px-768x512.jpg 768w, https:\/\/semaine-federale.ffvelo.fr\/2026\/wp-content\/uploads\/sites\/3\/2025\/11\/Chateau_du_Plessis-Bourre-cSebastien_GAUDARD-5646-AnjouTourisme-1920px-1536x1024.jpg 1536w, https:\/\/semaine-federale.ffvelo.fr\/2026\/wp-content\/uploads\/sites\/3\/2025\/11\/Chateau_du_Plessis-Bourre-cSebastien_GAUDARD-5646-AnjouTourisme-1920px.jpg 1920w\" sizes=\"auto, (max-width: 1024px) 100vw, 1024px\" \/><\/figure>\n\n\n\n<p class=\"has-text-align-center\">\u00ab\u00a0V\u00e9lo Francette\u00ae Ch\u00e2teaux et Vergers\u00a0\u00bb<br>Le vendredi 7 ao\u00fbt<\/p>\n\n\n\n<div class=\"wp-block-buttons is-content-justification-space-between is-layout-flex wp-container-core-buttons-is-layout-b2891da8 wp-block-buttons-is-layout-flex\">\n<div class=\"wp-block-button\"><a class=\"wp-block-button__link wp-element-button\" href=\"https:\/\/semaine-federale.ffvelo.fr\/2026\/le-programme\/velo-francette-chateaux-et-vergers-vendredi-7-aout\/\">D\u00e9couvrir<\/a><\/div>\n<\/div>\n<\/div>\n\n\n\n<div class=\"wp-block-group is-vertical is-content-justification-center is-layout-flex wp-container-core-group-is-layout-e18075f5 wp-block-group-is-layout-flex\">\n<figure class=\"wp-block-image size-large\"><img loading=\"lazy\" decoding=\"async\" width=\"1024\" height=\"683\" src=\"https:\/\/semaine-federale.ffvelo.fr\/2026\/wp-content\/uploads\/sites\/3\/2025\/11\/Fontaine-Daniel-Lezbroz-Teddy-Verneuil-3-.jpg-1024x683.jpg\" alt=\"\" class=\"wp-image-374\" style=\"object-fit:cover\" srcset=\"https:\/\/semaine-federale.ffvelo.fr\/2026\/wp-content\/uploads\/sites\/3\/2025\/11\/Fontaine-Daniel-Lezbroz-Teddy-Verneuil-3-.jpg-1024x683.jpg 1024w, https:\/\/semaine-federale.ffvelo.fr\/2026\/wp-content\/uploads\/sites\/3\/2025\/11\/Fontaine-Daniel-Lezbroz-Teddy-Verneuil-3-.jpg-300x200.jpg 300w, https:\/\/semaine-federale.ffvelo.fr\/2026\/wp-content\/uploads\/sites\/3\/2025\/11\/Fontaine-Daniel-Lezbroz-Teddy-Verneuil-3-.jpg-768x512.jpg 768w, https:\/\/semaine-federale.ffvelo.fr\/2026\/wp-content\/uploads\/sites\/3\/2025\/11\/Fontaine-Daniel-Lezbroz-Teddy-Verneuil-3-.jpg-1536x1024.jpg 1536w, https:\/\/semaine-federale.ffvelo.fr\/2026\/wp-content\/uploads\/sites\/3\/2025\/11\/Fontaine-Daniel-Lezbroz-Teddy-Verneuil-3-.jpg-2048x1365.jpg 2048w\" sizes=\"auto, (max-width: 1024px) 100vw, 1024px\" \/><\/figure>\n\n\n\n<p class=\"has-text-align-center\">\u00ab\u00a0La Haute Mayenne\u00a0\u00bb <br>Le samedi 8 ao\u00fbt<\/p>\n\n\n\n<div class=\"wp-block-buttons is-content-justification-space-between is-layout-flex wp-container-core-buttons-is-layout-b2891da8 wp-block-buttons-is-layout-flex\">\n<div class=\"wp-block-button\"><a class=\"wp-block-button__link wp-element-button\" href=\"https:\/\/semaine-federale.ffvelo.fr\/2026\/le-programme\/la-haute-mayenne-et-ses-toiles-samedi-8-aout\/\">D\u00e9couvrir<\/a><\/div>\n<\/div>\n<\/div>\n\n\n\n<div class=\"wp-block-group is-vertical is-content-justification-center is-layout-flex wp-container-core-group-is-layout-e18075f5 wp-block-group-is-layout-flex\">\n<figure class=\"wp-block-image size-large\"><img loading=\"lazy\" decoding=\"async\" width=\"1024\" height=\"681\" src=\"https:\/\/semaine-federale.ffvelo.fr\/2026\/wp-content\/uploads\/sites\/3\/2025\/11\/Espace-Saint-Fiacre-2-1024x681.jpg\" alt=\"\" class=\"wp-image-376\" style=\"object-fit:cover\" srcset=\"https:\/\/semaine-federale.ffvelo.fr\/2026\/wp-content\/uploads\/sites\/3\/2025\/11\/Espace-Saint-Fiacre-2-1024x681.jpg 1024w, https:\/\/semaine-federale.ffvelo.fr\/2026\/wp-content\/uploads\/sites\/3\/2025\/11\/Espace-Saint-Fiacre-2-300x199.jpg 300w, https:\/\/semaine-federale.ffvelo.fr\/2026\/wp-content\/uploads\/sites\/3\/2025\/11\/Espace-Saint-Fiacre-2-768x511.jpg 768w, https:\/\/semaine-federale.ffvelo.fr\/2026\/wp-content\/uploads\/sites\/3\/2025\/11\/Espace-Saint-Fiacre-2-1536x1021.jpg 1536w, https:\/\/semaine-federale.ffvelo.fr\/2026\/wp-content\/uploads\/sites\/3\/2025\/11\/Espace-Saint-Fiacre-2-2048x1361.jpg 2048w\" sizes=\"auto, (max-width: 1024px) 100vw, 1024px\" \/><\/figure>\n\n\n\n<p class=\"has-text-align-center\">La c\u00e9r\u00e9monie de cl\u00f4ture<br>Le samedi 8 ao\u00fbt<\/p>\n\n\n\n<div class=\"wp-block-buttons is-content-justification-space-between is-layout-flex wp-container-core-buttons-is-layout-b2891da8 wp-block-buttons-is-layout-flex\">\n<div class=\"wp-block-button\"><a class=\"wp-block-button__link wp-element-button\" href=\"https:\/\/semaine-federale.ffvelo.fr\/2026\/le-programme\/ceremonie-de-cloture\/\">D\u00e9couvrir<\/a><\/div>\n<\/div>\n<\/div>\n<\/div>\n\n\n\n<div style=\"height:40px\" aria-hidden=\"true\" class=\"wp-block-spacer\"><\/div>\n\n\n\n<div class=\"wp-block-columns is-layout-flex wp-container-core-columns-is-layout-28f84493 wp-block-columns-is-layout-flex\">\n<div class=\"wp-block-column is-layout-flow wp-block-column-is-layout-flow\">\n<h2 class=\"wp-block-heading\">Brevets<\/h2>\n\n\n\n<p>Amateurs de longues distances ou futurs participants au <strong>Paris Brest-Paris 2027<\/strong>, 2 parcours qualificatifs vous sont propos\u00e9s sur 2 dates fixes afin de profiter des points d\u2019accueil pr\u00e9sents sur les autres circuits.<br><strong>Uniquement sur GPX !<\/strong><\/p>\n\n\n\n<p>Amateurs de challenges longue distance, la SF 2026 vous permet de participer \u00e0 2 BRM (200 km le mercredi 5 et 300 km le samedi 8). Qualificatifs pour le PBP 2027 (Paris Brest Paris) vous pourrez profiter d&rsquo;un Point d&rsquo;Accueil ouvert aux autres participants de notre SF.<br><br>Les inscriptions sont possibles d\u00e8s maintenant sur Helloasso en cliquant sur ces boutons (attention nombre limit\u00e9 \u00e0 99 par distance).<\/p>\n\n\n\n<figure class=\"wp-block-image size-large\"><img loading=\"lazy\" decoding=\"async\" width=\"878\" height=\"1024\" src=\"https:\/\/semaine-federale.ffvelo.fr\/2026\/wp-content\/uploads\/sites\/3\/2026\/03\/Parcours-brevets-1-878x1024.png\" alt=\"Parcours brevets\" class=\"wp-image-1707\" srcset=\"https:\/\/semaine-federale.ffvelo.fr\/2026\/wp-content\/uploads\/sites\/3\/2026\/03\/Parcours-brevets-1-878x1024.png 878w, https:\/\/semaine-federale.ffvelo.fr\/2026\/wp-content\/uploads\/sites\/3\/2026\/03\/Parcours-brevets-1-257x300.png 257w, https:\/\/semaine-federale.ffvelo.fr\/2026\/wp-content\/uploads\/sites\/3\/2026\/03\/Parcours-brevets-1-768x896.png 768w, https:\/\/semaine-federale.ffvelo.fr\/2026\/wp-content\/uploads\/sites\/3\/2026\/03\/Parcours-brevets-1.png 900w\" sizes=\"auto, (max-width: 878px) 100vw, 878px\" \/><\/figure>\n\n\n\n<div class=\"wp-block-columns is-layout-flex wp-container-core-columns-is-layout-28f84493 wp-block-columns-is-layout-flex\">\n<div class=\"wp-block-column is-layout-flow wp-block-column-is-layout-flow\">\n<div class=\"wp-block-buttons is-content-justification-center is-layout-flex wp-container-core-buttons-is-layout-a89b3969 wp-block-buttons-is-layout-flex\">\n<div class=\"wp-block-button\"><a class=\"wp-block-button__link wp-element-button\" href=\"https:\/\/www.helloasso.com\/associations\/cyclo-club-pays-de-chateaugontier\/evenements\/brm-200-sf2026\" target=\"_blank\" rel=\"noreferrer noopener\">Je m&rsquo;inscris au 200km<\/a><\/div>\n<\/div>\n<\/div>\n\n\n\n<div class=\"wp-block-column is-layout-flow wp-block-column-is-layout-flow\">\n<div class=\"wp-block-buttons is-content-justification-center is-layout-flex wp-container-core-buttons-is-layout-a89b3969 wp-block-buttons-is-layout-flex\">\n<div class=\"wp-block-button\"><a class=\"wp-block-button__link wp-element-button\" href=\"https:\/\/www.helloasso.com\/associations\/cyclo-club-pays-de-chateaugontier\/evenements\/brm-300-sf2026-2\" target=\"_blank\" rel=\"noreferrer noopener\">Je m&rsquo;inscris au 300km<\/a><\/div>\n<\/div>\n<\/div>\n<\/div>\n<\/div>\n\n\n\n<div class=\"wp-block-column is-layout-flow wp-block-column-is-layout-flow\">\n<h2 class=\"wp-block-heading has-text-align-left\">Le Pass&rsquo;V\u00e9lo<\/h2>\n\n\n\n<p>Vous aurez la possibilit\u00e9 de participer \u00e0 notre Festival de cyclotourisme 2026 avec le tout nouveau <strong>\u00ab Pass&rsquo;V\u00e9lo \u00bb<\/strong> pour la dur\u00e9e de la Semaine f\u00e9d\u00e9rale.<br>Des inscriptions \u00e0 la journ\u00e9es seront \u00e9galement propos\u00e9es en fonction des places disponibles.<\/p>\n\n\n\n<figure class=\"wp-block-image size-large\"><img loading=\"lazy\" decoding=\"async\" width=\"1024\" height=\"766\" src=\"https:\/\/semaine-federale.ffvelo.fr\/2026\/wp-content\/uploads\/sites\/3\/2025\/11\/Balade_a_velo_sur_le_chemin_de_halage-CP-Instapades_Studio_-_Mayenne_Tourisme-10193-1920px-1024x766.jpg\" alt=\"\" class=\"wp-image-296\" srcset=\"https:\/\/semaine-federale.ffvelo.fr\/2026\/wp-content\/uploads\/sites\/3\/2025\/11\/Balade_a_velo_sur_le_chemin_de_halage-CP-Instapades_Studio_-_Mayenne_Tourisme-10193-1920px-1024x766.jpg 1024w, https:\/\/semaine-federale.ffvelo.fr\/2026\/wp-content\/uploads\/sites\/3\/2025\/11\/Balade_a_velo_sur_le_chemin_de_halage-CP-Instapades_Studio_-_Mayenne_Tourisme-10193-1920px-300x225.jpg 300w, https:\/\/semaine-federale.ffvelo.fr\/2026\/wp-content\/uploads\/sites\/3\/2025\/11\/Balade_a_velo_sur_le_chemin_de_halage-CP-Instapades_Studio_-_Mayenne_Tourisme-10193-1920px-768x575.jpg 768w, https:\/\/semaine-federale.ffvelo.fr\/2026\/wp-content\/uploads\/sites\/3\/2025\/11\/Balade_a_velo_sur_le_chemin_de_halage-CP-Instapades_Studio_-_Mayenne_Tourisme-10193-1920px-1536x1150.jpg 1536w, https:\/\/semaine-federale.ffvelo.fr\/2026\/wp-content\/uploads\/sites\/3\/2025\/11\/Balade_a_velo_sur_le_chemin_de_halage-CP-Instapades_Studio_-_Mayenne_Tourisme-10193-1920px.jpg 1920w\" sizes=\"auto, (max-width: 1024px) 100vw, 1024px\" \/><\/figure>\n<\/div>\n<\/div>\n\n\n\n<div style=\"height:40px\" aria-hidden=\"true\" class=\"wp-block-spacer\"><\/div>\n\n\n\n<p><\/p>\n","protected":false},"excerpt":{"rendered":"<p>L&rsquo;ensemble des parcours de la Semaine F\u00e9d\u00e9rale 7 jours de cyclo passion ! La c\u00e9r\u00e9monie d&rsquo;ouvertureLe dimanche 2 ao\u00fbt \u00ab\u00a0\u00c9cluses et du Pays de Laval\u00a0\u00bbLe dimanche 2 ao\u00fbt \u00ab\u00a0Vers la vall\u00e9e de la Sarthe\u00a0\u00bbLe lundi 3 ao\u00fbt \u00ab\u00a0Vers l&rsquo;Anjou Bleu\u00a0\u00bbLe mardi 4 ao\u00fbt \u00ab\u00a0Grottes et cit\u00e9s m\u00e9di\u00e9vales\u00a0\u00bbLe mercredi 5 ao\u00fbt \u00ab\u00a0Pique-nique cyclo festif\u00a0\u00bbLe jeudi 6 [&hellip;]<\/p>\n","protected":false},"author":4,"featured_media":0,"parent":427,"menu_order":0,"comment_status":"closed","ping_status":"closed","template":"","meta":{"slim_seo":{"title":"Les parcours - Semaine F\u00e9d\u00e9rale Cyclotourisme 2026 - Ch\u00e2teau-Gontier sur Mayenne","description":"L'ensemble des parcours de la Semaine F\u00e9d\u00e9rale 7 jours de cyclo passion ! La c\u00e9r\u00e9monie d'ouverture Le dimanche 2 ao\u00fbt \"\u00c9cluses et du Pays de Laval\" Le dimanche"},"footnotes":""},"class_list":["post-277","page","type-page","status-publish","hentry"],"_links":{"self":[{"href":"https:\/\/semaine-federale.ffvelo.fr\/2026\/wp-json\/wp\/v2\/pages\/277","targetHints":{"allow":["GET"]}}],"collection":[{"href":"https:\/\/semaine-federale.ffvelo.fr\/2026\/wp-json\/wp\/v2\/pages"}],"about":[{"href":"https:\/\/semaine-federale.ffvelo.fr\/2026\/wp-json\/wp\/v2\/types\/page"}],"author":[{"embeddable":true,"href":"https:\/\/semaine-federale.ffvelo.fr\/2026\/wp-json\/wp\/v2\/users\/4"}],"replies":[{"embeddable":true,"href":"https:\/\/semaine-federale.ffvelo.fr\/2026\/wp-json\/wp\/v2\/comments?post=277"}],"version-history":[{"count":37,"href":"https:\/\/semaine-federale.ffvelo.fr\/2026\/wp-json\/wp\/v2\/pages\/277\/revisions"}],"predecessor-version":[{"id":1716,"href":"https:\/\/semaine-federale.ffvelo.fr\/2026\/wp-json\/wp\/v2\/pages\/277\/revisions\/1716"}],"up":[{"embeddable":true,"href":"https:\/\/semaine-federale.ffvelo.fr\/2026\/wp-json\/wp\/v2\/pages\/427"}],"wp:attachment":[{"href":"https:\/\/semaine-federale.ffvelo.fr\/2026\/wp-json\/wp\/v2\/media?parent=277"}],"curies":[{"name":"wp","href":"https:\/\/api.w.org\/{rel}","templated":true}]}}