{"id":386,"date":"2025-11-17T17:14:23","date_gmt":"2025-11-17T16:14:23","guid":{"rendered":"https:\/\/semaine-federale.ffvelo.fr\/2026\/?page_id=386"},"modified":"2025-12-19T14:55:44","modified_gmt":"2025-12-19T13:55:44","slug":"ecluses-et-pays-de-laval-dimanche-2-aout","status":"publish","type":"page","link":"https:\/\/semaine-federale.ffvelo.fr\/2026\/le-programme\/les-parcours\/ecluses-et-pays-de-laval-dimanche-2-aout\/","title":{"rendered":"\u00c9cluses et Pays de Laval &#8211; Dimanche 2 ao\u00fbt"},"content":{"rendered":"\n<div class=\"wp-block-cover alignfull is-light wp-elements-5b5c2669dc3e99f995ad8c6d7bf029db\" style=\"margin-bottom:var(--wp--preset--spacing--50);padding-top:var(--wp--preset--spacing--70);padding-bottom:var(--wp--preset--spacing--70)\"><span aria-hidden=\"true\" class=\"wp-block-cover__background has-beige-background-color has-background-dim-60 has-background-dim\"><\/span><img loading=\"lazy\" decoding=\"async\" width=\"2160\" height=\"1440\" src=\"https:\/\/semaine-federale.ffvelo.fr\/2026\/wp-content\/uploads\/sites\/3\/2025\/07\/Menil.webp\" class=\"wp-block-cover__image-background wp-post-image\" alt=\"M\u00e9nil\" data-object-fit=\"cover\" data-object-position=\"54% 72%\" style=\"object-position:54% 72%;\" srcset=\"https:\/\/semaine-federale.ffvelo.fr\/2026\/wp-content\/uploads\/sites\/3\/2025\/07\/Menil.webp 2160w, https:\/\/semaine-federale.ffvelo.fr\/2026\/wp-content\/uploads\/sites\/3\/2025\/07\/Menil-300x200.webp 300w, https:\/\/semaine-federale.ffvelo.fr\/2026\/wp-content\/uploads\/sites\/3\/2025\/07\/Menil-1024x683.webp 1024w, https:\/\/semaine-federale.ffvelo.fr\/2026\/wp-content\/uploads\/sites\/3\/2025\/07\/Menil-768x512.webp 768w, https:\/\/semaine-federale.ffvelo.fr\/2026\/wp-content\/uploads\/sites\/3\/2025\/07\/Menil-1536x1024.webp 1536w, https:\/\/semaine-federale.ffvelo.fr\/2026\/wp-content\/uploads\/sites\/3\/2025\/07\/Menil-2048x1365.webp 2048w\" sizes=\"auto, (max-width: 2160px) 100vw, 2160px\" \/><div class=\"wp-block-cover__inner-container has-global-padding is-layout-constrained wp-block-cover-is-layout-constrained\">\n<div class=\"wp-block-group has-global-padding is-content-justification-left is-layout-constrained wp-container-core-group-is-layout-12dd3699 wp-block-group-is-layout-constrained\"><h1 class=\"has-text-align-center wp-block-post-title\">\u00c9cluses et Pays de Laval &#8211; Dimanche 2 ao\u00fbt<\/h1><\/div>\n<\/div><\/div>\n\n\n\n<h2 class=\"wp-block-heading has-blue-light-color has-text-color has-link-color has-large-font-size wp-elements-02ecbb576eac10308ad80ce1ff27c3bd\"><em>5 parcours de 60 \u00e0 143 km<\/em><\/h2>\n\n\n\n<div class=\"wp-block-columns is-layout-flex wp-container-core-columns-is-layout-28f84493 wp-block-columns-is-layout-flex\">\n<div class=\"wp-block-column is-layout-flow wp-block-column-is-layout-flow\">\n<figure class=\"wp-block-image size-large\"><img loading=\"lazy\" decoding=\"async\" width=\"508\" height=\"1024\" src=\"https:\/\/semaine-federale.ffvelo.fr\/2026\/wp-content\/uploads\/sites\/3\/2025\/11\/PARCOURS_J1-508x1024.png\" alt=\"\" class=\"wp-image-287\" srcset=\"https:\/\/semaine-federale.ffvelo.fr\/2026\/wp-content\/uploads\/sites\/3\/2025\/11\/PARCOURS_J1-508x1024.png 508w, https:\/\/semaine-federale.ffvelo.fr\/2026\/wp-content\/uploads\/sites\/3\/2025\/11\/PARCOURS_J1-149x300.png 149w, https:\/\/semaine-federale.ffvelo.fr\/2026\/wp-content\/uploads\/sites\/3\/2025\/11\/PARCOURS_J1-768x1547.png 768w, https:\/\/semaine-federale.ffvelo.fr\/2026\/wp-content\/uploads\/sites\/3\/2025\/11\/PARCOURS_J1-762x1536.png 762w, https:\/\/semaine-federale.ffvelo.fr\/2026\/wp-content\/uploads\/sites\/3\/2025\/11\/PARCOURS_J1-1016x2048.png 1016w, https:\/\/semaine-federale.ffvelo.fr\/2026\/wp-content\/uploads\/sites\/3\/2025\/11\/PARCOURS_J1-scaled.png 1271w\" sizes=\"auto, (max-width: 508px) 100vw, 508px\" \/><\/figure>\n<\/div>\n\n\n\n<div class=\"wp-block-column is-layout-flow wp-block-column-is-layout-flow\">\n<div style=\"height:160px\" aria-hidden=\"true\" class=\"wp-block-spacer\"><\/div>\n\n\n\n<p>Apr\u00e8s quelques coups de p\u00e9dales vous arriverez \u00e0 <strong>Coss\u00e9-le-Vivien<\/strong>, une \u00e9tape incontournable pour les amateurs d\u2019art. Le mus\u00e9e Robert Tatin, v\u00e9ritable \u0153uvre d\u2019art \u00e0 ciel ouvert, vous plongera dans l\u2019univers fascinant de cet artiste aux cr\u00e9ations monumentales et oniriques.<br><br>L\u2019itin\u00e9raire se poursuit vers <strong>Nuill\u00e9-sur-Vicoin<\/strong>, o\u00f9 vous pourrez apercevoir le ch\u00e2teau de Lancheneil et ses colombiers class\u00e9s. Ce domaine, nich\u00e9 dans un \u00e9crin de verdure, t\u00e9moigne du riche pass\u00e9 de la r\u00e9gion.<br><br>Arriv\u00e9 \u00e0 <strong>Chang\u00e9<\/strong>, vous pourrez appr\u00e9cier le charme et la verdure du Parc des Ondines. Ne manquez pas non plus l\u2019\u00e9glise Saint-Pierre,<br>qui compl\u00e8te ce parcours m\u00ealant culture et nature.<br><br>Puis, \u00e0 <strong>Laval,<\/strong> plusieurs sites remarquables m\u00e9ritent une halte : le Mus\u00e9e d\u2019Art Na\u00eff et des Arts singuliers, situ\u00e9 dans le Vieux Ch\u00e2teau, qui abrite une collection unique d\u2019\u0153uvres na\u00efves et insolites. La Basilique Notre Dame d\u2019Avesni\u00e8res, joyau du XI\u00e8me si\u00e8cle, surplombe la rivi\u00e8re et offre une atmosph\u00e8re de s\u00e9r\u00e9nit\u00e9.<br><br>En fin de parcours, \u00e0 <strong>Saint-Sulpice<\/strong>, vous pourrez admirer le jardin de La Rong\u00e8re, class\u00e9 jardin remarquable. Ce jardin \u00e0 la fran\u00e7aise, parfaitement entretenu, offre un cadre bucolique.<\/p>\n<\/div>\n<\/div>\n\n\n\n<div style=\"height:40px\" aria-hidden=\"true\" class=\"wp-block-spacer\"><\/div>\n","protected":false},"excerpt":{"rendered":"<p>5 parcours de 60 \u00e0 143 km Apr\u00e8s quelques coups de p\u00e9dales vous arriverez \u00e0 Coss\u00e9-le-Vivien, une \u00e9tape incontournable pour les amateurs d\u2019art. Le mus\u00e9e Robert Tatin, v\u00e9ritable \u0153uvre d\u2019art \u00e0 ciel ouvert, vous plongera dans l\u2019univers fascinant de cet artiste aux cr\u00e9ations monumentales et oniriques. L\u2019itin\u00e9raire se poursuit vers Nuill\u00e9-sur-Vicoin, o\u00f9 vous pourrez apercevoir [&hellip;]<\/p>\n","protected":false},"author":4,"featured_media":17,"parent":277,"menu_order":1,"comment_status":"closed","ping_status":"closed","template":"","meta":{"slim_seo":{"title":"\u00c9cluses et Pays de Laval - Dimanche 2 ao\u00fbt - Semaine F\u00e9d\u00e9rale Cyclotourisme 2026 - Ch\u00e2teau-Gontier sur Mayenne","description":"5 parcours de 60 \u00e0 143 km Apr\u00e8s quelques coups de p\u00e9dales vous arriverez \u00e0 Coss\u00e9-le-Vivien , une \u00e9tape incontournable pour les amateurs d\u2019art. Le mus\u00e9e Robert T"},"footnotes":""},"class_list":["post-386","page","type-page","status-publish","has-post-thumbnail","hentry"],"_links":{"self":[{"href":"https:\/\/semaine-federale.ffvelo.fr\/2026\/wp-json\/wp\/v2\/pages\/386","targetHints":{"allow":["GET"]}}],"collection":[{"href":"https:\/\/semaine-federale.ffvelo.fr\/2026\/wp-json\/wp\/v2\/pages"}],"about":[{"href":"https:\/\/semaine-federale.ffvelo.fr\/2026\/wp-json\/wp\/v2\/types\/page"}],"author":[{"embeddable":true,"href":"https:\/\/semaine-federale.ffvelo.fr\/2026\/wp-json\/wp\/v2\/users\/4"}],"replies":[{"embeddable":true,"href":"https:\/\/semaine-federale.ffvelo.fr\/2026\/wp-json\/wp\/v2\/comments?post=386"}],"version-history":[{"count":8,"href":"https:\/\/semaine-federale.ffvelo.fr\/2026\/wp-json\/wp\/v2\/pages\/386\/revisions"}],"predecessor-version":[{"id":394,"href":"https:\/\/semaine-federale.ffvelo.fr\/2026\/wp-json\/wp\/v2\/pages\/386\/revisions\/394"}],"up":[{"embeddable":true,"href":"https:\/\/semaine-federale.ffvelo.fr\/2026\/wp-json\/wp\/v2\/pages\/277"}],"wp:featuredmedia":[{"embeddable":true,"href":"https:\/\/semaine-federale.ffvelo.fr\/2026\/wp-json\/wp\/v2\/media\/17"}],"wp:attachment":[{"href":"https:\/\/semaine-federale.ffvelo.fr\/2026\/wp-json\/wp\/v2\/media?parent=386"}],"curies":[{"name":"wp","href":"https:\/\/api.w.org\/{rel}","templated":true}]}}