{"id":47,"date":"2025-07-31T16:36:21","date_gmt":"2025-07-31T14:36:21","guid":{"rendered":"https:\/\/semaine-federale.ffvelo.fr\/2026-prod\/?page_id=47"},"modified":"2026-04-27T09:57:50","modified_gmt":"2026-04-27T07:57:50","slug":"47-2","status":"publish","type":"page","link":"https:\/\/semaine-federale.ffvelo.fr\/2026\/","title":{"rendered":"Festival international de cyclotourisme"},"content":{"rendered":"\n<div class=\"wp-block-cover alignfull is-light has-custom-content-position is-position-top-center has-blue-dark-color has-text-color has-link-color wp-elements-ec3b8e0bee20da1018d66cbf1def4775\" style=\"padding-top:var(--wp--preset--spacing--80);padding-bottom:var(--wp--preset--spacing--70);font-style:normal;font-weight:600;text-transform:uppercase;min-height:60vh;aspect-ratio:unset;\"><span aria-hidden=\"true\" class=\"wp-block-cover__background has-beige-background-color has-background-dim-100 has-background-dim\"><\/span><div class=\"wp-block-cover__inner-container has-global-padding is-layout-constrained wp-container-core-cover-is-layout-ecaae171 wp-block-cover-is-layout-constrained\">\n<h1 class=\"wp-block-heading has-text-align-center is-style-block-heading-box has-xx-large-font-size is-style-block-heading-box--1\">Festival international de<br><mark style=\"background-color:#3a3885\" class=\"has-inline-color has-white-color\">Cyclotourisme<\/mark><\/h1>\n\n\n\n<p class=\"has-text-align-center has-medium-font-size\"><mark style=\"background-color:#fefef7\" class=\"has-inline-color has-orange-color\">87<sup>\u00e8me<\/sup><\/mark> semaine f\u00e9d\u00e9rale <mark style=\"background-color:#fefef7\" class=\"has-inline-color has-green-color\">internationale<\/mark> de cyclotourisme<\/p>\n\n\n\n<div class=\"wp-block-group has-blue-medium-color has-text-color has-link-color has-chaloops-font-family has-medium-font-size wp-elements-75d0a8aca4dad6bec27d90be1bbf30c8 is-vertical is-content-justification-center is-layout-flex wp-container-core-group-is-layout-4f6512c2 wp-block-group-is-layout-flex\" style=\"margin-top:var(--wp--preset--spacing--20);margin-bottom:var(--wp--preset--spacing--20);padding-top:0;padding-bottom:0\">\n<p class=\"has-text-align-center has-chaloops-font-family has-large-font-size\">Du 2 au 9 ao\u00fbt 2026<\/p>\n\n\n\n<p class=\"has-text-align-center has-blue-medium-color has-text-color has-link-color wp-elements-2e3ff8cea0583772382edfd39c1a8aa4\">Ch\u00e2teau-Gontier sur Mayenne<\/p>\n<\/div>\n<\/div><\/div>\n\n\n\n<div class=\"wp-block-group alignfull has-blue-dark-background-color has-background has-global-padding is-layout-constrained wp-block-group-is-layout-constrained\" style=\"margin-top:0;margin-bottom:0;padding-top:var(--wp--preset--spacing--40);padding-bottom:var(--wp--preset--spacing--40)\">\n<h3 class=\"wp-block-heading has-text-align-center has-white-color has-text-color has-link-color wp-elements-35348cd278761765dcdaca217fae0637\">&nbsp;D\u00e9couvrez le livret promotionnel de la SF2026&nbsp;!<\/h3>\n\n\n\n<div class=\"wp-block-buttons is-content-justification-center is-layout-flex wp-container-core-buttons-is-layout-a89b3969 wp-block-buttons-is-layout-flex\">\n<div class=\"wp-block-button is-style-outline is-style-outline--2\"><a class=\"wp-block-button__link has-white-color has-text-color has-link-color has-text-align-center wp-element-button\" href=\"https:\/\/semaine-federale.ffvelo.fr\/2026\/wp-content\/uploads\/sites\/3\/2025\/10\/CYCLO_DEPLIANT_WEB.pdf\" target=\"_blank\" rel=\"noreferrer noopener\">T\u00e9l\u00e9charger le livret PDF<\/a><\/div>\n<\/div>\n<\/div>\n\n\n\n<div style=\"height:40px\" aria-hidden=\"true\" class=\"wp-block-spacer\"><\/div>\n\n\n\n<div class=\"wp-block-group is-style-default has-global-padding is-layout-constrained wp-block-group-is-layout-constrained\">\n<div class=\"wp-block-columns is-style-block-columns-space-between is-layout-flex wp-container-core-columns-is-layout-7f3773af wp-block-columns-is-layout-flex is-style-block-columns-space-between--3\">\n<div class=\"wp-block-column is-layout-flow wp-block-column-is-layout-flow\" style=\"flex-basis:40%\">\n<h2 class=\"wp-block-heading is-style-block-text-balanced has-orange-color has-text-color has-link-color wp-elements-56c5a8a628812b7ccd9007413fe38a6c is-style-block-text-balanced--4\">On se voit du 2 au 9 Ao\u00fbt<\/h2>\n\n\n\n<p>7 jours de v\u00e9lo, de partage et de convivialit\u00e9. D\u00e9couvrez le Festival international de cyclotourisme, \u00e9volution de la Semaine f\u00e9d\u00e9rale du cyclotourisme. Un \u00e9v\u00e9nement ouvert \u00e0 tous : cyclos passionn\u00e9s et amateurs, familles\u2026 Venez nombreux !<\/p>\n<\/div>\n\n\n\n<div class=\"wp-block-column is-layout-flow wp-block-column-is-layout-flow\" style=\"flex-basis:50%\">\n<p class=\"has-text-align-center has-normal-font-size\" style=\"text-transform:none\">Ne manquez pas le d\u00e9part : le compte \u00e0 rebours est lanc\u00e9<\/p>\n\n\n\n<div class=\"wp-block-festivalcyclotourisme-countdown\"><p class=\"screen-reader-text\">Date de lancement :<time datetime=\"2026-08-02T08:00:00\">02\/08\/2026<\/time><\/p><div class=\"festivalcyclotourisme-countdown\" role=\"timer\" data-datetime=\"2026-08-02T08:00:00\"><div class=\"festivalcyclotourisme-countdown__days\"><span class=\"festivalcyclotourisme-countdown__number\">X<\/span><span class=\"festivalcyclotourisme-countdown__label\">jours<\/span><\/div><div class=\"festivalcyclotourisme-countdown__hours\"><span class=\"festivalcyclotourisme-countdown__number\">X<\/span><span class=\"festivalcyclotourisme-countdown__label\">heures<\/span><\/div><div class=\"festivalcyclotourisme-countdown__minutes\"><span class=\"festivalcyclotourisme-countdown__number\">x<\/span><span class=\"festivalcyclotourisme-countdown__label\">minutes<\/span><\/div><\/div><\/div>\n\n\n\n<figure class=\"wp-block-image alignright size-full is-resized\" style=\"margin-top:-30px;margin-right:-50px\"><img loading=\"lazy\" decoding=\"async\" width=\"346\" height=\"446\" src=\"https:\/\/semaine-federale.ffvelo.fr\/2026\/wp-content\/uploads\/sites\/3\/2025\/07\/mere-enfant.webp\" alt=\"Mere enfant\" class=\"wp-image-50\" style=\"width:150px\" srcset=\"https:\/\/semaine-federale.ffvelo.fr\/2026\/wp-content\/uploads\/sites\/3\/2025\/07\/mere-enfant.webp 346w, https:\/\/semaine-federale.ffvelo.fr\/2026\/wp-content\/uploads\/sites\/3\/2025\/07\/mere-enfant-233x300.webp 233w\" sizes=\"auto, (max-width: 346px) 100vw, 346px\" \/><\/figure>\n<\/div>\n<\/div>\n<\/div>\n\n\n\n<div style=\"height:40px\" aria-hidden=\"true\" class=\"wp-block-spacer\"><\/div>\n\n\n\n<div class=\"wp-block-group alignfull is-style-section-group-colorful has-blue-light-background-color has-background has-global-padding is-layout-constrained wp-block-group-is-layout-constrained is-style-section-group-colorful--5\">\n<h2 class=\"wp-block-heading has-text-align-center has-white-color has-text-color has-link-color wp-elements-1356be6399eab4358477461a50d6847e\">Le Festival du cyclotourisme 2026 en Mayenne vise :<\/h2>\n\n\n\n<div class=\"wp-block-group is-content-justification-center is-layout-flex wp-container-core-group-is-layout-306baa1c wp-block-group-is-layout-flex\" style=\"padding-top:var(--wp--preset--spacing--20);padding-bottom:var(--wp--preset--spacing--20)\">\n<div class=\"wp-block-group has-global-padding is-layout-constrained wp-container-core-group-is-layout-3e29d487 wp-block-group-is-layout-constrained\" style=\"padding-top:0;padding-bottom:0\">\n<p class=\"has-text-align-center has-chaloops-font-family has-huge-font-size\" style=\"font-style:normal;font-weight:600\">10&nbsp;000<\/p>\n\n\n\n<p class=\"has-text-align-center\">participants<\/p>\n<\/div>\n\n\n\n<div class=\"wp-block-group has-global-padding is-layout-constrained wp-container-core-group-is-layout-3e29d487 wp-block-group-is-layout-constrained\" style=\"padding-top:0;padding-bottom:0\">\n<p class=\"has-text-align-center has-chaloops-font-family has-huge-font-size\" style=\"font-style:normal;font-weight:600\">8\u00a0000<\/p>\n\n\n\n<p class=\"has-text-align-center\">cyclos<\/p>\n<\/div>\n\n\n\n<div class=\"wp-block-group has-global-padding is-layout-constrained wp-container-core-group-is-layout-3e29d487 wp-block-group-is-layout-constrained\" style=\"padding-top:0;padding-bottom:0\">\n<p class=\"has-text-align-center has-chaloops-font-family has-huge-font-size\" style=\"font-style:normal;font-weight:600\">1\u00a0200<\/p>\n\n\n\n<p class=\"has-text-align-center\">b\u00e9n\u00e9voles<\/p>\n<\/div>\n<\/div>\n<\/div>\n\n\n\n<div style=\"height:40px\" aria-hidden=\"true\" class=\"wp-block-spacer\"><\/div>\n\n\n\n<div class=\"wp-block-group alignfull is-style-section-group-colorful has-green-background-color has-background has-global-padding is-layout-constrained wp-block-group-is-layout-constrained is-style-section-group-colorful--6\">\n<div class=\"wp-block-columns are-vertically-aligned-center is-layout-flex wp-container-core-columns-is-layout-28f84493 wp-block-columns-is-layout-flex\">\n<div class=\"wp-block-column is-vertically-aligned-center is-layout-flow wp-block-column-is-layout-flow\" style=\"flex-basis:40%\">\n<h2 class=\"wp-block-heading is-style-block-text-balanced is-style-block-text-balanced--7\">Comment vous inscrire ?<\/h2>\n\n\n\n<p><strong>Bonne nouvelle : les inscriptions sont d\u00e9sormais ouvertes !<\/strong>&nbsp;Nous avons mis en place une plateforme d\u00e9di\u00e9e pour faciliter vos d\u00e9marches. N&rsquo;attendez plus pour nous rejoindre !<\/p>\n\n\n\n<div class=\"wp-block-columns is-layout-flex wp-container-core-columns-is-layout-28f84493 wp-block-columns-is-layout-flex\">\n<div class=\"wp-block-column is-layout-flow wp-block-column-is-layout-flow\">\n<div class=\"wp-block-buttons is-layout-flex wp-block-buttons-is-layout-flex\">\n<div class=\"wp-block-button is-style-fill\"><a class=\"wp-block-button__link has-white-color has-pink-background-color has-text-color has-background has-link-color wp-element-button\" href=\"https:\/\/in.njuko.com\/87eme-semaine-federale-internationale-de-cyclotourisme\" target=\"_blank\" rel=\"noreferrer noopener\">S&rsquo;inscrire en ligne<\/a><\/div>\n<\/div>\n<\/div>\n\n\n\n<div class=\"wp-block-column is-layout-flow wp-block-column-is-layout-flow\">\n<div class=\"wp-block-buttons is-layout-flex wp-block-buttons-is-layout-flex\">\n<div class=\"wp-block-button\"><a class=\"wp-block-button__link has-pink-background-color has-background wp-element-button\" href=\"https:\/\/semaine-federale.ffvelo.fr\/2026\/wp-content\/uploads\/sites\/3\/2026\/04\/Formulaire_inscription_VFinale2.pdf\" target=\"_blank\" rel=\"noreferrer noopener\">S&rsquo;inscrire au format papier<\/a><\/div>\n<\/div>\n<\/div>\n<\/div>\n\n\n\n<p>ET POUR LE CAMP JEUNES (Hors famille) :<\/p>\n\n\n\n<p>Les pr\u00e9-inscriptions pour les jeunes (10 \u00e0 18 ans) des Ecoles Fran\u00e7aises de V\u00e9lo au Bike Festival 2026 et de leurs encadrants se font uniquement&nbsp;par les liens d\u00e9di\u00e9s :<\/p>\n\n\n\n<div class=\"wp-block-buttons is-layout-flex wp-block-buttons-is-layout-flex\">\n<div class=\"wp-block-button is-style-fill\"><a class=\"wp-block-button__link has-white-color has-yellow-background-color has-text-color has-background has-link-color wp-element-button\" href=\"https:\/\/forms.office.com\/Pages\/ResponsePage.aspx?id=z6XN4aQxmkuX91X4wL5MoAor_MtVL_BDnhDUCJu63hdURUtPQk5TUkw2MlpOQVBFRDY2OExaNFMyQy4u\" target=\"_blank\" rel=\"noreferrer noopener\">Inscriptions jeunes (hors familles)<\/a><\/div>\n\n\n\n<div class=\"wp-block-button is-style-fill\"><a class=\"wp-block-button__link has-white-color has-yellow-background-color has-text-color has-background has-link-color wp-element-button\" href=\"https:\/\/forms.office.com\/Pages\/ResponsePage.aspx?id=z6XN4aQxmkuX91X4wL5MoAor_MtVL_BDnhDUCJu63hdUMVEyMTdKVlBUWFIxVUFXMDJJMjE2S0dPRi4u\">Inscriptions encadrants<\/a><\/div>\n<\/div>\n\n\n\n<p>POUR LES BREVETS <\/p>\n\n\n\n<p>Les inscriptions sont possibles d\u00e8s maintenant sur HelloAsso, pour le Mercredi 5 ao\u00fbt : 200 km et pour le Samedi 8 ao\u00fbt : 300 Km.<\/p>\n\n\n\n<div class=\"wp-block-columns is-layout-flex wp-container-core-columns-is-layout-28f84493 wp-block-columns-is-layout-flex\">\n<div class=\"wp-block-column is-layout-flow wp-block-column-is-layout-flow\">\n<div class=\"wp-block-buttons is-content-justification-center is-layout-flex wp-container-core-buttons-is-layout-a89b3969 wp-block-buttons-is-layout-flex\">\n<div class=\"wp-block-button\"><a class=\"wp-block-button__link wp-element-button\" href=\"https:\/\/www.helloasso.com\/associations\/cyclo-club-pays-de-chateaugontier\/evenements\/brm-200-sf2026\" target=\"_blank\" rel=\"noreferrer noopener\">Je m&rsquo;inscris au 200km<\/a><\/div>\n<\/div>\n<\/div>\n\n\n\n<div class=\"wp-block-column is-layout-flow wp-block-column-is-layout-flow\">\n<div class=\"wp-block-buttons is-content-justification-center is-layout-flex wp-container-core-buttons-is-layout-a89b3969 wp-block-buttons-is-layout-flex\">\n<div class=\"wp-block-button\"><a class=\"wp-block-button__link wp-element-button\" href=\"https:\/\/www.helloasso.com\/associations\/cyclo-club-pays-de-chateaugontier\/evenements\/brm-300-sf2026-2\" target=\"_blank\" rel=\"noreferrer noopener\">Je m&rsquo;inscris au 300km<\/a><\/div>\n<\/div>\n<\/div>\n<\/div>\n<\/div>\n\n\n\n<div class=\"wp-block-column is-vertically-aligned-center is-layout-flow wp-block-column-is-layout-flow\">\n<div class=\"wp-block-group is-content-justification-center is-nowrap is-layout-flex wp-container-core-group-is-layout-23441af8 wp-block-group-is-layout-flex\">\n<figure class=\"wp-block-image size-full is-resized\"><img loading=\"lazy\" decoding=\"async\" width=\"346\" height=\"446\" src=\"https:\/\/semaine-federale.ffvelo.fr\/2026\/wp-content\/uploads\/sites\/3\/2025\/07\/mere-enfant.webp\" alt=\"Mere enfant\" class=\"wp-image-50\" style=\"width:380px\" srcset=\"https:\/\/semaine-federale.ffvelo.fr\/2026\/wp-content\/uploads\/sites\/3\/2025\/07\/mere-enfant.webp 346w, https:\/\/semaine-federale.ffvelo.fr\/2026\/wp-content\/uploads\/sites\/3\/2025\/07\/mere-enfant-233x300.webp 233w\" sizes=\"auto, (max-width: 346px) 100vw, 346px\" \/><\/figure>\n<\/div>\n<\/div>\n<\/div>\n<\/div>\n\n\n\n<div class=\"wp-block-group has-global-padding is-layout-constrained wp-block-group-is-layout-constrained\">\n<div class=\"wp-block-media-text is-stacked-on-mobile is-style-block-heading-box is-style-block-media-text-rounded is-style-block-media-text-rounded--8\" style=\"grid-template-columns:40% auto\"><figure class=\"wp-block-media-text__media\"><img loading=\"lazy\" decoding=\"async\" width=\"768\" height=\"1024\" src=\"https:\/\/semaine-federale.ffvelo.fr\/2026\/wp-content\/uploads\/sites\/3\/2025\/07\/photo-chateau-gontier-rue-768x1024.webp\" alt=\"Photo chateau gontier rue\" class=\"wp-image-52 size-large\" srcset=\"https:\/\/semaine-federale.ffvelo.fr\/2026\/wp-content\/uploads\/sites\/3\/2025\/07\/photo-chateau-gontier-rue-768x1024.webp 768w, https:\/\/semaine-federale.ffvelo.fr\/2026\/wp-content\/uploads\/sites\/3\/2025\/07\/photo-chateau-gontier-rue-225x300.webp 225w, https:\/\/semaine-federale.ffvelo.fr\/2026\/wp-content\/uploads\/sites\/3\/2025\/07\/photo-chateau-gontier-rue-1152x1536.webp 1152w, https:\/\/semaine-federale.ffvelo.fr\/2026\/wp-content\/uploads\/sites\/3\/2025\/07\/photo-chateau-gontier-rue.webp 1200w\" sizes=\"auto, (max-width: 768px) 100vw, 768px\" \/><\/figure><div class=\"wp-block-media-text__content\">\n<h2 class=\"wp-block-heading is-style-block-text-balanced has-orange-color has-text-color has-link-color wp-elements-de55cd38d2a8458c431037a6af8c608a is-style-block-text-balanced--9\">Les incontournables de la r\u00e9gion !<\/h2>\n\n\n\n<p>Et si votre \u00e9chapp\u00e9e \u00e0 v\u00e9lo devenait aussi une aventure culturelle et humaine ? Derri\u00e8re les petites routes tranquilles et les chemins bord\u00e9s de haies, se cachent des villages pleins de charme, des b\u00e2tisses charg\u00e9es d\u2019histoire, des panoramas \u00e0 couper le souffle et une atmosph\u00e8re paisible qui invite \u00e0 la fl\u00e2nerie.<\/p>\n\n\n\n<p>Ici, on prend le temps : le temps de visiter, d\u2019\u00e9changer, de savourer. Le temps d\u2019une halte au bord d\u2019une rivi\u00e8re ou d\u2019une d\u00e9couverte au d\u00e9tour d\u2019une ruelle pav\u00e9e. La r\u00e9gion ne se visite pas seulement, elle se vit. Et pour vous aider \u00e0 ne rien manquer, nous avons s\u00e9lectionn\u00e9 quelques-uns de ses plus beaux tr\u00e9sors.<\/p>\n<\/div><\/div>\n<\/div>\n\n\n\n<div style=\"height:40px\" aria-hidden=\"true\" class=\"wp-block-spacer\"><\/div>\n\n\n\n<div class=\"wp-block-group alignfull is-style-section-group-colorful screen-reader-text has-green-background-color has-background has-global-padding is-layout-constrained wp-block-group-is-layout-constrained is-style-section-group-colorful--10\">\n<h2 class=\"wp-block-heading has-text-align-center\">Des nuits paisibles pour des journ\u00e9es \u00e0 v\u00e9lo<\/h2>\n\n\n\n<p class=\"has-text-align-center has-chaloops-font-family has-large-font-size\">Explorez toutes nos options d&rsquo;h\u00e9bergements adapt\u00e9es \u00e0 vos besoins.<\/p>\n\n\n\n<div class=\"wp-block-columns has-blue-medium-color has-text-color has-link-color wp-elements-98e34ab1bdc79aef54e45bbbff410f9b is-layout-flex wp-container-core-columns-is-layout-ce18292d wp-block-columns-is-layout-flex\" style=\"margin-top:var(--wp--preset--spacing--60);margin-bottom:var(--wp--preset--spacing--40)\">\n<div class=\"wp-block-column has-white-background-color has-background is-layout-flow wp-block-column-is-layout-flow\" style=\"border-radius:0.5rem;padding-top:var(--wp--preset--spacing--30);padding-right:var(--wp--preset--spacing--40);padding-bottom:var(--wp--preset--spacing--30);padding-left:var(--wp--preset--spacing--40)\">\n<h3 class=\"wp-block-heading has-text-align-center has-urbane-font-family has-medium-font-size\" style=\"text-transform:uppercase\">H\u00e9bergements<\/h3>\n\n\n\n<p class=\"has-text-align-center\">Lorem ipsum dolor sit amet consectetur. Tempus<\/p>\n\n\n\n\n\n<p class=\"has-text-align-center\" style=\"font-style:normal;font-weight:600\"><a href=\"#\">D\u00e9couvrir<\/a><\/p>\n<\/div>\n\n\n\n<div class=\"wp-block-column has-white-background-color has-background is-layout-flow wp-block-column-is-layout-flow\" style=\"border-radius:0.5rem;padding-top:var(--wp--preset--spacing--30);padding-right:var(--wp--preset--spacing--40);padding-bottom:var(--wp--preset--spacing--30);padding-left:var(--wp--preset--spacing--40)\">\n<h3 class=\"wp-block-heading has-text-align-center has-urbane-font-family has-medium-font-size\" style=\"text-transform:uppercase\">H\u00e9bergements<\/h3>\n\n\n\n<p class=\"has-text-align-center\">Lorem ipsum dolor sit amet consectetur. Tempus<\/p>\n\n\n\n\n\n<p class=\"has-text-align-center\" style=\"font-style:normal;font-weight:600\"><a href=\"#\">D\u00e9couvrir<\/a><\/p>\n<\/div>\n\n\n\n<div class=\"wp-block-column has-white-background-color has-background is-layout-flow wp-block-column-is-layout-flow\" style=\"border-radius:0.5rem;padding-top:var(--wp--preset--spacing--30);padding-right:var(--wp--preset--spacing--40);padding-bottom:var(--wp--preset--spacing--30);padding-left:var(--wp--preset--spacing--40)\">\n<h3 class=\"wp-block-heading has-text-align-center has-urbane-font-family has-medium-font-size\" style=\"text-transform:uppercase\">H\u00e9bergements<\/h3>\n\n\n\n<p class=\"has-text-align-center\">Lorem ipsum dolor sit amet consectetur. Tempus<\/p>\n\n\n\n\n\n<p class=\"has-text-align-center\" style=\"font-style:normal;font-weight:600\"><a href=\"#\">D\u00e9couvrir<\/a><\/p>\n<\/div>\n<\/div>\n<\/div>\n\n\n\n<div class=\"wp-block-group has-global-padding is-layout-constrained wp-block-group-is-layout-constrained\">\n<div class=\"wp-block-columns is-style-block-columns-space-between is-layout-flex wp-container-core-columns-is-layout-28f84493 wp-block-columns-is-layout-flex is-style-block-columns-space-between--11\">\n<div class=\"wp-block-column is-layout-flow wp-block-column-is-layout-flow\" style=\"flex-basis:35%\">\n<h2 class=\"wp-block-heading is-style-block-text-balanced has-orange-color has-text-color has-link-color wp-elements-ccd56fb9f4dfdee19f9dd13024b37108 is-style-block-text-balanced--12\">D\u00e9couvrez tous les itin\u00e9raires<\/h2>\n\n\n\n<p>Pendant toute la semaine, partez \u00e0 la d\u00e9couverte d\u2019itin\u00e9raires pens\u00e9s pour tous les niveaux, entre nature, patrimoine et villages de caract\u00e8re. Chaque jour, de nouveaux paysages s\u2019ouvriront \u00e0 vous, pour une exp\u00e9rience \u00e0 v\u00e9lo aussi vari\u00e9e que conviviale.<\/p>\n<\/div>\n\n\n\n<div class=\"wp-block-column is-layout-flow wp-container-core-column-is-layout-0ab540ad wp-block-column-is-layout-flow\" style=\"flex-basis:50%\">\n<div class=\"wp-block-group is-style-section-group-timeline is-vertical is-nowrap is-layout-flex wp-container-core-group-is-layout-3655d5c7 wp-block-group-is-layout-flex is-style-section-group-timeline--13\">\n<div class=\"wp-block-media-text has-media-on-the-right is-stacked-on-mobile is-vertically-aligned-top is-style-block-heading-box is-style-block-media-text-rounded is-style-block-media-text-rounded--14\" style=\"grid-template-columns:auto 30%\"><div class=\"wp-block-media-text__content\">\n<h3 class=\"wp-block-heading\">La r\u00e9gion \u00e0 v\u00e9lo <\/h3>\n\n\n\n<p class=\"is-style-default\">Profitez pendant 7 jours de la beaut\u00e9 des paysages dans nos magnifiques d\u00e9partements (Mayenne, Pays Sabolien et Anjou bleu). De Fontaine-Daniel au Lion d\u2019Angers, en passant par Laval, vous d\u00e9couvrirez de nouveaux paysages tous les jours.<\/p>\n<\/div><figure class=\"wp-block-media-text__media\"><img loading=\"lazy\" decoding=\"async\" width=\"768\" height=\"1024\" src=\"https:\/\/semaine-federale.ffvelo.fr\/2026\/wp-content\/uploads\/sites\/3\/2025\/07\/photo-chateau-gontier-rue-768x1024.webp\" alt=\"Photo chateau gontier rue\" class=\"wp-image-52 size-medium\" srcset=\"https:\/\/semaine-federale.ffvelo.fr\/2026\/wp-content\/uploads\/sites\/3\/2025\/07\/photo-chateau-gontier-rue-768x1024.webp 768w, https:\/\/semaine-federale.ffvelo.fr\/2026\/wp-content\/uploads\/sites\/3\/2025\/07\/photo-chateau-gontier-rue-225x300.webp 225w, https:\/\/semaine-federale.ffvelo.fr\/2026\/wp-content\/uploads\/sites\/3\/2025\/07\/photo-chateau-gontier-rue-1152x1536.webp 1152w, https:\/\/semaine-federale.ffvelo.fr\/2026\/wp-content\/uploads\/sites\/3\/2025\/07\/photo-chateau-gontier-rue.webp 1200w\" sizes=\"auto, (max-width: 768px) 100vw, 768px\" \/><\/figure><\/div>\n\n\n\n<div class=\"wp-block-media-text has-media-on-the-right is-stacked-on-mobile is-vertically-aligned-top is-style-block-heading-box is-style-block-media-text-rounded is-style-block-media-text-rounded--15\" style=\"grid-template-columns:auto 30%\"><div class=\"wp-block-media-text__content\">\n<h3 class=\"wp-block-heading\">Entre patrimoine et nature<\/h3>\n\n\n\n<p class=\"is-style-default\">Des monuments historiques et de nombreux ch\u00e2teaux s\u2019offriront \u00e0 vous. Une mani\u00e8re diff\u00e9rente de profiter de la verdure et des paysages mayennais.<\/p>\n<\/div><figure class=\"wp-block-media-text__media\"><img loading=\"lazy\" decoding=\"async\" width=\"1024\" height=\"768\" src=\"https:\/\/semaine-federale.ffvelo.fr\/2026\/wp-content\/uploads\/sites\/3\/2025\/07\/Chateau-des-Arcis-Meslay-du-Maine.jpg\" alt=\"Dcim100mediadji 0189.jpg\" class=\"wp-image-53 size-full\" srcset=\"https:\/\/semaine-federale.ffvelo.fr\/2026\/wp-content\/uploads\/sites\/3\/2025\/07\/Chateau-des-Arcis-Meslay-du-Maine.jpg 1024w, https:\/\/semaine-federale.ffvelo.fr\/2026\/wp-content\/uploads\/sites\/3\/2025\/07\/Chateau-des-Arcis-Meslay-du-Maine-300x225.jpg 300w, https:\/\/semaine-federale.ffvelo.fr\/2026\/wp-content\/uploads\/sites\/3\/2025\/07\/Chateau-des-Arcis-Meslay-du-Maine-768x576.jpg 768w\" sizes=\"auto, (max-width: 1024px) 100vw, 1024px\" \/><\/figure><\/div>\n<\/div>\n<\/div>\n<\/div>\n<\/div>\n\n\n\n<div style=\"height:40px\" aria-hidden=\"true\" class=\"wp-block-spacer\"><\/div>\n\n\n\n<div class=\"wp-block-group alignfull is-style-section-group-colorful has-orange-background-color has-background has-global-padding is-layout-constrained wp-block-group-is-layout-constrained is-style-section-group-colorful--16\">\n<div class=\"wp-block-columns are-vertically-aligned-center is-layout-flex wp-container-core-columns-is-layout-28f84493 wp-block-columns-is-layout-flex\">\n<div class=\"wp-block-column is-vertically-aligned-center is-layout-flow wp-block-column-is-layout-flow\" style=\"flex-basis:40%\">\n<h2 class=\"wp-block-heading is-style-block-text-balanced is-style-block-text-balanced--17\">Pr\u00e9parez votre Festival<\/h2>\n\n\n\n<p>Afin de pr\u00e9parer au mieux votre Semaine f\u00e9d\u00e9rale 2026, nous vous conseillons de r\u00e9server votre h\u00e9bergement le plus t\u00f4t possible, de planifier dans les grandes largeurs vos diff\u00e9rentes activit\u00e9s, v\u00e9lo (route, gravel, VTT), excursions, randonn\u00e9es, visites\u2026 Pour profiter au mieux et votre plus grand plaisir !<\/p>\n\n\n\n<div class=\"wp-block-buttons is-layout-flex wp-block-buttons-is-layout-flex\">\n<div class=\"wp-block-button is-style-outline is-style-outline--18\"><a class=\"wp-block-button__link has-white-color has-text-color has-link-color wp-element-button\" href=\"https:\/\/semaine-federale.ffvelo.fr\/2026\/informations-pratiques\/\">Page informations<\/a><\/div>\n<\/div>\n<\/div>\n\n\n\n<div class=\"wp-block-column is-vertically-aligned-center is-layout-flow wp-block-column-is-layout-flow\">\n<div class=\"wp-block-group is-content-justification-center is-nowrap is-layout-flex wp-container-core-group-is-layout-23441af8 wp-block-group-is-layout-flex\">\n<figure class=\"wp-block-image size-full is-resized\"><img loading=\"lazy\" decoding=\"async\" width=\"762\" height=\"754\" src=\"https:\/\/semaine-federale.ffvelo.fr\/2026\/wp-content\/uploads\/sites\/3\/2025\/07\/ado-chien.webp\" alt=\"Ado chien\" class=\"wp-image-49\" style=\"width:380px\" srcset=\"https:\/\/semaine-federale.ffvelo.fr\/2026\/wp-content\/uploads\/sites\/3\/2025\/07\/ado-chien.webp 762w, https:\/\/semaine-federale.ffvelo.fr\/2026\/wp-content\/uploads\/sites\/3\/2025\/07\/ado-chien-300x297.webp 300w\" sizes=\"auto, (max-width: 762px) 100vw, 762px\" \/><\/figure>\n<\/div>\n<\/div>\n<\/div>\n<\/div>\n\n\n\n<div class=\"wp-block-group alignfull is-style-section-group-colorful has-blue-dark-color has-beige-background-color has-text-color has-background has-link-color wp-elements-fa528ee53c83b223a2b2e90bff163655 has-global-padding is-layout-constrained wp-block-group-is-layout-constrained is-style-section-group-colorful--19\" style=\"margin-top:0;margin-bottom:0\">\n<div class=\"wp-block-columns are-vertically-aligned-center is-layout-flex wp-container-core-columns-is-layout-28f84493 wp-block-columns-is-layout-flex\">\n<div class=\"wp-block-column is-vertically-aligned-center is-layout-flow wp-block-column-is-layout-flow\">\n<div class=\"wp-block-group is-content-justification-center is-nowrap is-layout-flex wp-container-core-group-is-layout-23441af8 wp-block-group-is-layout-flex\">\n<figure class=\"wp-block-image size-full is-resized\"><img loading=\"lazy\" decoding=\"async\" width=\"606\" height=\"798\" src=\"https:\/\/semaine-federale.ffvelo.fr\/2026\/wp-content\/uploads\/sites\/3\/2025\/07\/pere-enfant.webp\" alt=\"Pere enfant\" class=\"wp-image-48\" style=\"width:300px\" srcset=\"https:\/\/semaine-federale.ffvelo.fr\/2026\/wp-content\/uploads\/sites\/3\/2025\/07\/pere-enfant.webp 606w, https:\/\/semaine-federale.ffvelo.fr\/2026\/wp-content\/uploads\/sites\/3\/2025\/07\/pere-enfant-228x300.webp 228w\" sizes=\"auto, (max-width: 606px) 100vw, 606px\" \/><\/figure>\n<\/div>\n<\/div>\n\n\n\n<div class=\"wp-block-column is-vertically-aligned-center is-layout-flow wp-block-column-is-layout-flow\" style=\"flex-basis:40%\">\n<h2 class=\"wp-block-heading is-style-block-text-balanced has-orange-color has-text-color has-link-color wp-elements-17446dd5b3894f8f5e3a814df3e7af0d is-style-block-text-balanced--20\">Un grand merci \u00e0 la F\u00e9d\u00e9ration de Cyclotourisme !<\/h2>\n\n\n\n<p>Nous sommes profond\u00e9ment reconnaissants envers la F\u00e9d\u00e9ration Fran\u00e7aise de Cyclotourisme de nous avoir fait confiance pour l\u2019organisation de cette 87\u1d49&nbsp;\u00e9dition de la Semaine F\u00e9d\u00e9rale internationale, qui aura pour lieu d\u2019accueil notre belle ville de Ch\u00e2teau-Gontier sur Mayenne. Cet \u00e9v\u00e9nement d\u2019envergure r\u00e9unit chaque ann\u00e9e des milliers de cyclotouristes passionn\u00e9s venus de toute la France et au-del\u00e0.<\/p>\n\n\n\n<p>Cette premi\u00e8re \u00e9dition dans notre r\u00e9gion est une magnifique opportunit\u00e9 de partager avec eux la beaut\u00e9 de nos paysages, la richesse de notre patrimoine et la chaleur de notre accueil local. La F\u00e9d\u00e9ration Fran\u00e7aise de Cyclotourisme (FFCT) incarne des valeurs fortes de convivialit\u00e9, de partage et de respect de la nature, qui s\u2019accordent parfaitement avec l\u2019esprit de notre territoire.<\/p>\n\n\n\n<p>C\u2019est avec fiert\u00e9 et enthousiasme que nous nous impliquons dans cette aventure collective, pr\u00eats \u00e0 offrir \u00e0 tous les participants des souvenirs m\u00e9morables et des moments de d\u00e9couverte inoubliables.<\/p>\n<\/div>\n<\/div>\n<\/div>\n\n\n\n<div style=\"height:40px\" aria-hidden=\"true\" class=\"wp-block-spacer\"><\/div>\n\n\n\n<div class=\"wp-block-group has-global-padding is-layout-constrained wp-block-group-is-layout-constrained\">\n<div class=\"wp-block-columns is-layout-flex wp-container-core-columns-is-layout-28f84493 wp-block-columns-is-layout-flex\">\n<div class=\"wp-block-column is-layout-flow wp-block-column-is-layout-flow\">\n<h2 class=\"wp-block-heading has-text-align-center\">Cyclo club<\/h2>\n\n\n\n<div class=\"wp-block-group has-global-padding is-layout-constrained wp-container-core-group-is-layout-e0082cf6 wp-block-group-is-layout-constrained\">\n<h3 class=\"wp-block-heading has-text-align-center has-blue-light-color has-text-color has-link-color has-urbane-font-family has-medium-font-size wp-elements-b31fb57174c5604e67ec9b208d01a624\">Les Mousquetaires,<br>Co-pr\u00e9sidents de la COSFIC 2026<\/h3>\n\n\n\n<p class=\"has-text-align-center\">C\u2019est avec une immense joie et une grande fiert\u00e9 que nous vous invitons \u00e0 la 87eme \u00e9dition de la d\u00e9sormais traditionnelle Semaine f\u00e9d\u00e9rale, qui se tiendra du 2 au 9 ao\u00fbt 2026. Une \u00e9dition qui marquera son temps, comme un tournant dans cette d\u00e9j\u00e0 longue saga, puisqu\u2019elle sera la toute premi\u00e8re du Festival international de cyclotourisme, appellation qui lui donnera toute sa dimension de v\u00e9ritable f\u00eate du v\u00e9lo.<\/p>\n<\/div>\n\n\n\n<div class=\"wp-block-buttons is-content-justification-center is-layout-flex wp-container-core-buttons-is-layout-a89b3969 wp-block-buttons-is-layout-flex\">\n<div class=\"wp-block-button\"><a class=\"wp-block-button__link wp-element-button\" href=\"https:\/\/semaine-federale.ffvelo.fr\/2026\/organisation\/le-cyclo-club-du-pays-de-chateau-gontier\/\">Le Cyclo Club<\/a><\/div>\n<\/div>\n<\/div>\n\n\n\n<div class=\"wp-block-column is-layout-flow wp-block-column-is-layout-flow\">\n<h2 class=\"wp-block-heading has-text-align-center\">Mot des \u00e9lus<\/h2>\n\n\n\n<div class=\"wp-block-festivalcyclotourisme-slider swiper\"><figure class=\"swiper-wrapper\">\n\n<figure class=\"wp-block-festivalcyclotourisme-slider-quote swiper-slide\">\n\n<blockquote class=\"wp-block-quote has-text-align-center is-style-block-quote-accent is-layout-flow wp-block-quote-is-layout-flow is-style-block-quote-accent--21\">\n\n<p>Ch\u00e2teau-Gontier-sur-Mayenne va enfiler son plus beau maillot pour accueillir, pour la toute premi\u00e8re fois, le Festival du cyclotourisme avec la Semaine f\u00e9d\u00e9rale internationale 2026.<\/p>\n\n<cite>Lydie Ch\u00e9not,<br>Pr\u00e9sidente de la FFV\u00e9lo<\/cite><\/blockquote>\n\n<\/figure>\n\n\n<figure class=\"wp-block-festivalcyclotourisme-slider-quote swiper-slide\">\n\n<blockquote class=\"wp-block-quote has-text-align-center is-style-block-quote-accent is-layout-flow wp-block-quote-is-layout-flow is-style-block-quote-accent--22\">\n\n<p>Ici, vous aimerez les 300 km d\u2019itin\u00e9raires de randonn\u00e9es \u00e0 v\u00e9lo le long du chemin de halage. Ici, vous appr\u00e9cierez le dynamisme de notre territoire berc\u00e9 par la rivi\u00e8re La Mayenne et la qualit\u00e9 de nos infrastructures.<\/p>\n\n<cite>Philippe Henry,<br>Maire et Pr\u00e9sident de la Communaut\u00e9 de communes du Pays de Ch\u00e2teau-Gontier<\/cite><\/blockquote>\n\n<\/figure>\n\n\n<figure class=\"wp-block-festivalcyclotourisme-slider-quote swiper-slide\">\n\n<blockquote class=\"wp-block-quote has-text-align-center is-style-block-quote-accent is-layout-flow wp-block-quote-is-layout-flow is-style-block-quote-accent--23\">\n\n<p>La r\u00e9gion des Pays de la Loire est heureuse de soutenir la Semaine f\u00e9d\u00e9rale du cyclotourisme \u00e0 Ch\u00e2teau-Gontier sur Mayenne.<\/p>\n\n<cite>Christelle Moran\u00e7ais,<br>Pr\u00e9sidente de la R\u00e9gion Pays de la Loire<\/cite><\/blockquote>\n\n<\/figure>\n\n\n<figure class=\"wp-block-festivalcyclotourisme-slider-quote swiper-slide\">\n\n<blockquote class=\"wp-block-quote has-text-align-center is-style-block-quote-accent is-layout-flow wp-block-quote-is-layout-flow is-style-block-quote-accent--24\">\n\n<p>Je souhaite que les participants profitent pleinement de la Mayenne, de ses paysages et de ses nombreux lieux insolites.<\/p>\n\n<cite>Olivier Richefou,<br>Pr\u00e9sident du conseil d\u00e9partemental de la Mayenne<\/cite><\/blockquote>\n\n<\/figure>\n\n<\/figure><div class=\"navigation\"><button class=\"swiper-button-next\"><span class=\"screen-reader-text\">Previous slide<\/span><\/button><button class=\"swiper-button-prev\"><span class=\"screen-reader-text\">Next slide<\/span><\/button><\/div><\/div>\n\n\n\n<div class=\"wp-block-buttons is-content-justification-center is-layout-flex wp-container-core-buttons-is-layout-a89b3969 wp-block-buttons-is-layout-flex\">\n<div class=\"wp-block-button\"><a class=\"wp-block-button__link wp-element-button\" href=\"https:\/\/semaine-federale.ffvelo.fr\/2026\/organisation\/les-mots-des-elus\/\">Les mots des \u00e9lus<\/a><\/div>\n<\/div>\n<\/div>\n<\/div>\n<\/div>\n","protected":false},"excerpt":{"rendered":"<p>&nbsp;D\u00e9couvrez le livret promotionnel de la SF2026&nbsp;! On se voit du 2 au 9 Ao\u00fbt 7 jours de v\u00e9lo, de partage et de convivialit\u00e9. D\u00e9couvrez le Festival international de cyclotourisme, \u00e9volution de la Semaine f\u00e9d\u00e9rale du cyclotourisme. Un \u00e9v\u00e9nement ouvert \u00e0 tous : cyclos passionn\u00e9s et amateurs, familles\u2026 Venez nombreux ! Ne manquez pas le [&hellip;]<\/p>\n","protected":false},"author":2,"featured_media":0,"parent":0,"menu_order":-1,"comment_status":"closed","ping_status":"closed","template":"","meta":{"slim_seo":{"title":"Semaine F\u00e9d\u00e9rale Cyclotourisme 2026 - Ch\u00e2teau-Gontier sur Mayenne - 87\u00e8me semaine f\u00e9d\u00e9rale internationale de cyclotourisme","description":"&nbsp;D\u00e9couvrez le livret promotionnel de la SF2026&nbsp;! On se voit du 2 au 9 Ao\u00fbt 7 jours de v\u00e9lo, de partage et de convivialit\u00e9. D\u00e9couvrez le Festival inter"},"footnotes":""},"class_list":["post-47","page","type-page","status-publish","hentry"],"_links":{"self":[{"href":"https:\/\/semaine-federale.ffvelo.fr\/2026\/wp-json\/wp\/v2\/pages\/47","targetHints":{"allow":["GET"]}}],"collection":[{"href":"https:\/\/semaine-federale.ffvelo.fr\/2026\/wp-json\/wp\/v2\/pages"}],"about":[{"href":"https:\/\/semaine-federale.ffvelo.fr\/2026\/wp-json\/wp\/v2\/types\/page"}],"author":[{"embeddable":true,"href":"https:\/\/semaine-federale.ffvelo.fr\/2026\/wp-json\/wp\/v2\/users\/2"}],"replies":[{"embeddable":true,"href":"https:\/\/semaine-federale.ffvelo.fr\/2026\/wp-json\/wp\/v2\/comments?post=47"}],"version-history":[{"count":42,"href":"https:\/\/semaine-federale.ffvelo.fr\/2026\/wp-json\/wp\/v2\/pages\/47\/revisions"}],"predecessor-version":[{"id":1757,"href":"https:\/\/semaine-federale.ffvelo.fr\/2026\/wp-json\/wp\/v2\/pages\/47\/revisions\/1757"}],"wp:attachment":[{"href":"https:\/\/semaine-federale.ffvelo.fr\/2026\/wp-json\/wp\/v2\/media?parent=47"}],"curies":[{"name":"wp","href":"https:\/\/api.w.org\/{rel}","templated":true}]}}