{"id":59,"date":"2025-07-31T16:44:15","date_gmt":"2025-07-31T14:44:15","guid":{"rendered":"https:\/\/semaine-federale.ffvelo.fr\/2026-prod\/?page_id=59"},"modified":"2025-11-13T14:29:57","modified_gmt":"2025-11-13T13:29:57","slug":"le-cyclo-club-du-pays-de-chateau-gontier","status":"publish","type":"page","link":"https:\/\/semaine-federale.ffvelo.fr\/2026\/organisation\/le-cyclo-club-du-pays-de-chateau-gontier\/","title":{"rendered":"Le Cyclo Club du Pays de Ch\u00e2teau-Gontier"},"content":{"rendered":"\n<div class=\"wp-block-cover alignfull is-light is-style-block-cover-contain wp-elements-16e8ffca5d42ce607a3e1b01c8caf40c is-style-block-cover-contain--1\" style=\"margin-bottom:var(--wp--preset--spacing--50);padding-top:var(--wp--preset--spacing--70);padding-bottom:var(--wp--preset--spacing--70)\"><img loading=\"lazy\" decoding=\"async\" width=\"2560\" height=\"420\" class=\"wp-block-cover__image-background wp-image-60 size-full\" alt=\"\" src=\"https:\/\/semaine-federale.ffvelo.fr\/2026-prod\/wp-content\/uploads\/sites\/3\/2025\/07\/banner-hero.webp\" data-object-fit=\"cover\" srcset=\"https:\/\/semaine-federale.ffvelo.fr\/2026\/wp-content\/uploads\/sites\/3\/2025\/07\/banner-hero.webp 2560w, https:\/\/semaine-federale.ffvelo.fr\/2026\/wp-content\/uploads\/sites\/3\/2025\/07\/banner-hero-300x49.webp 300w, https:\/\/semaine-federale.ffvelo.fr\/2026\/wp-content\/uploads\/sites\/3\/2025\/07\/banner-hero-1024x168.webp 1024w, https:\/\/semaine-federale.ffvelo.fr\/2026\/wp-content\/uploads\/sites\/3\/2025\/07\/banner-hero-768x126.webp 768w, https:\/\/semaine-federale.ffvelo.fr\/2026\/wp-content\/uploads\/sites\/3\/2025\/07\/banner-hero-1536x252.webp 1536w, https:\/\/semaine-federale.ffvelo.fr\/2026\/wp-content\/uploads\/sites\/3\/2025\/07\/banner-hero-2048x336.webp 2048w\" sizes=\"auto, (max-width: 2560px) 100vw, 2560px\" \/><span aria-hidden=\"true\" class=\"wp-block-cover__background has-background-dim-0 has-background-dim\"><\/span><div class=\"wp-block-cover__inner-container has-global-padding is-layout-constrained wp-block-cover-is-layout-constrained\">\n<div class=\"wp-block-group alignfull has-global-padding is-layout-constrained wp-block-group-is-layout-constrained\" style=\"padding-bottom:var(--wp--preset--spacing--40)\"><h1 class=\"has-text-align-center wp-block-post-title\">Le Cyclo Club du Pays de Ch\u00e2teau-Gontier<\/h1><\/div>\n<\/div><\/div>\n\n\n\n<div class=\"wp-block-columns is-layout-flex wp-container-core-columns-is-layout-28f84493 wp-block-columns-is-layout-flex\">\n<div class=\"wp-block-column is-layout-flow wp-block-column-is-layout-flow\" style=\"flex-basis:33%\">\n<figure data-wp-context=\"{&quot;imageId&quot;:&quot;69ef67280ecad&quot;}\" data-wp-interactive=\"core\/image\" data-wp-key=\"69ef67280ecad\" class=\"wp-block-image aligncenter size-large wp-lightbox-container\"><img loading=\"lazy\" decoding=\"async\" width=\"1024\" height=\"576\" data-wp-class--hide=\"state.isContentHidden\" data-wp-class--show=\"state.isContentVisible\" data-wp-init=\"callbacks.setButtonStyles\" data-wp-on--click=\"actions.showLightbox\" data-wp-on--load=\"callbacks.setButtonStyles\" data-wp-on-window--resize=\"callbacks.setButtonStyles\" src=\"https:\/\/semaine-federale.ffvelo.fr\/2026-prod\/wp-content\/uploads\/sites\/3\/2025\/07\/les-mousquetaires-1024x576.webp\" alt=\"\" class=\"wp-image-62\" srcset=\"https:\/\/semaine-federale.ffvelo.fr\/2026\/wp-content\/uploads\/sites\/3\/2025\/07\/les-mousquetaires-1024x576.webp 1024w, https:\/\/semaine-federale.ffvelo.fr\/2026\/wp-content\/uploads\/sites\/3\/2025\/07\/les-mousquetaires-300x169.webp 300w, https:\/\/semaine-federale.ffvelo.fr\/2026\/wp-content\/uploads\/sites\/3\/2025\/07\/les-mousquetaires-768x432.webp 768w, https:\/\/semaine-federale.ffvelo.fr\/2026\/wp-content\/uploads\/sites\/3\/2025\/07\/les-mousquetaires.webp 1200w\" sizes=\"auto, (max-width: 1024px) 100vw, 1024px\" \/><button\n\t\t\tclass=\"lightbox-trigger\"\n\t\t\ttype=\"button\"\n\t\t\taria-haspopup=\"dialog\"\n\t\t\taria-label=\"Agrandir\"\n\t\t\tdata-wp-init=\"callbacks.initTriggerButton\"\n\t\t\tdata-wp-on--click=\"actions.showLightbox\"\n\t\t\tdata-wp-style--right=\"state.imageButtonRight\"\n\t\t\tdata-wp-style--top=\"state.imageButtonTop\"\n\t\t>\n\t\t\t<svg xmlns=\"http:\/\/www.w3.org\/2000\/svg\" width=\"12\" height=\"12\" fill=\"none\" viewBox=\"0 0 12 12\">\n\t\t\t\t<path fill=\"#fff\" d=\"M2 0a2 2 0 0 0-2 2v2h1.5V2a.5.5 0 0 1 .5-.5h2V0H2Zm2 10.5H2a.5.5 0 0 1-.5-.5V8H0v2a2 2 0 0 0 2 2h2v-1.5ZM8 12v-1.5h2a.5.5 0 0 0 .5-.5V8H12v2a2 2 0 0 1-2 2H8Zm2-12a2 2 0 0 1 2 2v2h-1.5V2a.5.5 0 0 0-.5-.5H8V0h2Z\" \/>\n\t\t\t<\/svg>\n\t\t<\/button><figcaption class=\"wp-element-caption\"><strong>Les Mousquetaires<\/strong><br>Co-pr\u00e9sidents de la COSFIC 2026<\/figcaption><\/figure>\n<\/div>\n\n\n\n<div class=\"wp-block-column is-layout-flow wp-block-column-is-layout-flow\" style=\"flex-basis:50%\">\n<div class=\"wp-block-group is-layout-flow wp-block-group-is-layout-flow\">\n<blockquote class=\"wp-block-quote is-layout-flow wp-block-quote-is-layout-flow\">\n<p>\u00ab\u00a0C\u2019est avec une immense joie et une grande fiert\u00e9 que nous vous invitons \u00e0 la 87eme \u00e9dition de la d\u00e9sormais traditionnelle <strong>Semaine f\u00e9d\u00e9rale<\/strong>, qui se tiendra du 2 au 9 ao\u00fbt 2026. Une \u00e9dition qui marquera son temps, comme un tournant dans cette d\u00e9j\u00e0 longue saga, puisqu\u2019elle sera la toute premi\u00e8re du <strong>Festival international de cyclotourisme<\/strong>, appellation qui lui donnera toute sa dimension de v\u00e9ritable f\u00eate du v\u00e9lo.<\/p>\n\n\n\n<p>Sous le signe de la convivialit\u00e9, de la solidarit\u00e9 et du respect, nous vous donnons rendez-vous \u00e0 <strong>Ch\u00e2teau-Gontier sur Mayenne<\/strong>, au c\u0153ur de notre belle r\u00e9gion. Ensemble, nous partagerons notre passion du v\u00e9lo et c\u00e9l\u00e9brerons le plaisir de p\u00e9daler \u00e0 travers des paysages enchanteurs, des patrimoines remarquables et des rencontres inoubliables.<\/p>\n\n\n\n<p>Notre d\u00e9fi ? Rassembler<strong> 10 000 participants<\/strong> du monde entier pour vivre une semaine riche en d\u00e9couvertes et en \u00e9motions. Gr\u00e2ce \u00e0 une organisation soign\u00e9e par des b\u00e9n\u00e9voles engag\u00e9s, des itin\u00e9raires adapt\u00e9s \u00e0 tous les niveaux, nous vous promettons une aventure m\u00e9morable, o\u00f9 chacun pourra s\u2019\u00e9panouir \u00e0 son rythme.<\/p>\n\n\n\n<p><strong>\u00ab Plaisir de faire, plaisir de partager, plaisir de rassembler, plaisir de p\u00e9daler, plaisir de visiter, parce qu\u2019\u00e0 v\u00e9lo, tout est plus beau, et en Mayenne assur\u00e9ment, et \u00e0 Ch\u00e2teau-Gontier sur Mayenne tout particuli\u00e8rement. \u00bb<\/strong><\/p>\n\n\n\n<p>Cette devise refl\u00e8te l\u2019essence m\u00eame de cet \u00e9v\u00e9nement : une c\u00e9l\u00e9bration du v\u00e9lo sous toutes ses formes, une ode \u00e0 l\u2019\u00e9change et \u00e0 la d\u00e9couverte. Alors, enfourchez vos v\u00e9los et rejoignez nous pour \u00e9crire ensemble une nouvelle page de l\u2019histoire du cyclotourisme !\u00a0\u00bb<\/p>\n<\/blockquote>\n<\/div>\n<\/div>\n<\/div>\n","protected":false},"excerpt":{"rendered":"<p>\u00ab\u00a0C\u2019est avec une immense joie et une grande fiert\u00e9 que nous vous invitons \u00e0 la 87eme \u00e9dition de la d\u00e9sormais traditionnelle Semaine f\u00e9d\u00e9rale, qui se tiendra du 2 au 9 ao\u00fbt 2026. Une \u00e9dition qui marquera son temps, comme un tournant dans cette d\u00e9j\u00e0 longue saga, puisqu\u2019elle sera la toute premi\u00e8re du Festival international de [&hellip;]<\/p>\n","protected":false},"author":2,"featured_media":0,"parent":57,"menu_order":0,"comment_status":"closed","ping_status":"closed","template":"","meta":{"slim_seo":{"title":"Le Cyclo Club du Pays de Ch\u00e2teau-Gontier - Semaine F\u00e9d\u00e9rale Cyclotourisme 2026 - Ch\u00e2teau-Gontier sur Mayenne","description":"\"C\u2019est avec une immense joie et une grande fiert\u00e9 que nous vous invitons \u00e0 la 87eme \u00e9dition de la d\u00e9sormais traditionnelle Semaine f\u00e9d\u00e9rale , qui se tiendra du"},"footnotes":""},"class_list":["post-59","page","type-page","status-publish","hentry"],"_links":{"self":[{"href":"https:\/\/semaine-federale.ffvelo.fr\/2026\/wp-json\/wp\/v2\/pages\/59","targetHints":{"allow":["GET"]}}],"collection":[{"href":"https:\/\/semaine-federale.ffvelo.fr\/2026\/wp-json\/wp\/v2\/pages"}],"about":[{"href":"https:\/\/semaine-federale.ffvelo.fr\/2026\/wp-json\/wp\/v2\/types\/page"}],"author":[{"embeddable":true,"href":"https:\/\/semaine-federale.ffvelo.fr\/2026\/wp-json\/wp\/v2\/users\/2"}],"replies":[{"embeddable":true,"href":"https:\/\/semaine-federale.ffvelo.fr\/2026\/wp-json\/wp\/v2\/comments?post=59"}],"version-history":[{"count":3,"href":"https:\/\/semaine-federale.ffvelo.fr\/2026\/wp-json\/wp\/v2\/pages\/59\/revisions"}],"predecessor-version":[{"id":196,"href":"https:\/\/semaine-federale.ffvelo.fr\/2026\/wp-json\/wp\/v2\/pages\/59\/revisions\/196"}],"up":[{"embeddable":true,"href":"https:\/\/semaine-federale.ffvelo.fr\/2026\/wp-json\/wp\/v2\/pages\/57"}],"wp:attachment":[{"href":"https:\/\/semaine-federale.ffvelo.fr\/2026\/wp-json\/wp\/v2\/media?parent=59"}],"curies":[{"name":"wp","href":"https:\/\/api.w.org\/{rel}","templated":true}]}}