{"id":74,"date":"2025-07-31T16:54:48","date_gmt":"2025-07-31T14:54:48","guid":{"rendered":"https:\/\/semaine-federale.ffvelo.fr\/2026-prod\/?page_id=74"},"modified":"2026-02-23T11:45:32","modified_gmt":"2026-02-23T10:45:32","slug":"informations-pratiques","status":"publish","type":"page","link":"https:\/\/semaine-federale.ffvelo.fr\/2026\/informations-pratiques\/","title":{"rendered":"Informations pratiques"},"content":{"rendered":"\n<div class=\"wp-block-cover alignfull is-light is-style-block-cover-contain wp-elements-5623521620e7f265fb669cdc0f068cc0 is-style-block-cover-contain--1\" style=\"margin-bottom:var(--wp--preset--spacing--50);padding-top:var(--wp--preset--spacing--70);padding-bottom:var(--wp--preset--spacing--70)\"><img decoding=\"async\" class=\"wp-block-cover__image-background size-full\" alt=\"\" src=\"https:\/\/semaine-federale.ffvelo.fr\/2026-prod\/wp-content\/themes\/theme\/assets\/images\/banner-hero.webp\" data-object-fit=\"cover\" \/><span aria-hidden=\"true\" class=\"wp-block-cover__background has-background-dim-0 has-background-dim\"><\/span><div class=\"wp-block-cover__inner-container has-global-padding is-layout-constrained wp-block-cover-is-layout-constrained\">\n<div class=\"wp-block-group alignfull has-global-padding is-layout-constrained wp-block-group-is-layout-constrained\" style=\"padding-bottom:var(--wp--preset--spacing--40)\"><h1 class=\"has-text-align-center wp-block-post-title\">Informations pratiques<\/h1><\/div>\n<\/div><\/div>\n\n\n\n<div class=\"wp-block-group has-global-padding is-layout-constrained wp-block-group-is-layout-constrained\">\n<h2 class=\"wp-block-heading\">Organisation g\u00e9n\u00e9rale<\/h2>\n\n\n\n<h3 class=\"wp-block-heading\">Les c\u00e9r\u00e9monies d&rsquo;ouverture et de cl\u00f4ture<\/h3>\n\n\n\n<ul class=\"wp-block-list\">\n<li><strong><mark class=\"has-inline-color has-orange-color\">La c\u00e9r\u00e9monie d\u2019ouverture :<\/mark><\/strong> \u00e0 l\u2019Espace Saint-Fiacre, sur les bords de \u00ab La Mayenne \u00bb, un spectacle \u00e0 ne surtout pas manquer.<\/li>\n\n\n\n<li><strong><mark class=\"has-inline-color has-orange-color\">Le d\u00eener de cl\u00f4ture :<\/mark><\/strong> le samedi soir avec une animation exceptionnelle.&nbsp;<\/li>\n\n\n\n<li><strong><mark class=\"has-inline-color has-orange-color\">La c\u00e9r\u00e9monie de cl\u00f4ture :<\/mark><\/strong> le dimanche matin avec d\u00e9part de l\u2019Espace Saint-Fiacre pour la grande parade color\u00e9e des d\u00e9l\u00e9gations cyclotouristes participantes et de tous nos b\u00e9n\u00e9voles.<\/li>\n<\/ul>\n\n\n\n<h3 class=\"wp-block-heading\">La remise des dossiers<\/h3>\n\n\n\n<ul class=\"wp-block-list\">\n<li><strong><mark class=\"has-inline-color has-orange-color\">Lieu 1 :<\/mark><\/strong> au camping pour les participants ayant choisi ce mode d\u2019h\u00e9bergement.<\/li>\n\n\n\n<li><strong><mark class=\"has-inline-color has-orange-color\">Lieu 2 :<\/mark><\/strong> \u00e0 l\u2019Espace Saint-Fiacre pour tous les autres participants.<\/li>\n<\/ul>\n\n\n\n<h3 class=\"wp-block-heading\">Informations d\u2019inscription<\/h3>\n\n\n\n<ul class=\"wp-block-list\">\n<li><strong><mark class=\"has-inline-color has-orange-color\">Les inscriptions sont ouvertes<\/mark><\/strong>, par voie num\u00e9rique, via le une <a href=\"https:\/\/in.njuko.com\/87eme-semaine-federale-internationale-de-cyclotourisme?currentPage=select-competition\" target=\"_blank\" rel=\"noopener\" title=\"\">plateforme officielle<\/a> propos\u00e9e sur le notre site et celui de la FFV\u00e9lo. Les non licenci\u00e9s FFCT peuvent s\u2019inscrire \u00e9galement au moyen du Pass&rsquo;V\u00e9lo.\n<ul class=\"wp-block-list\">\n<li><mark class=\"has-inline-color has-orange-color\">En cas de besoin<\/mark>, un accompagnement vous est propos\u00e9 :\n<ul class=\"wp-block-list\">\n<li>Adresse mail : sf2026.inscriptions@ffvelo.fr<\/li>\n\n\n\n<li>Num\u00e9ros de t\u00e9l\u00e9phone : 02 43 09 95 41 \/ 09 62 10 95 41<\/li>\n<\/ul>\n<\/li>\n<\/ul>\n<\/li>\n\n\n\n<li><strong><mark class=\"has-inline-color has-orange-color\">Les inscriptions papier<\/mark><\/strong> seront propos\u00e9es ult\u00e9rieurement, <strong><mark class=\"has-inline-color has-orange-color\">\u00e0 compter du 1er avril.<\/mark><\/strong><\/li>\n\n\n\n<li><strong><mark class=\"has-inline-color has-orange-color\">Des inscriptions \u00e0 la journ\u00e9e<\/mark><\/strong> seront \u00e9galement propos\u00e9es sur Hello Asso <strong><mark class=\"has-inline-color has-orange-color\">\u00e0 compter du 1er juillet, puis pendant toute la Semaine f\u00e9d\u00e9rale<\/mark><\/strong>, au Village f\u00e9d\u00e9ral et sur les Points d&rsquo;Accueil (PA).<\/li>\n\n\n\n<li>Les inscriptions pour les jeunes (hors famille) et des encadrants se feront uniquement&nbsp;via ces liens d\u00e9di\u00e9s : <a href=\"https:\/\/forms.office.com\/Pages\/ResponsePage.aspx?id=z6XN4aQxmkuX91X4wL5MoAor_MtVL_BDnhDUCJu63hdURUtPQk5TUkw2MlpOQVBFRDY2OExaNFMyQy4u\" target=\"_blank\" rel=\"noopener\" title=\"\">JEUNES (10 &#8211; 18 ans) AU BIKE FESTIVAL JEUNES<\/a> et <a href=\"https:\/\/forms.office.com\/Pages\/ResponsePage.aspx?id=z6XN4aQxmkuX91X4wL5MoAor_MtVL_BDnhDUCJu63hdUMVEyMTdKVlBUWFIxVUFXMDJJMjE2S0dPRi4u\" target=\"_blank\" rel=\"noopener\" title=\"\">ENCADRANTS DU BIKE FESTIVAL JEUNES<\/a><\/li>\n\n\n\n<li><strong><mark class=\"has-inline-color has-orange-color\">BRM 200 ET 300 KM <\/mark><\/strong> : les inscriptions sont d&rsquo;ores et d\u00e9j\u00e0 ouvertes <strong><mark class=\"has-inline-color has-orange-color\">via HelloAsso<\/mark><\/strong>. 2 liens sont accessibles sur notre site dans la page Programme, sous la rubrique d\u00e9couvrir les Parcours route.<\/li>\n<\/ul>\n\n\n\n<h3 class=\"wp-block-heading\">COSFIC 2026 &#8211; Cyclo Club Pays de Ch\u00e2teau-Gontier<\/h3>\n\n\n\n<ul class=\"wp-block-list\">\n<li><strong><mark class=\"has-inline-color has-orange-color\">Adresse :<\/mark><\/strong> 48, Rue de la Lib\u00e9ration ZA La Mulonni\u00e8re 53200<\/li>\n\n\n\n<li><strong><mark class=\"has-inline-color has-orange-color\">Site internet :<\/mark><\/strong> <a href=\"https:\/\/semaine-federale.ffvelo.fr\/2026\/&nbsp;\">https:\/\/semaine-federale.ffvelo.fr\/2026\/<\/a><\/li>\n\n\n\n<li><strong><mark class=\"has-inline-color has-orange-color\">Mail :<\/mark><\/strong> <a href=\"mailto:sf2026.info@ffvelo.fr\">sf2026.info@ffvelo.fr<\/a><\/li>\n\n\n\n<li><strong><mark class=\"has-inline-color has-orange-color\">B\u00e9n\u00e9voles :<\/mark><\/strong> <a href=\"mailto:sf2026.benevoles@ffvelo.fr\">sf2026.benevoles@ffvelo.fr<\/a><\/li>\n\n\n\n<li><strong><mark class=\"has-inline-color has-orange-color\">H\u00e9bergements :<\/mark><\/strong> <a href=\"mailto:sf2026.hebergement@ffvelo.fr\">sf2026.hebergement@ffvelo.fr<\/a>&nbsp;<\/li>\n<\/ul>\n<\/div>\n\n\n\n<h2 class=\"wp-block-heading\">Accessibilit\u00e9, P.M.R et IME<\/h2>\n\n\n\n<div class=\"wp-block-columns is-layout-flex wp-container-core-columns-is-layout-28f84493 wp-block-columns-is-layout-flex\">\n<div class=\"wp-block-column is-layout-flow wp-block-column-is-layout-flow\">\n<h3 class=\"wp-block-heading has-blue-medium-color has-text-color has-link-color has-large-font-size wp-elements-37ae999a1f02786244f89eaf4961f540\">UN ENGAGEMENT SOLIDAIRE POUR UNE \u00c9DITION ENCORE PLUS SP\u00c9CIALE !<\/h3>\n\n\n\n<p>La commission <strong>\u00abSport pour tous\u00bb<\/strong> va faire en sorte que chaque participant(e) \u00e0 notre festival de cyclotourisme vive pleinement son s\u00e9jour en Mayenne, quelle que soit sa situation physique. <br><br>Que ce soit sur les parcours, au camping, aux h\u00e9bergements<br>collectifs ou au village f\u00e9d\u00e9ral, nous aurons <strong>un \u0153il particuli\u00e8rement attentif aux conditions d\u2019accessibilit\u00e9<\/strong>.<br><br>Un moment fort sera propos\u00e9 dans la semaine sur ce th\u00e8me <strong>\u00abSport pour tous\u00bb<\/strong>.<\/p>\n<\/div>\n\n\n\n<div class=\"wp-block-column is-layout-flow wp-block-column-is-layout-flow\">\n<figure class=\"wp-block-image size-large\"><img loading=\"lazy\" decoding=\"async\" width=\"1024\" height=\"768\" src=\"https:\/\/semaine-federale.ffvelo.fr\/2026\/wp-content\/uploads\/sites\/3\/2025\/07\/Accessibilite-PMR-et-IME-1024x768.webp\" alt=\"Accessibilit\u00e9, pmr et ime\" class=\"wp-image-34\" srcset=\"https:\/\/semaine-federale.ffvelo.fr\/2026\/wp-content\/uploads\/sites\/3\/2025\/07\/Accessibilite-PMR-et-IME-1024x768.webp 1024w, https:\/\/semaine-federale.ffvelo.fr\/2026\/wp-content\/uploads\/sites\/3\/2025\/07\/Accessibilite-PMR-et-IME-300x225.webp 300w, https:\/\/semaine-federale.ffvelo.fr\/2026\/wp-content\/uploads\/sites\/3\/2025\/07\/Accessibilite-PMR-et-IME-768x576.webp 768w, https:\/\/semaine-federale.ffvelo.fr\/2026\/wp-content\/uploads\/sites\/3\/2025\/07\/Accessibilite-PMR-et-IME-1536x1152.webp 1536w, https:\/\/semaine-federale.ffvelo.fr\/2026\/wp-content\/uploads\/sites\/3\/2025\/07\/Accessibilite-PMR-et-IME-2048x1536.webp 2048w\" sizes=\"auto, (max-width: 1024px) 100vw, 1024px\" \/><\/figure>\n<\/div>\n<\/div>\n\n\n\n<div class=\"wp-block-group has-global-padding is-layout-constrained wp-block-group-is-layout-constrained\">\n<h2 class=\"wp-block-heading has-text-align-center\" style=\"margin-bottom:var(--wp--preset--spacing--50)\">Questions fr\u00e9quemment pos\u00e9es<\/h2>\n\n\n\n<details class=\"wp-block-details is-style-block-details-faq is-layout-flow wp-block-details-is-layout-flow is-style-block-details-faq--2\"><summary>Qu\u2019est-ce que la Semaine f\u00e9d\u00e9rale ?<\/summary>\n<p>Un \u00e9v\u00e9nement organis\u00e9 par la FFCT, non comp\u00e9titif, durant la premi\u00e8re semaine d\u2019ao\u00fbt, proposant des circuits quotidiens pour d\u00e9couvrir la r\u00e9gion \u00e0 v\u00e9lo (route, VTT, gravel).<\/p>\n<\/details>\n\n\n\n<details class=\"wp-block-details is-style-block-details-faq is-layout-flow wp-block-details-is-layout-flow is-style-block-details-faq--3\"><summary>Quand et o\u00f9 a lieu cet \u00e9v\u00e9nement ?<\/summary>\n<p>Il se tiendra du 2 au 9 ao\u00fbt 2026 \u00e0 Ch\u00e2teau-Gontier sur Mayenne.<\/p>\n<\/details>\n\n\n\n<details class=\"wp-block-details is-style-block-details-faq is-layout-flow wp-block-details-is-layout-flow is-style-block-details-faq--4\"><summary>Qui peut participer ?<\/summary>\n<p>Cette Semaine F\u00e9d\u00e9rale est ouverte \u00e0 tous : licenci\u00e9s ou non de la FFCT (F\u00e9d\u00e9ration Fran\u00e7aise de Cyclotourisme), tous \u00e2ges, tous niveaux. Environ 8 000 \u00e0 10 000 participants sont attendus.<\/p>\n<\/details>\n\n\n\n<details class=\"wp-block-details is-style-block-details-faq is-layout-flow wp-block-details-is-layout-flow is-style-block-details-faq--5\"><summary>Quels parcours&nbsp; sont propos\u00e9s ?<\/summary>\n<ul class=\"wp-block-list\">\n<li>Circuits route, VTT et gravel quotidiens, adapt\u00e9s \u00e0 plusieurs niveaux.<\/li>\n<\/ul>\n\n\n\n<ul class=\"wp-block-list\">\n<li>Plusieurs boucles par jour.<\/li>\n<\/ul>\n\n\n\n<ul class=\"wp-block-list\">\n<li>Le jeudi, journ\u00e9e sp\u00e9ciale pique-nique et d\u00e9couverte locale.<\/li>\n<\/ul>\n\n\n\n<ul class=\"wp-block-list\">\n<li>Randonn\u00e9es p\u00e9destres et cyclo-d\u00e9couvertes possibles.<\/li>\n<\/ul>\n<\/details>\n\n\n\n<details class=\"wp-block-details is-style-block-details-faq is-layout-flow wp-block-details-is-layout-flow is-style-block-details-faq--6\"><summary>Comment s\u2019inscrire ?<\/summary>\n<p>Vous pourrez vous inscrire en ligne (ouverture estim\u00e9e d\u00e9but 2026). Il sera possible de s\u2019inscrire \u00e0 la journ\u00e9e et des cartes d\u00e9couverte seront propos\u00e9es aux non-licenci\u00e9s FFCT.<\/p>\n<\/details>\n\n\n\n<div class=\"wp-block-buttons is-content-justification-center is-layout-flex wp-container-core-buttons-is-layout-a89b3969 wp-block-buttons-is-layout-flex\">\n<div class=\"wp-block-button\"><a class=\"wp-block-button__link wp-element-button\" href=\"https:\/\/semaine-federale.ffvelo.fr\/2026\/foire-aux-questions\/\">D\u00e9couvrir toute la FAQ<\/a><\/div>\n<\/div>\n<\/div>\n\n\n\n<p><\/p>\n","protected":false},"excerpt":{"rendered":"<p>Organisation g\u00e9n\u00e9rale Les c\u00e9r\u00e9monies d&rsquo;ouverture et de cl\u00f4ture La remise des dossiers Informations d\u2019inscription COSFIC 2026 &#8211; Cyclo Club Pays de Ch\u00e2teau-Gontier Accessibilit\u00e9, P.M.R et IME UN ENGAGEMENT SOLIDAIRE POUR UNE \u00c9DITION ENCORE PLUS SP\u00c9CIALE ! La commission \u00abSport pour tous\u00bb va faire en sorte que chaque participant(e) \u00e0 notre festival de cyclotourisme vive pleinement [&hellip;]<\/p>\n","protected":false},"author":2,"featured_media":0,"parent":0,"menu_order":750,"comment_status":"closed","ping_status":"closed","template":"","meta":{"slim_seo":{"title":"Informations pratiques - Semaine F\u00e9d\u00e9rale Cyclotourisme 2026 - Ch\u00e2teau-Gontier sur Mayenne","description":"Organisation g\u00e9n\u00e9rale Les c\u00e9r\u00e9monies d'ouverture et de cl\u00f4ture La remise des dossiers Informations d\u2019inscription COSFIC 2026 - Cyclo Club Pays de Ch\u00e2teau-Gontie"},"footnotes":""},"class_list":["post-74","page","type-page","status-publish","hentry"],"_links":{"self":[{"href":"https:\/\/semaine-federale.ffvelo.fr\/2026\/wp-json\/wp\/v2\/pages\/74","targetHints":{"allow":["GET"]}}],"collection":[{"href":"https:\/\/semaine-federale.ffvelo.fr\/2026\/wp-json\/wp\/v2\/pages"}],"about":[{"href":"https:\/\/semaine-federale.ffvelo.fr\/2026\/wp-json\/wp\/v2\/types\/page"}],"author":[{"embeddable":true,"href":"https:\/\/semaine-federale.ffvelo.fr\/2026\/wp-json\/wp\/v2\/users\/2"}],"replies":[{"embeddable":true,"href":"https:\/\/semaine-federale.ffvelo.fr\/2026\/wp-json\/wp\/v2\/comments?post=74"}],"version-history":[{"count":10,"href":"https:\/\/semaine-federale.ffvelo.fr\/2026\/wp-json\/wp\/v2\/pages\/74\/revisions"}],"predecessor-version":[{"id":1692,"href":"https:\/\/semaine-federale.ffvelo.fr\/2026\/wp-json\/wp\/v2\/pages\/74\/revisions\/1692"}],"wp:attachment":[{"href":"https:\/\/semaine-federale.ffvelo.fr\/2026\/wp-json\/wp\/v2\/media?parent=74"}],"curies":[{"name":"wp","href":"https:\/\/api.w.org\/{rel}","templated":true}]}}