{"id":80,"date":"2025-07-31T17:04:08","date_gmt":"2025-07-31T15:04:08","guid":{"rendered":"https:\/\/semaine-federale.ffvelo.fr\/2026-prod\/?page_id=80"},"modified":"2026-01-29T12:23:23","modified_gmt":"2026-01-29T11:23:23","slug":"contact","status":"publish","type":"page","link":"https:\/\/semaine-federale.ffvelo.fr\/2026\/contact\/","title":{"rendered":"Contact"},"content":{"rendered":"\n<div class=\"wp-block-cover alignfull is-light is-style-block-cover-contain wp-elements-5623521620e7f265fb669cdc0f068cc0 is-style-block-cover-contain--1\" style=\"margin-bottom:var(--wp--preset--spacing--50);padding-top:var(--wp--preset--spacing--70);padding-bottom:var(--wp--preset--spacing--70)\"><img decoding=\"async\" class=\"wp-block-cover__image-background size-full\" alt=\"\" src=\"https:\/\/semaine-federale.ffvelo.fr\/2026-prod\/wp-content\/themes\/theme\/assets\/images\/banner-hero.webp\" data-object-fit=\"cover\" \/><span aria-hidden=\"true\" class=\"wp-block-cover__background has-background-dim-0 has-background-dim\"><\/span><div class=\"wp-block-cover__inner-container has-global-padding is-layout-constrained wp-block-cover-is-layout-constrained\">\n<div class=\"wp-block-group alignfull has-global-padding is-layout-constrained wp-block-group-is-layout-constrained\" style=\"padding-bottom:var(--wp--preset--spacing--40)\"><h1 class=\"has-text-align-center wp-block-post-title\">Contact<\/h1><\/div>\n<\/div><\/div>\n\n\n\n<div class=\"wp-block-columns is-layout-flex wp-container-core-columns-is-layout-b6100464 wp-block-columns-is-layout-flex\">\n<div class=\"wp-block-column is-layout-flow wp-block-column-is-layout-flow\" style=\"flex-basis:50%\">\n<figure class=\"wp-block-image size-large\"><img loading=\"lazy\" decoding=\"async\" width=\"768\" height=\"1024\" src=\"https:\/\/semaine-federale.ffvelo.fr\/2026-prod\/wp-content\/uploads\/sites\/3\/2025\/07\/photo-chateau-gontier-rue-768x1024.webp\" alt=\"Photo chateau gontier rue\" class=\"wp-image-52\" srcset=\"https:\/\/semaine-federale.ffvelo.fr\/2026\/wp-content\/uploads\/sites\/3\/2025\/07\/photo-chateau-gontier-rue-768x1024.webp 768w, https:\/\/semaine-federale.ffvelo.fr\/2026\/wp-content\/uploads\/sites\/3\/2025\/07\/photo-chateau-gontier-rue-225x300.webp 225w, https:\/\/semaine-federale.ffvelo.fr\/2026\/wp-content\/uploads\/sites\/3\/2025\/07\/photo-chateau-gontier-rue-1152x1536.webp 1152w, https:\/\/semaine-federale.ffvelo.fr\/2026\/wp-content\/uploads\/sites\/3\/2025\/07\/photo-chateau-gontier-rue.webp 1200w\" sizes=\"auto, (max-width: 768px) 100vw, 768px\" \/><\/figure>\n<\/div>\n\n\n\n<div class=\"wp-block-column is-layout-flow wp-block-column-is-layout-flow\" style=\"flex-basis:50%\">\n<h2 class=\"wp-block-heading\">Contactez-nous<\/h2>\n\n\n\n<p>Vous avez besoin d\u2019aide ? Besoin d\u2019informations pour pr\u00e9parer votre s\u00e9jour ? Notre \u00e9quipe vous r\u00e9pond le plus rapidement possible.<\/p>\n\n\n\n<div class=\"wp-block-contact-form-7-contact-form-selector\">\n<div class=\"wpcf7 no-js\" id=\"wpcf7-f73-o1\" lang=\"fr-FR\" dir=\"ltr\" data-wpcf7-id=\"73\">\n<div class=\"screen-reader-response\"><p role=\"status\" aria-live=\"polite\" aria-atomic=\"true\"><\/p> <ul><\/ul><\/div>\n<form action=\"\/2026\/wp-json\/wp\/v2\/pages\/80#wpcf7-f73-o1\" method=\"post\" class=\"wpcf7-form init wpcf7-acceptance-as-validation\" aria-label=\"Formulaire de contact\" novalidate=\"novalidate\" data-status=\"init\">\n<fieldset class=\"hidden-fields-container\"><input type=\"hidden\" name=\"_wpcf7\" value=\"73\" \/><input type=\"hidden\" name=\"_wpcf7_version\" value=\"6.1.5\" \/><input type=\"hidden\" name=\"_wpcf7_locale\" value=\"fr_FR\" \/><input type=\"hidden\" name=\"_wpcf7_unit_tag\" value=\"wpcf7-f73-o1\" \/><input type=\"hidden\" name=\"_wpcf7_container_post\" value=\"0\" \/><input type=\"hidden\" name=\"_wpcf7_posted_data_hash\" value=\"\" \/>\n<\/fieldset>\n<label>\n    <span>Objet<\/span>\n    <span class=\"wpcf7-form-control-wrap\" data-name=\"subject\"><input size=\"40\" maxlength=\"400\" class=\"wpcf7-form-control wpcf7-text wpcf7-validates-as-required\" aria-required=\"true\" aria-invalid=\"false\" value=\"\" type=\"text\" name=\"subject\" \/><\/span>\n<\/label>\n\n<fieldset>\n    <legend class=\"screen-reader-text\">Identit\u00e9<\/legend>\n    <label>\n        <span>Pr\u00e9nom<\/span>\n        <span class=\"wpcf7-form-control-wrap\" data-name=\"first-name\"><input size=\"40\" maxlength=\"400\" class=\"wpcf7-form-control wpcf7-text wpcf7-validates-as-required\" autocomplete=\"given-name\" aria-required=\"true\" aria-invalid=\"false\" value=\"\" type=\"text\" name=\"first-name\" \/><\/span>\n    <\/label>\n    <label>\n        <span>Nom<\/span>\n        <span class=\"wpcf7-form-control-wrap\" data-name=\"last-name\"><input size=\"40\" maxlength=\"400\" class=\"wpcf7-form-control wpcf7-text wpcf7-validates-as-required\" autocomplete=\"last-name\" aria-required=\"true\" aria-invalid=\"false\" value=\"\" type=\"text\" name=\"last-name\" \/><\/span>\n    <\/label>\n<\/fieldset>\n\n<label>\n    <span>Num\u00e9ro de t\u00e9l\u00e9phone<\/span>\n    <span class=\"wpcf7-form-control-wrap\" data-name=\"phone\"><input size=\"40\" maxlength=\"400\" class=\"wpcf7-form-control wpcf7-tel wpcf7-validates-as-required wpcf7-text wpcf7-validates-as-tel\" autocomplete=\"tel\" aria-required=\"true\" aria-invalid=\"false\" value=\"\" type=\"tel\" name=\"phone\" \/><\/span>\n<\/label>\n\n<label>\n    <span>Adresse mail<\/span>\n    <span class=\"wpcf7-form-control-wrap\" data-name=\"email\"><input size=\"40\" maxlength=\"400\" class=\"wpcf7-form-control wpcf7-email wpcf7-validates-as-required wpcf7-text wpcf7-validates-as-email\" autocomplete=\"email\" aria-required=\"true\" aria-invalid=\"false\" value=\"\" type=\"email\" name=\"email\" \/><\/span>\n<\/label>\n\n<label>\n    <span>Votre message<\/span>\n    <span class=\"wpcf7-form-control-wrap\" data-name=\"message\"><textarea cols=\"40\" rows=\"5\" maxlength=\"2000\" class=\"wpcf7-form-control wpcf7-textarea wpcf7-validates-as-required\" aria-required=\"true\" aria-invalid=\"false\" name=\"message\"><\/textarea><\/span>\n<\/label>\n\n<span class=\"wpcf7-form-control-wrap\" data-name=\"acceptance\"><span class=\"wpcf7-form-control wpcf7-acceptance\"><span class=\"wpcf7-list-item\"><label><input type=\"checkbox\" name=\"acceptance\" value=\"1\" aria-invalid=\"false\" \/><span class=\"wpcf7-list-item-label\">En soumettant ce formulaire, j'accepte que les informations saisies soient trait\u00e9es pour r\u00e9pondre \u00e0 ma demande d'information et \u00e0 la relation commerciale qui pourrait en d\u00e9couler.<\/span><\/label><\/span><\/span><\/span><span class=\"wpcf7-form-control-wrap\" data-name=\"eashpc_website_url\" data-js=\"false\"><input name=\"eashpc_website_url\" class=\"wpcf7-form-control wpcf7-text eashpc_website_url\" type=\"url\" value=\"\" autocomplete=\"off\" tabindex=\"-1\" aria-invalid=\"false\" size=\"40\"  \/><\/span>\n\n<div class=\"wp-block-button\">\n    <button type=\"submit\" class=\"wpcf7-form-control wpcf7-submit has-spinner wp-block-button__link has-primary-background-color\" >Envoyer mon message<\/button>\n<\/div><span class=\"wpcf7-form-control-wrap\" data-name=\"eastimestamp\"><input name=\"eastimestamp\" class=\"eastimestamp\" type=\"hidden\" value=\"093dd572dddb2e8eb02af024517df89756e465c67e4c77250bc76b9aebf2d7bcd3c1081dd30b470456d8aef603dd29d6abe4e6c14203ceb0a2b0108e0979c8488c2eea48d5aa101e78553a12790cb1e988bd4b7693336c4360415e307b473b9845cbc2595ed8e7d54f33375408226ce570fbbd67470c07ad491140130efbef0f\" autocomplete=\"off\" tabindex=\"-1\"  \/><\/span><input name=\"easacceptance\" id=\"easacceptance\" type=\"hidden\" value=\"\" autocomplete=\"off\" tabindex=\"-1\"  \/><noscript style=\"color:red;text-align:center;display:block;font-weight:bold;line-height:1.2;padding:15px 0;\">This contact form will not function without javascript enabled. Please enable javascript on your browser.<\/noscript><div class=\"eas-ajax-url\" data-ajax-load=\"1\" data-ajax-url=\"https:\/\/semaine-federale.ffvelo.fr\/2026\/wp-admin\/admin-ajax.php\"><\/div><div class=\"wpcf7-response-output\" aria-hidden=\"true\"><\/div>\n<\/form>\n<\/div>\n<\/div>\n<\/div>\n<\/div>\n\n\n\n<div class=\"wp-block-group alignfull is-style-section-group-colorful has-blue-light-background-color has-background has-global-padding is-layout-constrained wp-block-group-is-layout-constrained is-style-section-group-colorful--2\">\n<div class=\"wp-block-columns is-layout-flex wp-container-core-columns-is-layout-f5a44f5b wp-block-columns-is-layout-flex\">\n<div class=\"wp-block-column is-layout-flow wp-block-column-is-layout-flow\">\n<h2 class=\"wp-block-heading has-x-large-font-size\">Comment nous contacter ?<\/h2>\n\n\n\n<p><strong>Mail<\/strong> Inscriptions : <a href=\"mailto:sf2026.info@ffvelo.fr\">sf2026.inscriptions@ffvelo.fr<\/a><\/p>\n\n\n\n<p>Mail <strong>H\u00e9bergement <\/strong>: \u00a0<a href=\"mailto:sf2026.hebergement@ffvelo.fr\">sf2026.hebergement@ffvelo.fr<\/a><\/p>\n\n\n\n<p><strong>Mail<\/strong> infos : <a href=\"mailto:sf2026.info@ffvelo.fr\">sf2026.info@ffvelo.fr<\/a><\/p>\n\n\n\n<p><strong>Adresse<\/strong> courrier : 48 rue de la Lib\u00e9ration, 53200 Ch\u00e2teau-Gontier sur Mayenne<\/p>\n<\/div>\n\n\n\n<div class=\"wp-block-column is-layout-flow wp-block-column-is-layout-flow\">\n<h2 class=\"wp-block-heading has-x-large-font-size\">Suivez-nous sur les r\u00e9seaux :<\/h2>\n\n\n\n<ul class=\"wp-block-social-links has-large-icon-size has-icon-color is-style-logos-only is-layout-flex wp-container-core-social-links-is-layout-5459b461 wp-block-social-links-is-layout-flex\"><li style=\"color:#ffffff;\" class=\"wp-social-link wp-social-link-instagram has-white-color wp-block-social-link\"><a rel=\"noopener nofollow\" target=\"_blank\" href=\"https:\/\/www.instagram.com\/festival.cyclotourisme\/\" class=\"wp-block-social-link-anchor\"><svg width=\"24\" height=\"24\" viewBox=\"0 0 24 24\" version=\"1.1\" xmlns=\"http:\/\/www.w3.org\/2000\/svg\" aria-hidden=\"true\" focusable=\"false\"><path d=\"M12,4.622c2.403,0,2.688,0.009,3.637,0.052c0.877,0.04,1.354,0.187,1.671,0.31c0.42,0.163,0.72,0.358,1.035,0.673 c0.315,0.315,0.51,0.615,0.673,1.035c0.123,0.317,0.27,0.794,0.31,1.671c0.043,0.949,0.052,1.234,0.052,3.637 s-0.009,2.688-0.052,3.637c-0.04,0.877-0.187,1.354-0.31,1.671c-0.163,0.42-0.358,0.72-0.673,1.035 c-0.315,0.315-0.615,0.51-1.035,0.673c-0.317,0.123-0.794,0.27-1.671,0.31c-0.949,0.043-1.233,0.052-3.637,0.052 s-2.688-0.009-3.637-0.052c-0.877-0.04-1.354-0.187-1.671-0.31c-0.42-0.163-0.72-0.358-1.035-0.673 c-0.315-0.315-0.51-0.615-0.673-1.035c-0.123-0.317-0.27-0.794-0.31-1.671C4.631,14.688,4.622,14.403,4.622,12 s0.009-2.688,0.052-3.637c0.04-0.877,0.187-1.354,0.31-1.671c0.163-0.42,0.358-0.72,0.673-1.035 c0.315-0.315,0.615-0.51,1.035-0.673c0.317-0.123,0.794-0.27,1.671-0.31C9.312,4.631,9.597,4.622,12,4.622 M12,3 C9.556,3,9.249,3.01,8.289,3.054C7.331,3.098,6.677,3.25,6.105,3.472C5.513,3.702,5.011,4.01,4.511,4.511 c-0.5,0.5-0.808,1.002-1.038,1.594C3.25,6.677,3.098,7.331,3.054,8.289C3.01,9.249,3,9.556,3,12c0,2.444,0.01,2.751,0.054,3.711 c0.044,0.958,0.196,1.612,0.418,2.185c0.23,0.592,0.538,1.094,1.038,1.594c0.5,0.5,1.002,0.808,1.594,1.038 c0.572,0.222,1.227,0.375,2.185,0.418C9.249,20.99,9.556,21,12,21s2.751-0.01,3.711-0.054c0.958-0.044,1.612-0.196,2.185-0.418 c0.592-0.23,1.094-0.538,1.594-1.038c0.5-0.5,0.808-1.002,1.038-1.594c0.222-0.572,0.375-1.227,0.418-2.185 C20.99,14.751,21,14.444,21,12s-0.01-2.751-0.054-3.711c-0.044-0.958-0.196-1.612-0.418-2.185c-0.23-0.592-0.538-1.094-1.038-1.594 c-0.5-0.5-1.002-0.808-1.594-1.038c-0.572-0.222-1.227-0.375-2.185-0.418C14.751,3.01,14.444,3,12,3L12,3z M12,7.378 c-2.552,0-4.622,2.069-4.622,4.622S9.448,16.622,12,16.622s4.622-2.069,4.622-4.622S14.552,7.378,12,7.378z M12,15 c-1.657,0-3-1.343-3-3s1.343-3,3-3s3,1.343,3,3S13.657,15,12,15z M16.804,6.116c-0.596,0-1.08,0.484-1.08,1.08 s0.484,1.08,1.08,1.08c0.596,0,1.08-0.484,1.08-1.08S17.401,6.116,16.804,6.116z\"><\/path><\/svg><span class=\"wp-block-social-link-label screen-reader-text\">Instagram<\/span><\/a><\/li>\n\n<li style=\"color:#ffffff;\" class=\"wp-social-link wp-social-link-facebook has-white-color wp-block-social-link\"><a rel=\"noopener nofollow\" target=\"_blank\" href=\"https:\/\/www.facebook.com\/festivalinternationalcyclotourisme\" class=\"wp-block-social-link-anchor\"><svg width=\"24\" height=\"24\" viewBox=\"0 0 24 24\" version=\"1.1\" xmlns=\"http:\/\/www.w3.org\/2000\/svg\" aria-hidden=\"true\" focusable=\"false\"><path d=\"M12 2C6.5 2 2 6.5 2 12c0 5 3.7 9.1 8.4 9.9v-7H7.9V12h2.5V9.8c0-2.5 1.5-3.9 3.8-3.9 1.1 0 2.2.2 2.2.2v2.5h-1.3c-1.2 0-1.6.8-1.6 1.6V12h2.8l-.4 2.9h-2.3v7C18.3 21.1 22 17 22 12c0-5.5-4.5-10-10-10z\"><\/path><\/svg><span class=\"wp-block-social-link-label screen-reader-text\">Facebook<\/span><\/a><\/li><\/ul>\n<\/div>\n<\/div>\n<\/div>\n\n\n\n<div class=\"wp-block-group has-global-padding is-layout-constrained wp-block-group-is-layout-constrained\">\n<h2 class=\"wp-block-heading has-text-align-center\" style=\"margin-bottom:var(--wp--preset--spacing--50)\">Questions fr\u00e9quemment pos\u00e9es<\/h2>\n\n\n\n<details class=\"wp-block-details is-style-block-details-faq is-layout-flow wp-block-details-is-layout-flow is-style-block-details-faq--3\"><summary>Qu\u2019est-ce que la Semaine f\u00e9d\u00e9rale ?<\/summary>\n<p>Un \u00e9v\u00e9nement organis\u00e9 par la FFCT, non comp\u00e9titif, durant la premi\u00e8re semaine d\u2019ao\u00fbt, proposant des circuits quotidiens pour d\u00e9couvrir la r\u00e9gion \u00e0 v\u00e9lo (route, VTT, gravel).<\/p>\n<\/details>\n\n\n\n<details class=\"wp-block-details is-style-block-details-faq is-layout-flow wp-block-details-is-layout-flow is-style-block-details-faq--4\"><summary>Quand et o\u00f9 a lieu cet \u00e9v\u00e9nement ?<\/summary>\n<p>Il se tiendra du 2 au 9 ao\u00fbt 2026 \u00e0 Ch\u00e2teau-Gontier sur Mayenne.<\/p>\n<\/details>\n\n\n\n<details class=\"wp-block-details is-style-block-details-faq is-layout-flow wp-block-details-is-layout-flow is-style-block-details-faq--5\"><summary>Qui peut participer ?<\/summary>\n<p>Cette Semaine F\u00e9d\u00e9rale est ouverte \u00e0 tous : licenci\u00e9s ou non de la FFCT (F\u00e9d\u00e9ration Fran\u00e7aise de Cyclotourisme), tous \u00e2ges, tous niveaux. Environ 8 000 \u00e0 10 000 participants sont attendus.<\/p>\n<\/details>\n\n\n\n<details class=\"wp-block-details is-style-block-details-faq is-layout-flow wp-block-details-is-layout-flow is-style-block-details-faq--6\"><summary>Quels parcours&nbsp; sont propos\u00e9s ?<\/summary>\n<ul class=\"wp-block-list\">\n<li>Circuits route, VTT et gravel quotidiens, adapt\u00e9s \u00e0 plusieurs niveaux.<\/li>\n<\/ul>\n\n\n\n<ul class=\"wp-block-list\">\n<li>Plusieurs boucles par jour.<\/li>\n<\/ul>\n\n\n\n<ul class=\"wp-block-list\">\n<li>Le jeudi, journ\u00e9e sp\u00e9ciale pique-nique et d\u00e9couverte locale.<\/li>\n<\/ul>\n\n\n\n<ul class=\"wp-block-list\">\n<li>Randonn\u00e9es p\u00e9destres et cyclo-d\u00e9couvertes possibles.<\/li>\n<\/ul>\n<\/details>\n\n\n\n<details class=\"wp-block-details is-style-block-details-faq is-layout-flow wp-block-details-is-layout-flow is-style-block-details-faq--7\"><summary>Comment s\u2019inscrire ?<\/summary>\n<p>Vous pourrez vous inscrire en ligne (ouverture estim\u00e9e d\u00e9but 2026). Il sera possible de s\u2019inscrire \u00e0 la journ\u00e9e et des cartes d\u00e9couverte seront propos\u00e9es aux non-licenci\u00e9s FFCT.<\/p>\n<\/details>\n\n\n\n<div class=\"wp-block-buttons is-content-justification-center is-layout-flex wp-container-core-buttons-is-layout-a89b3969 wp-block-buttons-is-layout-flex\">\n<div class=\"wp-block-button\"><a class=\"wp-block-button__link wp-element-button\" href=\"https:\/\/semaine-federale.ffvelo.fr\/2026\/foire-aux-questions\/\">D\u00e9couvrir toute la FAQ<\/a><\/div>\n<\/div>\n<\/div>\n","protected":false},"excerpt":{"rendered":"<p>Contactez-nous Vous avez besoin d\u2019aide ? Besoin d\u2019informations pour pr\u00e9parer votre s\u00e9jour ? Notre \u00e9quipe vous r\u00e9pond le plus rapidement possible. Comment nous contacter ? Mail Inscriptions : sf2026.inscriptions@ffvelo.fr Mail H\u00e9bergement : \u00a0sf2026.hebergement@ffvelo.fr Mail infos : sf2026.info@ffvelo.fr Adresse courrier : 48 rue de la Lib\u00e9ration, 53200 Ch\u00e2teau-Gontier sur Mayenne Suivez-nous sur les r\u00e9seaux :<\/p>\n","protected":false},"author":2,"featured_media":0,"parent":0,"menu_order":860,"comment_status":"closed","ping_status":"closed","template":"","meta":{"slim_seo":{"title":"Contact - Semaine F\u00e9d\u00e9rale Cyclotourisme 2026 - Ch\u00e2teau-Gontier sur Mayenne","description":"Contactez-nous Vous avez besoin d\u2019aide ? Besoin d\u2019informations pour pr\u00e9parer votre s\u00e9jour ? Notre \u00e9quipe vous r\u00e9pond le plus rapidement possible. Comment nous c"},"footnotes":""},"class_list":["post-80","page","type-page","status-publish","hentry"],"_links":{"self":[{"href":"https:\/\/semaine-federale.ffvelo.fr\/2026\/wp-json\/wp\/v2\/pages\/80","targetHints":{"allow":["GET"]}}],"collection":[{"href":"https:\/\/semaine-federale.ffvelo.fr\/2026\/wp-json\/wp\/v2\/pages"}],"about":[{"href":"https:\/\/semaine-federale.ffvelo.fr\/2026\/wp-json\/wp\/v2\/types\/page"}],"author":[{"embeddable":true,"href":"https:\/\/semaine-federale.ffvelo.fr\/2026\/wp-json\/wp\/v2\/users\/2"}],"replies":[{"embeddable":true,"href":"https:\/\/semaine-federale.ffvelo.fr\/2026\/wp-json\/wp\/v2\/comments?post=80"}],"version-history":[{"count":5,"href":"https:\/\/semaine-federale.ffvelo.fr\/2026\/wp-json\/wp\/v2\/pages\/80\/revisions"}],"predecessor-version":[{"id":1543,"href":"https:\/\/semaine-federale.ffvelo.fr\/2026\/wp-json\/wp\/v2\/pages\/80\/revisions\/1543"}],"wp:attachment":[{"href":"https:\/\/semaine-federale.ffvelo.fr\/2026\/wp-json\/wp\/v2\/media?parent=80"}],"curies":[{"name":"wp","href":"https:\/\/api.w.org\/{rel}","templated":true}]}}