{"id":97,"date":"2025-07-31T17:29:53","date_gmt":"2025-07-31T15:29:53","guid":{"rendered":"https:\/\/semaine-federale.ffvelo.fr\/2026-prod\/?page_id=97"},"modified":"2025-08-01T17:35:31","modified_gmt":"2025-08-01T15:35:31","slug":"plan-du-site-internet","status":"publish","type":"page","link":"https:\/\/semaine-federale.ffvelo.fr\/2026\/plan-du-site-internet\/","title":{"rendered":"Plan du site internet"},"content":{"rendered":"\n<div class=\"wp-block-cover alignfull is-light is-style-block-cover-contain wp-elements-81e8ca82dc126c467e993e1e992a59f7 is-style-block-cover-contain--1\" style=\"margin-bottom:var(--wp--preset--spacing--50);padding-top:var(--wp--preset--spacing--70);padding-bottom:var(--wp--preset--spacing--70)\"><img decoding=\"async\" class=\"wp-block-cover__image-background size-full\" alt=\"\" src=\"https:\/\/semaine-federale.ffvelo.fr\/2026-prod\/wp-content\/themes\/theme\/assets\/images\/banner-hero.webp\" data-object-fit=\"cover\"\/><span aria-hidden=\"true\" class=\"wp-block-cover__background has-background-dim-0 has-background-dim\"><\/span><div class=\"wp-block-cover__inner-container has-global-padding is-layout-constrained wp-block-cover-is-layout-constrained\">\n<div class=\"wp-block-group alignfull has-global-padding is-layout-constrained wp-block-group-is-layout-constrained\" style=\"padding-bottom:var(--wp--preset--spacing--40)\"><h1 class=\"has-text-align-center wp-block-post-title\">Plan du site internet<\/h1><\/div>\n<\/div><\/div>\n\n\n<ul class=\"wp-block-page-list\"><li class=\"wp-block-pages-list__item menu-item-home\"><a class=\"wp-block-pages-list__item__link\" href=\"https:\/\/semaine-federale.ffvelo.fr\/2026\/\">Festival international de cyclotourisme<\/a><\/li><li class=\"wp-block-pages-list__item\"><a class=\"wp-block-pages-list__item__link\" href=\"https:\/\/semaine-federale.ffvelo.fr\/2026\/contact-presse\/\">Contact presse<\/a><\/li><li class=\"wp-block-pages-list__item has-child\"><a class=\"wp-block-pages-list__item__link\" href=\"https:\/\/semaine-federale.ffvelo.fr\/2026\/le-programme\/\">Le programme<\/a><ul class=\"wp-block-navigation__submenu-container\"><li class=\"wp-block-pages-list__item \"><a class=\"wp-block-pages-list__item__link\" href=\"https:\/\/semaine-federale.ffvelo.fr\/2026\/le-programme\/cyclo-decouvertes\/\">Cyclo-d\u00e9couvertes<\/a><\/li><li class=\"wp-block-pages-list__item \"><a class=\"wp-block-pages-list__item__link\" href=\"https:\/\/semaine-federale.ffvelo.fr\/2026\/le-programme\/excursions\/\">Excursions<\/a><\/li><li class=\"wp-block-pages-list__item has-child \"><a class=\"wp-block-pages-list__item__link\" href=\"https:\/\/semaine-federale.ffvelo.fr\/2026\/le-programme\/les-parcours\/\">Les parcours<\/a><ul class=\"wp-block-navigation__submenu-container\"><li class=\"wp-block-pages-list__item \"><a class=\"wp-block-pages-list__item__link\" href=\"https:\/\/semaine-federale.ffvelo.fr\/2026\/le-programme\/les-parcours\/ceremonie-douverture\/\">C\u00e9r\u00e9monie d&rsquo;ouverture<\/a><\/li><li class=\"wp-block-pages-list__item \"><a class=\"wp-block-pages-list__item__link\" href=\"https:\/\/semaine-federale.ffvelo.fr\/2026\/le-programme\/les-parcours\/ecluses-et-pays-de-laval-dimanche-2-aout\/\">\u00c9cluses et Pays de Laval &#8211; Dimanche 2 ao\u00fbt<\/a><\/li><li class=\"wp-block-pages-list__item \"><a class=\"wp-block-pages-list__item__link\" href=\"https:\/\/semaine-federale.ffvelo.fr\/2026\/le-programme\/les-parcours\/vers-la-vallee-de-la-sarthe-lundi-3-aout\/\">Vers la vall\u00e9e de la Sarthe &#8211; Lundi 3 ao\u00fbt<\/a><\/li><li class=\"wp-block-pages-list__item \"><a class=\"wp-block-pages-list__item__link\" href=\"https:\/\/semaine-federale.ffvelo.fr\/2026\/le-programme\/les-parcours\/vers-lanjou-bleu-mardi-4-aout\/\">Vers l&rsquo;Anjou Bleu &#8211; Mardi 4 ao\u00fbt<\/a><\/li><li class=\"wp-block-pages-list__item \"><a class=\"wp-block-pages-list__item__link\" href=\"https:\/\/semaine-federale.ffvelo.fr\/2026\/le-programme\/les-parcours\/grottes-et-cites-medievales-mercredi-5-aout\/\">Grottes et cit\u00e9s m\u00e9di\u00e9vales &#8211; Mercredi 5 ao\u00fbt<\/a><\/li><li class=\"wp-block-pages-list__item \"><a class=\"wp-block-pages-list__item__link\" href=\"https:\/\/semaine-federale.ffvelo.fr\/2026\/le-programme\/les-parcours\/pique-nique-cyclo-festif-jeudi-6-aout\/\">Pique-nique cyclo festif &#8211; Jeudi 6 ao\u00fbt<\/a><\/li><li class=\"wp-block-pages-list__item \"><a class=\"wp-block-pages-list__item__link\" href=\"https:\/\/semaine-federale.ffvelo.fr\/2026\/le-programme\/les-parcours\/velo-francette-chateaux-et-vergers-vendredi-7-aout\/\">V\u00e9lo Francette\u00ae Ch\u00e2teaux et Vergers &#8211; Vendredi 7 ao\u00fbt<\/a><\/li><li class=\"wp-block-pages-list__item \"><a class=\"wp-block-pages-list__item__link\" href=\"https:\/\/semaine-federale.ffvelo.fr\/2026\/le-programme\/les-parcours\/la-haute-mayenne-et-ses-toiles-samedi-8-aout\/\">La Haute Mayenne &#8211; Samedi 8 ao\u00fbt<\/a><\/li><li class=\"wp-block-pages-list__item \"><a class=\"wp-block-pages-list__item__link\" href=\"https:\/\/semaine-federale.ffvelo.fr\/2026\/le-programme\/les-parcours\/ceremonie-de-cloture\/\">C\u00e9r\u00e9monie de cl\u00f4ture<\/a><\/li><\/ul><\/li><li class=\"wp-block-pages-list__item \"><a class=\"wp-block-pages-list__item__link\" href=\"https:\/\/semaine-federale.ffvelo.fr\/2026\/le-programme\/randonnees\/\">Randonn\u00e9es<\/a><\/li><\/ul><\/li><li class=\"wp-block-pages-list__item\"><a class=\"wp-block-pages-list__item__link\" href=\"https:\/\/semaine-federale.ffvelo.fr\/2026\/mentions-legales\/\">Mentions l\u00e9gales<\/a><\/li><li class=\"wp-block-pages-list__item\"><a class=\"wp-block-pages-list__item__link\" href=\"https:\/\/semaine-federale.ffvelo.fr\/2026\/nos-partenaires\/\">Nos partenaires<\/a><\/li><li class=\"wp-block-pages-list__item\"><a class=\"wp-block-pages-list__item__link\" href=\"https:\/\/semaine-federale.ffvelo.fr\/2026\/politique-de-confidentialite\/\">Politique de confidentialit\u00e9<\/a><\/li><li class=\"wp-block-pages-list__item has-child\"><a class=\"wp-block-pages-list__item__link\" href=\"https:\/\/semaine-federale.ffvelo.fr\/2026\/se-divertir\/\">Se divertir<\/a><ul class=\"wp-block-navigation__submenu-container\"><li class=\"wp-block-pages-list__item \"><a class=\"wp-block-pages-list__item__link\" href=\"https:\/\/semaine-federale.ffvelo.fr\/2026\/se-divertir\/folklore-local\/\">Folklore local<\/a><\/li><li class=\"wp-block-pages-list__item \"><a class=\"wp-block-pages-list__item__link\" href=\"https:\/\/semaine-federale.ffvelo.fr\/2026\/se-divertir\/le-village-federal\/\">Le village et le camping f\u00e9d\u00e9ral<\/a><\/li><li class=\"wp-block-pages-list__item \"><a class=\"wp-block-pages-list__item__link\" href=\"https:\/\/semaine-federale.ffvelo.fr\/2026\/se-divertir\/special-jeunes\/\">Sp\u00e9cial jeunes<\/a><\/li><\/ul><\/li><li class=\"wp-block-pages-list__item\"><a class=\"wp-block-pages-list__item__link\" href=\"https:\/\/semaine-federale.ffvelo.fr\/2026\/se-loger\/\">Se loger<\/a><\/li><li class=\"wp-block-pages-list__item\"><a class=\"wp-block-pages-list__item__link\" href=\"https:\/\/semaine-federale.ffvelo.fr\/2026\/le-blog-du-festival\/\">Le blog du festival<\/a><\/li><li class=\"wp-block-pages-list__item has-child\"><a class=\"wp-block-pages-list__item__link\" href=\"https:\/\/semaine-federale.ffvelo.fr\/2026\/organisation\/\">Le club et son territoire<\/a><ul class=\"wp-block-navigation__submenu-container\"><li class=\"wp-block-pages-list__item \"><a class=\"wp-block-pages-list__item__link\" href=\"https:\/\/semaine-federale.ffvelo.fr\/2026\/organisation\/le-cyclo-club-du-pays-de-chateau-gontier\/\">Le Cyclo Club du Pays de Ch\u00e2teau-Gontier<\/a><\/li><li class=\"wp-block-pages-list__item \"><a class=\"wp-block-pages-list__item__link\" href=\"https:\/\/semaine-federale.ffvelo.fr\/2026\/organisation\/les-mots-des-elus\/\">Les mots des \u00e9lus<\/a><\/li><\/ul><\/li><li class=\"wp-block-pages-list__item\"><a class=\"wp-block-pages-list__item__link\" href=\"https:\/\/semaine-federale.ffvelo.fr\/2026\/informations-pratiques\/\">Informations pratiques<\/a><\/li><li class=\"wp-block-pages-list__item\"><a class=\"wp-block-pages-list__item__link\" href=\"https:\/\/semaine-federale.ffvelo.fr\/2026\/foire-aux-questions\/\">Foire aux questions<\/a><\/li><li class=\"wp-block-pages-list__item\"><a class=\"wp-block-pages-list__item__link\" href=\"https:\/\/semaine-federale.ffvelo.fr\/2026\/contact\/\">Contact<\/a><\/li><li class=\"wp-block-pages-list__item\"><a class=\"wp-block-pages-list__item__link\" href=\"https:\/\/semaine-federale.ffvelo.fr\/2026\/plan-du-site-internet\/\">Plan du site internet<\/a><\/li><\/ul>","protected":false},"excerpt":{"rendered":"","protected":false},"author":2,"featured_media":0,"parent":0,"menu_order":860,"comment_status":"closed","ping_status":"closed","template":"","meta":{"slim_seo":{"title":"Plan du site internet - Semaine F\u00e9d\u00e9rale Cyclotourisme 2026 - Ch\u00e2teau-Gontier sur Mayenne","description":""},"footnotes":""},"class_list":["post-97","page","type-page","status-publish","hentry"],"_links":{"self":[{"href":"https:\/\/semaine-federale.ffvelo.fr\/2026\/wp-json\/wp\/v2\/pages\/97","targetHints":{"allow":["GET"]}}],"collection":[{"href":"https:\/\/semaine-federale.ffvelo.fr\/2026\/wp-json\/wp\/v2\/pages"}],"about":[{"href":"https:\/\/semaine-federale.ffvelo.fr\/2026\/wp-json\/wp\/v2\/types\/page"}],"author":[{"embeddable":true,"href":"https:\/\/semaine-federale.ffvelo.fr\/2026\/wp-json\/wp\/v2\/users\/2"}],"replies":[{"embeddable":true,"href":"https:\/\/semaine-federale.ffvelo.fr\/2026\/wp-json\/wp\/v2\/comments?post=97"}],"version-history":[{"count":1,"href":"https:\/\/semaine-federale.ffvelo.fr\/2026\/wp-json\/wp\/v2\/pages\/97\/revisions"}],"predecessor-version":[{"id":98,"href":"https:\/\/semaine-federale.ffvelo.fr\/2026\/wp-json\/wp\/v2\/pages\/97\/revisions\/98"}],"wp:attachment":[{"href":"https:\/\/semaine-federale.ffvelo.fr\/2026\/wp-json\/wp\/v2\/media?parent=97"}],"curies":[{"name":"wp","href":"https:\/\/api.w.org\/{rel}","templated":true}]}}